{"id":383,"date":"2024-02-08T09:35:29","date_gmt":"2024-02-08T09:35:29","guid":{"rendered":"https:\/\/arvori.md\/?page_id=383"},"modified":"2024-02-09T14:40:16","modified_gmt":"2024-02-09T14:40:16","slug":"construieste-propriul-cos","status":"publish","type":"page","link":"https:\/\/arvori.md\/ru\/construieste-propriul-cos\/","title":{"rendered":"Construie\u0219te propriul co\u0219"},"content":{"rendered":"<div class=\"wpb-content-wrapper\"><div class=\"vc_row wpb_row vc_row-fluid\"><div class=\"wpb_column vc_column_container vc_col-sm-12 vc_hidden-lg vc_hidden-md vc_hidden-sm vc_hidden-xs wd-rs-65c638ce3489f\"><div class=\"vc_column-inner\"><div class=\"wpb_wrapper\">\n\t\t<div id=\"wd-65c4a0b7d65f3\" class=\"title-wrapper wd-wpb set-mb-s reset-last-child  wd-rs-65c4a0b7d65f3 wd-title-color-primary wd-title-style-simple text-left  wd-underline-colored\">\n\t\t\t\n\t\t\t<div class=\"liner-continer\">\n\t\t\t\t<h4 class=\"woodmart-title-container title  wd-font-weight- wd-fontsize-l\" >Construie\u0219te propriul co\u0219<\/h4>\n\t\t\t\t\t\t\t<\/div>\n\t\t\t\n\t\t\t\n\t\t\t\n\t\t<\/div>\n\t\t\n\t\t<\/div><\/div><\/div><\/div><div class=\"vc_row wpb_row vc_row-fluid wd-disable-overflow wd-rs-65c6222851572\"><div class=\"wpb_column vc_column_container vc_col-sm-12 vc_hidden-lg vc_hidden-md vc_hidden-sm vc_hidden-xs wd-rs-65c638db04a48\"><div class=\"vc_column-inner\"><div class=\"wpb_wrapper\">\n\t\t<div id=\"wd-65c4a0cbde19f\" class=\"title-wrapper wd-wpb set-mb-s reset-last-child  wd-rs-65c4a0cbde19f wd-title-color-default wd-title-style-bordered text-left  wd-underline-colored\">\n\t\t\t\n\t\t\t<div class=\"liner-continer\">\n\t\t\t\t<h4 class=\"woodmart-title-container title  wd-font-weight- wd-fontsize-m\" >Pasul 1 - Selecteaz\u0103 tipul de co\u0219 sau lad\u0103<\/h4>\n\t\t\t\t\t\t\t<\/div>\n\t\t\t\n\t\t\t\n\t\t\t\n\t\t<\/div>\n\t\t\n\t\t\n\t<div class=\"wpb_text_column wpb_content_element\" >\n\t\t<div class=\"wpb_wrapper\">\n\t\t\t<p style=\"text-align: center;\">Pentru l\u0103zile 15 cm x 30 cm capacitatea <strong>Maximum 4 articole<\/strong><\/p>\n<p style=\"text-align: center;\">Pentru l\u0103zile 30 cm x 30 cm capacitatea <strong>Maximum 7 articole<\/strong><\/p>\n<p style=\"text-align: center;\">Pentru l\u0103zile 35 cm x 30 cm capacitatea <strong>Maximum 9 articole<\/strong><\/p>\n<p style=\"text-align: center;\">Pentru l\u0103zile 45 cm x 30 cm capacitatea <strong>Maximum 11 articole<\/strong><\/p>\n\n\t\t<\/div>\n\t<\/div>\n\t\t\t<div class=\"wd-products-element wd-rs-65c4a0ef31369\">\n\t\t\t\n\t\t\n\t\t\t\t\t<div class=\"products elements-grid align-items-start row wd-products-holder  wd-spacing-20 grid-columns-4 pagination- align-items-start\" data-paged=\"1\" data-atts=\"{&quot;element_title&quot;:&quot;&quot;,&quot;post_type&quot;:&quot;product&quot;,&quot;layout&quot;:&quot;grid&quot;,&quot;include&quot;:&quot;&quot;,&quot;custom_query&quot;:&quot;&quot;,&quot;taxonomies&quot;:&quot;31&quot;,&quot;pagination&quot;:&quot;&quot;,&quot;items_per_page&quot;:12,&quot;product_hover&quot;:&quot;inherit&quot;,&quot;spacing&quot;:&quot;20&quot;,&quot;columns&quot;:4,&quot;columns_tablet&quot;:&quot;auto&quot;,&quot;columns_mobile&quot;:&quot;auto&quot;,&quot;sale_countdown&quot;:&quot;0&quot;,&quot;stretch_product_desktop&quot;:0,&quot;stretch_product_tablet&quot;:0,&quot;stretch_product_mobile&quot;:0,&quot;stock_progress_bar&quot;:&quot;0&quot;,&quot;highlighted_products&quot;:&quot;0&quot;,&quot;products_bordered_grid&quot;:&quot;0&quot;,&quot;products_bordered_grid_style&quot;:&quot;outside&quot;,&quot;products_with_background&quot;:&quot;0&quot;,&quot;products_shadow&quot;:&quot;0&quot;,&quot;products_color_scheme&quot;:&quot;default&quot;,&quot;product_quantity&quot;:0,&quot;grid_gallery&quot;:&quot;&quot;,&quot;grid_gallery_control&quot;:&quot;&quot;,&quot;grid_gallery_enable_arrows&quot;:&quot;&quot;,&quot;offset&quot;:&quot;&quot;,&quot;orderby&quot;:&quot;&quot;,&quot;query_type&quot;:&quot;OR&quot;,&quot;order&quot;:&quot;&quot;,&quot;meta_key&quot;:&quot;&quot;,&quot;exclude&quot;:&quot;&quot;,&quot;class&quot;:&quot;&quot;,&quot;ajax_page&quot;:&quot;&quot;,&quot;speed&quot;:&quot;5000&quot;,&quot;slides_per_view&quot;:&quot;4&quot;,&quot;slides_per_view_tablet&quot;:&quot;auto&quot;,&quot;slides_per_view_mobile&quot;:&quot;auto&quot;,&quot;wrap&quot;:&quot;&quot;,&quot;autoplay&quot;:&quot;no&quot;,&quot;center_mode&quot;:&quot;no&quot;,&quot;hide_pagination_control&quot;:&quot;&quot;,&quot;hide_prev_next_buttons&quot;:&quot;&quot;,&quot;scroll_per_page&quot;:&quot;yes&quot;,&quot;img_size&quot;:&quot;woocommerce_thumbnail&quot;,&quot;force_not_ajax&quot;:&quot;no&quot;,&quot;products_masonry&quot;:&quot;0&quot;,&quot;products_different_sizes&quot;:&quot;0&quot;,&quot;lazy_loading&quot;:&quot;no&quot;,&quot;scroll_carousel_init&quot;:&quot;no&quot;,&quot;el_class&quot;:&quot;&quot;,&quot;shop_tools&quot;:&quot;no&quot;,&quot;query_post_type&quot;:&quot;product&quot;,&quot;hide_out_of_stock&quot;:&quot;no&quot;,&quot;css&quot;:&quot;&quot;,&quot;woodmart_css_id&quot;:&quot;65c4a0ef31369&quot;,&quot;ajax_recently_viewed&quot;:&quot;no&quot;,&quot;is_wishlist&quot;:&quot;&quot;}\" data-source=\"shortcode\" data-columns=\"4\" data-grid-gallery=\"\">\n\t\t\t<div class=\"product-grid-item product wd-hover-standard  col-lg-3 col-md-3 col-6 first  type-product post-325 status-publish instock product_cat-ladite-din-lemn product_cat-produse-din-lemn has-post-thumbnail shipping-taxable purchasable product-type-simple\" data-loop=\"1\" data-id=\"325\">\n\t\n\t\n<div class=\"product-wrapper\">\n\t<div class=\"product-element-top wd-quick-shop\">\n\t\t<a href=\"https:\/\/arvori.md\/ru\/product\/lada-din-lemn-15-cm-x-30-cm-panglica-rosie\/\" class=\"product-image-link\">\n\t\t\t<img loading=\"lazy\" decoding=\"async\" width=\"300\" height=\"300\" src=\"https:\/\/arvori.md\/wp-content\/uploads\/2024\/02\/poza-principala-14-300x300.jpg\" class=\"attachment-woocommerce_thumbnail size-woocommerce_thumbnail\" alt=\"\" srcset=\"https:\/\/arvori.md\/wp-content\/uploads\/2024\/02\/poza-principala-14-300x300.jpg 300w, https:\/\/arvori.md\/wp-content\/uploads\/2024\/02\/poza-principala-14-150x150.jpg 150w, https:\/\/arvori.md\/wp-content\/uploads\/2024\/02\/poza-principala-14-600x600.jpg 600w, https:\/\/arvori.md\/wp-content\/uploads\/2024\/02\/poza-principala-14-1024x1024.jpg 1024w, https:\/\/arvori.md\/wp-content\/uploads\/2024\/02\/poza-principala-14-768x768.jpg 768w, https:\/\/arvori.md\/wp-content\/uploads\/2024\/02\/poza-principala-14.jpg 1500w\" sizes=\"auto, (max-width: 300px) 100vw, 300px\" \/>\t\t<\/a>\n\n\t\t\t\t\t<div class=\"hover-img\">\n\t\t\t\t<a href=\"https:\/\/arvori.md\/ru\/product\/lada-din-lemn-15-cm-x-30-cm-panglica-rosie\/\">\n\t\t\t\t\t<img loading=\"lazy\" decoding=\"async\" width=\"300\" height=\"300\" src=\"https:\/\/arvori.md\/wp-content\/uploads\/2024\/02\/lazi-13-1-300x300.jpg\" class=\"attachment-woocommerce_thumbnail size-woocommerce_thumbnail\" alt=\"\" srcset=\"https:\/\/arvori.md\/wp-content\/uploads\/2024\/02\/lazi-13-1-300x300.jpg 300w, https:\/\/arvori.md\/wp-content\/uploads\/2024\/02\/lazi-13-1-150x150.jpg 150w, https:\/\/arvori.md\/wp-content\/uploads\/2024\/02\/lazi-13-1-600x600.jpg 600w, https:\/\/arvori.md\/wp-content\/uploads\/2024\/02\/lazi-13-1-1024x1024.jpg 1024w, https:\/\/arvori.md\/wp-content\/uploads\/2024\/02\/lazi-13-1-768x768.jpg 768w, https:\/\/arvori.md\/wp-content\/uploads\/2024\/02\/lazi-13-1.jpg 1500w\" sizes=\"auto, (max-width: 300px) 100vw, 300px\" \/>\t\t\t\t<\/a>\n\t\t\t<\/div>\n\t\t\t\n\t\t<div class=\"wd-buttons wd-pos-r-t\">\n\t\t\t\t\t\t\t\t\t\t\t<div class=\"quick-view wd-action-btn wd-style-icon wd-quick-view-icon\">\n\t\t\t<a\n\t\t\t\thref=\"https:\/\/arvori.md\/ru\/product\/lada-din-lemn-15-cm-x-30-cm-panglica-rosie\/\"\n\t\t\t\tclass=\"open-quick-view quick-view-button\"\n\t\t\t\trel=\"nofollow\"\n\t\t\t\tdata-id=\"325\"\n\t\t\t\t>Quick view<\/a>\n\t\t<\/div>\n\t\t\t\t\t\t\t\t<div class=\"wd-wishlist-btn wd-action-btn wd-style-icon wd-wishlist-icon\">\n\t\t\t\t<a class=\"\" href=\"https:\/\/arvori.md\/ru\/product\/lada-din-lemn-15-cm-x-30-cm-panglica-rosie\/\" data-key=\"483d58f7e3\" data-product-id=\"325\" rel=\"nofollow\" data-added-text=\"Browse Wishlist\">\n\t\t\t\t\t<span>Add to wishlist<\/span>\n\t\t\t\t<\/a>\n\t\t\t<\/div>\n\t\t\t\t<\/div>\n\t<\/div>\n\n\t\n\t\n\t<h3 class=\"wd-entities-title\"><a href=\"https:\/\/arvori.md\/ru\/product\/lada-din-lemn-15-cm-x-30-cm-panglica-rosie\/\">\u0414\u0435\u0440\u0435\u0432\u044f\u043d\u043d\u044b\u0439 \u044f\u0449\u0438\u043a 15 \u0441\u043c \u0445 30 \u0441\u043c (\u043a\u0440\u0430\u0441\u043d\u0430\u044f \u043b\u0435\u043d\u0442\u0430)<\/a><\/h3>\n\t\t\t<div class=\"wd-product-cats\">\n\t\t\t<a href=\"https:\/\/arvori.md\/ru\/product-category\/produse-din-lemn\/\" rel=\"tag\">\u0418\u0437\u0434\u0435\u043b\u0438\u044f \u0438\u0437 \u0434\u0435\u0440\u0435\u0432\u0430<\/a>, <a href=\"https:\/\/arvori.md\/ru\/product-category\/produse-din-lemn\/ladite-din-lemn\/\" rel=\"tag\">\u0414\u0435\u0440\u0435\u0432\u044f\u043d\u043d\u044b\u0435 \u044f\u0449\u0438\u043a\u0438<\/a>\t\t<\/div>\n\t\t\t\t<div class=\"wd-product-sku\">\n\t\t\t<span class=\"wd-label\">\n\t\t\t\tSKU:\t\t\t<\/span>\n\t\t\t<span>\n\t\t\t\tL-001R\t\t\t<\/span>\n\t\t<\/div>\n\t\t\t\t\n\t\n\t<span class=\"price\"><span class=\"woocommerce-Price-amount amount\"><bdi>85&nbsp;<span class=\"woocommerce-Price-currencySymbol\">MDL<\/span><\/bdi><\/span><\/span>\n\n\t<div class=\"wd-add-btn wd-add-btn-replace\">\n\t\t\n\t\t<a href=\"\/ru\/wp-json\/wp\/v2\/pages\/383?add-to-cart=325\" data-quantity=\"1\" class=\"button product_type_simple add_to_cart_button ajax_add_to_cart add-to-cart-loop\" data-product_id=\"325\" data-product_sku=\"L-001R\" aria-label=\"\u0414\u043e\u0431\u0430\u0432\u0438\u0442\u044c \u0432 \u043a\u043e\u0440\u0437\u0438\u043d\u0443 \u201cLad\u0103 din lemn 15 cm x 30 cm (panglic\u0103 ro\u0219ie)\u201d\" rel=\"nofollow\" data-success_message=\"\u00abLad\u0103 din lemn 15 cm x 30 cm (panglic\u0103 ro\u0219ie)\u00bb \u0434\u043e\u0431\u0430\u0432\u043b\u0435\u043d \u0432 \u0432\u0430\u0448\u0443 \u043a\u043e\u0440\u0437\u0438\u043d\u0443\" role=\"button\" data-no-translation-aria-label=\"\" data-no-translation-data-success_message=\"\"><span data-no-translation=\"\" data-trp-gettext=\"\">\u0412 \u043a\u043e\u0440\u0437\u0438\u043d\u0443<\/span><\/a>\t<\/div>\n\n\t\n\t\n\t\t<\/div>\n<\/div>\n<div class=\"product-grid-item product wd-hover-standard  col-lg-3 col-md-3 col-6 type-product post-380 status-publish instock product_cat-ladite-din-lemn product_cat-produse-din-lemn has-post-thumbnail shipping-taxable purchasable product-type-simple\" data-loop=\"2\" data-id=\"380\">\n\t\n\t\n<div class=\"product-wrapper\">\n\t<div class=\"product-element-top wd-quick-shop\">\n\t\t<a href=\"https:\/\/arvori.md\/ru\/product\/lada-din-lemn-30-cm-x-45-cm-panglica-rosie-in-stil-etnic\/\" class=\"product-image-link\">\n\t\t\t<img loading=\"lazy\" decoding=\"async\" width=\"300\" height=\"300\" src=\"https:\/\/arvori.md\/wp-content\/uploads\/2024\/02\/1-300x300.jpg\" class=\"attachment-woocommerce_thumbnail size-woocommerce_thumbnail\" alt=\"\" srcset=\"https:\/\/arvori.md\/wp-content\/uploads\/2024\/02\/1-300x300.jpg 300w, https:\/\/arvori.md\/wp-content\/uploads\/2024\/02\/1-150x150.jpg 150w, https:\/\/arvori.md\/wp-content\/uploads\/2024\/02\/1-600x600.jpg 600w, https:\/\/arvori.md\/wp-content\/uploads\/2024\/02\/1-1024x1024.jpg 1024w, https:\/\/arvori.md\/wp-content\/uploads\/2024\/02\/1-768x768.jpg 768w, https:\/\/arvori.md\/wp-content\/uploads\/2024\/02\/1.jpg 1500w\" sizes=\"auto, (max-width: 300px) 100vw, 300px\" \/>\t\t<\/a>\n\n\t\t\t\t\t<div class=\"hover-img\">\n\t\t\t\t<a href=\"https:\/\/arvori.md\/ru\/product\/lada-din-lemn-30-cm-x-45-cm-panglica-rosie-in-stil-etnic\/\">\n\t\t\t\t\t<img loading=\"lazy\" decoding=\"async\" width=\"300\" height=\"300\" src=\"https:\/\/arvori.md\/wp-content\/uploads\/2024\/02\/2-300x300.jpg\" class=\"attachment-woocommerce_thumbnail size-woocommerce_thumbnail\" alt=\"\" srcset=\"https:\/\/arvori.md\/wp-content\/uploads\/2024\/02\/2-300x300.jpg 300w, https:\/\/arvori.md\/wp-content\/uploads\/2024\/02\/2-150x150.jpg 150w, https:\/\/arvori.md\/wp-content\/uploads\/2024\/02\/2-600x600.jpg 600w, https:\/\/arvori.md\/wp-content\/uploads\/2024\/02\/2-1024x1024.jpg 1024w, https:\/\/arvori.md\/wp-content\/uploads\/2024\/02\/2-768x768.jpg 768w, https:\/\/arvori.md\/wp-content\/uploads\/2024\/02\/2.jpg 1500w\" sizes=\"auto, (max-width: 300px) 100vw, 300px\" \/>\t\t\t\t<\/a>\n\t\t\t<\/div>\n\t\t\t\n\t\t<div class=\"wd-buttons wd-pos-r-t\">\n\t\t\t\t\t\t\t\t\t\t\t<div class=\"quick-view wd-action-btn wd-style-icon wd-quick-view-icon\">\n\t\t\t<a\n\t\t\t\thref=\"https:\/\/arvori.md\/ru\/product\/lada-din-lemn-30-cm-x-45-cm-panglica-rosie-in-stil-etnic\/\"\n\t\t\t\tclass=\"open-quick-view quick-view-button\"\n\t\t\t\trel=\"nofollow\"\n\t\t\t\tdata-id=\"380\"\n\t\t\t\t>Quick view<\/a>\n\t\t<\/div>\n\t\t\t\t\t\t\t\t<div class=\"wd-wishlist-btn wd-action-btn wd-style-icon wd-wishlist-icon\">\n\t\t\t\t<a class=\"\" href=\"https:\/\/arvori.md\/ru\/product\/lada-din-lemn-30-cm-x-45-cm-panglica-rosie-in-stil-etnic\/\" data-key=\"483d58f7e3\" data-product-id=\"380\" rel=\"nofollow\" data-added-text=\"Browse Wishlist\">\n\t\t\t\t\t<span>Add to wishlist<\/span>\n\t\t\t\t<\/a>\n\t\t\t<\/div>\n\t\t\t\t<\/div>\n\t<\/div>\n\n\t\n\t\n\t<h3 class=\"wd-entities-title\"><a href=\"https:\/\/arvori.md\/ru\/product\/lada-din-lemn-30-cm-x-45-cm-panglica-rosie-in-stil-etnic\/\">\u042f\u0449\u0438\u043a \u0434\u0435\u0440\u0435\u0432\u044f\u043d\u043d\u044b\u0439 30 \u0441\u043c \u0445 45 \u0441\u043c (\u043a\u0440\u0430\u0441\u043d\u0430\u044f \u043b\u0435\u043d\u0442\u0430 \u0432 \u044d\u0442\u043d\u0438\u0447\u0435\u0441\u043a\u043e\u043c \u0441\u0442\u0438\u043b\u0435)<\/a><\/h3>\n\t\t\t<div class=\"wd-product-cats\">\n\t\t\t<a href=\"https:\/\/arvori.md\/ru\/product-category\/produse-din-lemn\/\" rel=\"tag\">\u0418\u0437\u0434\u0435\u043b\u0438\u044f \u0438\u0437 \u0434\u0435\u0440\u0435\u0432\u0430<\/a>, <a href=\"https:\/\/arvori.md\/ru\/product-category\/produse-din-lemn\/ladite-din-lemn\/\" rel=\"tag\">\u0414\u0435\u0440\u0435\u0432\u044f\u043d\u043d\u044b\u0435 \u044f\u0449\u0438\u043a\u0438<\/a>\t\t<\/div>\n\t\t\t\t<div class=\"wd-product-sku\">\n\t\t\t<span class=\"wd-label\">\n\t\t\t\tSKU:\t\t\t<\/span>\n\t\t\t<span>\n\t\t\t\tL-004ER\t\t\t<\/span>\n\t\t<\/div>\n\t\t\t\t\n\t\n\t<span class=\"price\"><span class=\"woocommerce-Price-amount amount\"><bdi>105&nbsp;<span class=\"woocommerce-Price-currencySymbol\">MDL<\/span><\/bdi><\/span><\/span>\n\n\t<div class=\"wd-add-btn wd-add-btn-replace\">\n\t\t\n\t\t<a href=\"\/ru\/wp-json\/wp\/v2\/pages\/383?add-to-cart=380\" data-quantity=\"1\" class=\"button product_type_simple add_to_cart_button ajax_add_to_cart add-to-cart-loop\" data-product_id=\"380\" data-product_sku=\"L-004ER\" aria-label=\"\u0414\u043e\u0431\u0430\u0432\u0438\u0442\u044c \u0432 \u043a\u043e\u0440\u0437\u0438\u043d\u0443 \u201cLad\u0103 din lemn 30 cm x 45 cm (panglic\u0103 ro\u0219ie \u00een stil etnic)\u201d\" rel=\"nofollow\" data-success_message=\"\u00abLad\u0103 din lemn 30 cm x 45 cm (panglic\u0103 ro\u0219ie \u00een stil etnic)\u00bb \u0434\u043e\u0431\u0430\u0432\u043b\u0435\u043d \u0432 \u0432\u0430\u0448\u0443 \u043a\u043e\u0440\u0437\u0438\u043d\u0443\" role=\"button\" data-no-translation-aria-label=\"\" data-no-translation-data-success_message=\"\"><span data-no-translation=\"\" data-trp-gettext=\"\">\u0412 \u043a\u043e\u0440\u0437\u0438\u043d\u0443<\/span><\/a>\t<\/div>\n\n\t\n\t\n\t\t<\/div>\n<\/div>\n<div class=\"product-grid-item product wd-hover-standard  col-lg-3 col-md-3 col-6 type-product post-334 status-publish last instock product_cat-ladite-din-lemn product_cat-produse-din-lemn has-post-thumbnail shipping-taxable purchasable product-type-simple\" data-loop=\"3\" data-id=\"334\">\n\t\n\t\n<div class=\"product-wrapper\">\n\t<div class=\"product-element-top wd-quick-shop\">\n\t\t<a href=\"https:\/\/arvori.md\/ru\/product\/lada-din-lemn-15-cm-x-30-cm-panglica-rosie-in-stil-etnic\/\" class=\"product-image-link\">\n\t\t\t<img loading=\"lazy\" decoding=\"async\" width=\"300\" height=\"300\" src=\"https:\/\/arvori.md\/wp-content\/uploads\/2024\/02\/lazi-20-1-300x300.jpg\" class=\"attachment-woocommerce_thumbnail size-woocommerce_thumbnail\" alt=\"\" srcset=\"https:\/\/arvori.md\/wp-content\/uploads\/2024\/02\/lazi-20-1-300x300.jpg 300w, https:\/\/arvori.md\/wp-content\/uploads\/2024\/02\/lazi-20-1-150x150.jpg 150w, https:\/\/arvori.md\/wp-content\/uploads\/2024\/02\/lazi-20-1-600x600.jpg 600w, https:\/\/arvori.md\/wp-content\/uploads\/2024\/02\/lazi-20-1-1024x1024.jpg 1024w, https:\/\/arvori.md\/wp-content\/uploads\/2024\/02\/lazi-20-1-768x768.jpg 768w, https:\/\/arvori.md\/wp-content\/uploads\/2024\/02\/lazi-20-1.jpg 1500w\" sizes=\"auto, (max-width: 300px) 100vw, 300px\" \/>\t\t<\/a>\n\n\t\t\t\t\t<div class=\"hover-img\">\n\t\t\t\t<a href=\"https:\/\/arvori.md\/ru\/product\/lada-din-lemn-15-cm-x-30-cm-panglica-rosie-in-stil-etnic\/\">\n\t\t\t\t\t<img loading=\"lazy\" decoding=\"async\" width=\"300\" height=\"300\" src=\"https:\/\/arvori.md\/wp-content\/uploads\/2024\/02\/lazi-21-1-300x300.jpg\" class=\"attachment-woocommerce_thumbnail size-woocommerce_thumbnail\" alt=\"\" srcset=\"https:\/\/arvori.md\/wp-content\/uploads\/2024\/02\/lazi-21-1-300x300.jpg 300w, https:\/\/arvori.md\/wp-content\/uploads\/2024\/02\/lazi-21-1-150x150.jpg 150w, https:\/\/arvori.md\/wp-content\/uploads\/2024\/02\/lazi-21-1-600x600.jpg 600w, https:\/\/arvori.md\/wp-content\/uploads\/2024\/02\/lazi-21-1-1024x1024.jpg 1024w, https:\/\/arvori.md\/wp-content\/uploads\/2024\/02\/lazi-21-1-768x768.jpg 768w, https:\/\/arvori.md\/wp-content\/uploads\/2024\/02\/lazi-21-1.jpg 1500w\" sizes=\"auto, (max-width: 300px) 100vw, 300px\" \/>\t\t\t\t<\/a>\n\t\t\t<\/div>\n\t\t\t\n\t\t<div class=\"wd-buttons wd-pos-r-t\">\n\t\t\t\t\t\t\t\t\t\t\t<div class=\"quick-view wd-action-btn wd-style-icon wd-quick-view-icon\">\n\t\t\t<a\n\t\t\t\thref=\"https:\/\/arvori.md\/ru\/product\/lada-din-lemn-15-cm-x-30-cm-panglica-rosie-in-stil-etnic\/\"\n\t\t\t\tclass=\"open-quick-view quick-view-button\"\n\t\t\t\trel=\"nofollow\"\n\t\t\t\tdata-id=\"334\"\n\t\t\t\t>Quick view<\/a>\n\t\t<\/div>\n\t\t\t\t\t\t\t\t<div class=\"wd-wishlist-btn wd-action-btn wd-style-icon wd-wishlist-icon\">\n\t\t\t\t<a class=\"\" href=\"https:\/\/arvori.md\/ru\/product\/lada-din-lemn-15-cm-x-30-cm-panglica-rosie-in-stil-etnic\/\" data-key=\"483d58f7e3\" data-product-id=\"334\" rel=\"nofollow\" data-added-text=\"Browse Wishlist\">\n\t\t\t\t\t<span>Add to wishlist<\/span>\n\t\t\t\t<\/a>\n\t\t\t<\/div>\n\t\t\t\t<\/div>\n\t<\/div>\n\n\t\n\t\n\t<h3 class=\"wd-entities-title\"><a href=\"https:\/\/arvori.md\/ru\/product\/lada-din-lemn-15-cm-x-30-cm-panglica-rosie-in-stil-etnic\/\">\u042f\u0449\u0438\u043a \u0434\u0435\u0440\u0435\u0432\u044f\u043d\u043d\u044b\u0439 15 \u0441\u043c \u0445 30 \u0441\u043c (\u043a\u0440\u0430\u0441\u043d\u0430\u044f \u043b\u0435\u043d\u0442\u0430 \u0432 \u044d\u0442\u043d\u0438\u0447\u0435\u0441\u043a\u043e\u043c \u0441\u0442\u0438\u043b\u0435)<\/a><\/h3>\n\t\t\t<div class=\"wd-product-cats\">\n\t\t\t<a href=\"https:\/\/arvori.md\/ru\/product-category\/produse-din-lemn\/\" rel=\"tag\">\u0418\u0437\u0434\u0435\u043b\u0438\u044f \u0438\u0437 \u0434\u0435\u0440\u0435\u0432\u0430<\/a>, <a href=\"https:\/\/arvori.md\/ru\/product-category\/produse-din-lemn\/ladite-din-lemn\/\" rel=\"tag\">\u0414\u0435\u0440\u0435\u0432\u044f\u043d\u043d\u044b\u0435 \u044f\u0449\u0438\u043a\u0438<\/a>\t\t<\/div>\n\t\t\t\t<div class=\"wd-product-sku\">\n\t\t\t<span class=\"wd-label\">\n\t\t\t\tSKU:\t\t\t<\/span>\n\t\t\t<span>\n\t\t\t\tL-001ER\t\t\t<\/span>\n\t\t<\/div>\n\t\t\t\t\n\t\n\t<span class=\"price\"><span class=\"woocommerce-Price-amount amount\"><bdi>85&nbsp;<span class=\"woocommerce-Price-currencySymbol\">MDL<\/span><\/bdi><\/span><\/span>\n\n\t<div class=\"wd-add-btn wd-add-btn-replace\">\n\t\t\n\t\t<a href=\"\/ru\/wp-json\/wp\/v2\/pages\/383?add-to-cart=334\" data-quantity=\"1\" class=\"button product_type_simple add_to_cart_button ajax_add_to_cart add-to-cart-loop\" data-product_id=\"334\" data-product_sku=\"L-001ER\" aria-label=\"\u0414\u043e\u0431\u0430\u0432\u0438\u0442\u044c \u0432 \u043a\u043e\u0440\u0437\u0438\u043d\u0443 \u201cLad\u0103 din lemn 15 cm x 30 cm (panglic\u0103 ro\u0219ie \u00een stil etnic)\u201d\" rel=\"nofollow\" data-success_message=\"\u00abLad\u0103 din lemn 15 cm x 30 cm (panglic\u0103 ro\u0219ie \u00een stil etnic)\u00bb \u0434\u043e\u0431\u0430\u0432\u043b\u0435\u043d \u0432 \u0432\u0430\u0448\u0443 \u043a\u043e\u0440\u0437\u0438\u043d\u0443\" role=\"button\" data-no-translation-aria-label=\"\" data-no-translation-data-success_message=\"\"><span data-no-translation=\"\" data-trp-gettext=\"\">\u0412 \u043a\u043e\u0440\u0437\u0438\u043d\u0443<\/span><\/a>\t<\/div>\n\n\t\n\t\n\t\t<\/div>\n<\/div>\n<div class=\"product-grid-item product wd-hover-standard  col-lg-3 col-md-3 col-6 last  type-product post-329 status-publish first instock product_cat-ladite-din-lemn product_cat-produse-din-lemn has-post-thumbnail shipping-taxable purchasable product-type-simple\" data-loop=\"4\" data-id=\"329\">\n\t\n\t\n<div class=\"product-wrapper\">\n\t<div class=\"product-element-top wd-quick-shop\">\n\t\t<a href=\"https:\/\/arvori.md\/ru\/product\/lada-din-lemn-15-cm-x-30-cm-panglica-albastra-in-stil-etnic\/\" class=\"product-image-link\">\n\t\t\t<img loading=\"lazy\" decoding=\"async\" width=\"300\" height=\"300\" src=\"https:\/\/arvori.md\/wp-content\/uploads\/2024\/02\/lazi-24-1-300x300.jpg\" class=\"attachment-woocommerce_thumbnail size-woocommerce_thumbnail\" alt=\"\" srcset=\"https:\/\/arvori.md\/wp-content\/uploads\/2024\/02\/lazi-24-1-300x300.jpg 300w, https:\/\/arvori.md\/wp-content\/uploads\/2024\/02\/lazi-24-1-150x150.jpg 150w, https:\/\/arvori.md\/wp-content\/uploads\/2024\/02\/lazi-24-1-600x600.jpg 600w, https:\/\/arvori.md\/wp-content\/uploads\/2024\/02\/lazi-24-1-1024x1024.jpg 1024w, https:\/\/arvori.md\/wp-content\/uploads\/2024\/02\/lazi-24-1-768x768.jpg 768w, https:\/\/arvori.md\/wp-content\/uploads\/2024\/02\/lazi-24-1.jpg 1500w\" sizes=\"auto, (max-width: 300px) 100vw, 300px\" \/>\t\t<\/a>\n\n\t\t\t\t\t<div class=\"hover-img\">\n\t\t\t\t<a href=\"https:\/\/arvori.md\/ru\/product\/lada-din-lemn-15-cm-x-30-cm-panglica-albastra-in-stil-etnic\/\">\n\t\t\t\t\t<img loading=\"lazy\" decoding=\"async\" width=\"300\" height=\"300\" src=\"https:\/\/arvori.md\/wp-content\/uploads\/2024\/02\/lazi-25-1-300x300.jpg\" class=\"attachment-woocommerce_thumbnail size-woocommerce_thumbnail\" alt=\"\" srcset=\"https:\/\/arvori.md\/wp-content\/uploads\/2024\/02\/lazi-25-1-300x300.jpg 300w, https:\/\/arvori.md\/wp-content\/uploads\/2024\/02\/lazi-25-1-150x150.jpg 150w, https:\/\/arvori.md\/wp-content\/uploads\/2024\/02\/lazi-25-1-600x600.jpg 600w, https:\/\/arvori.md\/wp-content\/uploads\/2024\/02\/lazi-25-1-1024x1024.jpg 1024w, https:\/\/arvori.md\/wp-content\/uploads\/2024\/02\/lazi-25-1-768x768.jpg 768w, https:\/\/arvori.md\/wp-content\/uploads\/2024\/02\/lazi-25-1.jpg 1500w\" sizes=\"auto, (max-width: 300px) 100vw, 300px\" \/>\t\t\t\t<\/a>\n\t\t\t<\/div>\n\t\t\t\n\t\t<div class=\"wd-buttons wd-pos-r-t\">\n\t\t\t\t\t\t\t\t\t\t\t<div class=\"quick-view wd-action-btn wd-style-icon wd-quick-view-icon\">\n\t\t\t<a\n\t\t\t\thref=\"https:\/\/arvori.md\/ru\/product\/lada-din-lemn-15-cm-x-30-cm-panglica-albastra-in-stil-etnic\/\"\n\t\t\t\tclass=\"open-quick-view quick-view-button\"\n\t\t\t\trel=\"nofollow\"\n\t\t\t\tdata-id=\"329\"\n\t\t\t\t>Quick view<\/a>\n\t\t<\/div>\n\t\t\t\t\t\t\t\t<div class=\"wd-wishlist-btn wd-action-btn wd-style-icon wd-wishlist-icon\">\n\t\t\t\t<a class=\"\" href=\"https:\/\/arvori.md\/ru\/product\/lada-din-lemn-15-cm-x-30-cm-panglica-albastra-in-stil-etnic\/\" data-key=\"483d58f7e3\" data-product-id=\"329\" rel=\"nofollow\" data-added-text=\"Browse Wishlist\">\n\t\t\t\t\t<span>Add to wishlist<\/span>\n\t\t\t\t<\/a>\n\t\t\t<\/div>\n\t\t\t\t<\/div>\n\t<\/div>\n\n\t\n\t\n\t<h3 class=\"wd-entities-title\"><a href=\"https:\/\/arvori.md\/ru\/product\/lada-din-lemn-15-cm-x-30-cm-panglica-albastra-in-stil-etnic\/\">\u0414\u0435\u0440\u0435\u0432\u044f\u043d\u043d\u044b\u0439 \u044f\u0449\u0438\u043a 15\u0441\u043c \u0445 30\u0441\u043c (\u042d\u0442\u043d\u0438\u0447\u0435\u0441\u043a\u0438\u0439 \u0441\u0442\u0438\u043b\u044c \u0441 \u0441\u0438\u043d\u0435\u0439 \u043b\u0435\u043d\u0442\u043e\u0439)<\/a><\/h3>\n\t\t\t<div class=\"wd-product-cats\">\n\t\t\t<a href=\"https:\/\/arvori.md\/ru\/product-category\/produse-din-lemn\/\" rel=\"tag\">\u0418\u0437\u0434\u0435\u043b\u0438\u044f \u0438\u0437 \u0434\u0435\u0440\u0435\u0432\u0430<\/a>, <a href=\"https:\/\/arvori.md\/ru\/product-category\/produse-din-lemn\/ladite-din-lemn\/\" rel=\"tag\">\u0414\u0435\u0440\u0435\u0432\u044f\u043d\u043d\u044b\u0435 \u044f\u0449\u0438\u043a\u0438<\/a>\t\t<\/div>\n\t\t\t\t<div class=\"wd-product-sku\">\n\t\t\t<span class=\"wd-label\">\n\t\t\t\tSKU:\t\t\t<\/span>\n\t\t\t<span>\n\t\t\t\tL-001EA\t\t\t<\/span>\n\t\t<\/div>\n\t\t\t\t\n\t\n\t<span class=\"price\"><span class=\"woocommerce-Price-amount amount\"><bdi>85&nbsp;<span class=\"woocommerce-Price-currencySymbol\">MDL<\/span><\/bdi><\/span><\/span>\n\n\t<div class=\"wd-add-btn wd-add-btn-replace\">\n\t\t\n\t\t<a href=\"\/ru\/wp-json\/wp\/v2\/pages\/383?add-to-cart=329\" data-quantity=\"1\" class=\"button product_type_simple add_to_cart_button ajax_add_to_cart add-to-cart-loop\" data-product_id=\"329\" data-product_sku=\"L-001EA\" aria-label=\"\u0414\u043e\u0431\u0430\u0432\u0438\u0442\u044c \u0432 \u043a\u043e\u0440\u0437\u0438\u043d\u0443 \u201cLad\u0103 din lemn 15 cm x 30 cm (panglic\u0103 albastr\u0103 \u00een stil etnic)\u201d\" rel=\"nofollow\" data-success_message=\"\u00abLad\u0103 din lemn 15 cm x 30 cm (panglic\u0103 albastr\u0103 \u00een stil etnic)\u00bb \u0434\u043e\u0431\u0430\u0432\u043b\u0435\u043d \u0432 \u0432\u0430\u0448\u0443 \u043a\u043e\u0440\u0437\u0438\u043d\u0443\" role=\"button\" data-no-translation-aria-label=\"\" data-no-translation-data-success_message=\"\"><span data-no-translation=\"\" data-trp-gettext=\"\">\u0412 \u043a\u043e\u0440\u0437\u0438\u043d\u0443<\/span><\/a>\t<\/div>\n\n\t\n\t\n\t\t<\/div>\n<\/div>\n<div class=\"product-grid-item product wd-hover-standard  col-lg-3 col-md-3 col-6 first  type-product post-375 status-publish instock product_cat-ladite-din-lemn product_cat-produse-din-lemn has-post-thumbnail shipping-taxable purchasable product-type-simple\" data-loop=\"5\" data-id=\"375\">\n\t\n\t\n<div class=\"product-wrapper\">\n\t<div class=\"product-element-top wd-quick-shop\">\n\t\t<a href=\"https:\/\/arvori.md\/ru\/product\/lada-din-lemn-30-cm-x-45-cm-panglica-albastra-in-stil-etnic\/\" class=\"product-image-link\">\n\t\t\t<img loading=\"lazy\" decoding=\"async\" width=\"300\" height=\"300\" src=\"https:\/\/arvori.md\/wp-content\/uploads\/2024\/02\/poza-principala-18-300x300.jpg\" class=\"attachment-woocommerce_thumbnail size-woocommerce_thumbnail\" alt=\"\" srcset=\"https:\/\/arvori.md\/wp-content\/uploads\/2024\/02\/poza-principala-18-300x300.jpg 300w, https:\/\/arvori.md\/wp-content\/uploads\/2024\/02\/poza-principala-18-150x150.jpg 150w, https:\/\/arvori.md\/wp-content\/uploads\/2024\/02\/poza-principala-18-600x600.jpg 600w, https:\/\/arvori.md\/wp-content\/uploads\/2024\/02\/poza-principala-18-1024x1024.jpg 1024w, https:\/\/arvori.md\/wp-content\/uploads\/2024\/02\/poza-principala-18-768x768.jpg 768w, https:\/\/arvori.md\/wp-content\/uploads\/2024\/02\/poza-principala-18.jpg 1500w\" sizes=\"auto, (max-width: 300px) 100vw, 300px\" \/>\t\t<\/a>\n\n\t\t\t\t\t<div class=\"hover-img\">\n\t\t\t\t<a href=\"https:\/\/arvori.md\/ru\/product\/lada-din-lemn-30-cm-x-45-cm-panglica-albastra-in-stil-etnic\/\">\n\t\t\t\t\t<img loading=\"lazy\" decoding=\"async\" width=\"300\" height=\"400\" src=\"https:\/\/arvori.md\/wp-content\/uploads\/2024\/02\/lazir-89-scaled-300x400.jpg\" class=\"attachment-woocommerce_thumbnail size-woocommerce_thumbnail\" alt=\"\" srcset=\"https:\/\/arvori.md\/wp-content\/uploads\/2024\/02\/lazir-89-scaled-300x400.jpg 300w, https:\/\/arvori.md\/wp-content\/uploads\/2024\/02\/lazir-89-scaled-150x200.jpg 150w, https:\/\/arvori.md\/wp-content\/uploads\/2024\/02\/lazir-89-scaled-600x800.jpg 600w, https:\/\/arvori.md\/wp-content\/uploads\/2024\/02\/lazir-89-225x300.jpg 225w, https:\/\/arvori.md\/wp-content\/uploads\/2024\/02\/lazir-89-768x1024.jpg 768w, https:\/\/arvori.md\/wp-content\/uploads\/2024\/02\/lazir-89-1152x1536.jpg 1152w, https:\/\/arvori.md\/wp-content\/uploads\/2024\/02\/lazir-89-1536x2048.jpg 1536w, https:\/\/arvori.md\/wp-content\/uploads\/2024\/02\/lazir-89-scaled.jpg 1920w\" sizes=\"auto, (max-width: 300px) 100vw, 300px\" \/>\t\t\t\t<\/a>\n\t\t\t<\/div>\n\t\t\t\n\t\t<div class=\"wd-buttons wd-pos-r-t\">\n\t\t\t\t\t\t\t\t\t\t\t<div class=\"quick-view wd-action-btn wd-style-icon wd-quick-view-icon\">\n\t\t\t<a\n\t\t\t\thref=\"https:\/\/arvori.md\/ru\/product\/lada-din-lemn-30-cm-x-45-cm-panglica-albastra-in-stil-etnic\/\"\n\t\t\t\tclass=\"open-quick-view quick-view-button\"\n\t\t\t\trel=\"nofollow\"\n\t\t\t\tdata-id=\"375\"\n\t\t\t\t>Quick view<\/a>\n\t\t<\/div>\n\t\t\t\t\t\t\t\t<div class=\"wd-wishlist-btn wd-action-btn wd-style-icon wd-wishlist-icon\">\n\t\t\t\t<a class=\"\" href=\"https:\/\/arvori.md\/ru\/product\/lada-din-lemn-30-cm-x-45-cm-panglica-albastra-in-stil-etnic\/\" data-key=\"483d58f7e3\" data-product-id=\"375\" rel=\"nofollow\" data-added-text=\"Browse Wishlist\">\n\t\t\t\t\t<span>Add to wishlist<\/span>\n\t\t\t\t<\/a>\n\t\t\t<\/div>\n\t\t\t\t<\/div>\n\t<\/div>\n\n\t\n\t\n\t<h3 class=\"wd-entities-title\"><a href=\"https:\/\/arvori.md\/ru\/product\/lada-din-lemn-30-cm-x-45-cm-panglica-albastra-in-stil-etnic\/\">\u0414\u0435\u0440\u0435\u0432\u044f\u043d\u043d\u044b\u0439 \u044f\u0449\u0438\u043a 30\u0441\u043c \u0445 45\u0441\u043c (\u042d\u0442\u043d\u0438\u0447\u0435\u0441\u043a\u0438\u0439 \u0441\u0442\u0438\u043b\u044c \u0441 \u0441\u0438\u043d\u0435\u0439 \u043b\u0435\u043d\u0442\u043e\u0439)<\/a><\/h3>\n\t\t\t<div class=\"wd-product-cats\">\n\t\t\t<a href=\"https:\/\/arvori.md\/ru\/product-category\/produse-din-lemn\/\" rel=\"tag\">\u0418\u0437\u0434\u0435\u043b\u0438\u044f \u0438\u0437 \u0434\u0435\u0440\u0435\u0432\u0430<\/a>, <a href=\"https:\/\/arvori.md\/ru\/product-category\/produse-din-lemn\/ladite-din-lemn\/\" rel=\"tag\">\u0414\u0435\u0440\u0435\u0432\u044f\u043d\u043d\u044b\u0435 \u044f\u0449\u0438\u043a\u0438<\/a>\t\t<\/div>\n\t\t\t\t<div class=\"wd-product-sku\">\n\t\t\t<span class=\"wd-label\">\n\t\t\t\tSKU:\t\t\t<\/span>\n\t\t\t<span>\n\t\t\t\tL-004EA\t\t\t<\/span>\n\t\t<\/div>\n\t\t\t\t\n\t\n\t<span class=\"price\"><span class=\"woocommerce-Price-amount amount\"><bdi>105&nbsp;<span class=\"woocommerce-Price-currencySymbol\">MDL<\/span><\/bdi><\/span><\/span>\n\n\t<div class=\"wd-add-btn wd-add-btn-replace\">\n\t\t\n\t\t<a href=\"\/ru\/wp-json\/wp\/v2\/pages\/383?add-to-cart=375\" data-quantity=\"1\" class=\"button product_type_simple add_to_cart_button ajax_add_to_cart add-to-cart-loop\" data-product_id=\"375\" data-product_sku=\"L-004EA\" aria-label=\"\u0414\u043e\u0431\u0430\u0432\u0438\u0442\u044c \u0432 \u043a\u043e\u0440\u0437\u0438\u043d\u0443 \u201cLad\u0103 din lemn 30 cm x 45 cm (panglic\u0103 albastr\u0103 \u00een stil etnic)\u201d\" rel=\"nofollow\" data-success_message=\"\u00abLad\u0103 din lemn 30 cm x 45 cm (panglic\u0103 albastr\u0103 \u00een stil etnic)\u00bb \u0434\u043e\u0431\u0430\u0432\u043b\u0435\u043d \u0432 \u0432\u0430\u0448\u0443 \u043a\u043e\u0440\u0437\u0438\u043d\u0443\" role=\"button\" data-no-translation-aria-label=\"\" data-no-translation-data-success_message=\"\"><span data-no-translation=\"\" data-trp-gettext=\"\">\u0412 \u043a\u043e\u0440\u0437\u0438\u043d\u0443<\/span><\/a>\t<\/div>\n\n\t\n\t\n\t\t<\/div>\n<\/div>\n<div class=\"product-grid-item product wd-hover-standard  col-lg-3 col-md-3 col-6 type-product post-370 status-publish instock product_cat-ladite-din-lemn product_cat-produse-din-lemn has-post-thumbnail shipping-taxable purchasable product-type-simple\" data-loop=\"6\" data-id=\"370\">\n\t\n\t\n<div class=\"product-wrapper\">\n\t<div class=\"product-element-top wd-quick-shop\">\n\t\t<a href=\"https:\/\/arvori.md\/ru\/product\/lada-din-lemn-30-cm-x-45-cm-panglica-rosie\/\" class=\"product-image-link\">\n\t\t\t<img loading=\"lazy\" decoding=\"async\" width=\"300\" height=\"300\" src=\"https:\/\/arvori.md\/wp-content\/uploads\/2024\/02\/1-3-300x300.jpg\" class=\"attachment-woocommerce_thumbnail size-woocommerce_thumbnail\" alt=\"\" srcset=\"https:\/\/arvori.md\/wp-content\/uploads\/2024\/02\/1-3-300x300.jpg 300w, https:\/\/arvori.md\/wp-content\/uploads\/2024\/02\/1-3-150x150.jpg 150w, https:\/\/arvori.md\/wp-content\/uploads\/2024\/02\/1-3-600x600.jpg 600w, https:\/\/arvori.md\/wp-content\/uploads\/2024\/02\/1-3-1024x1024.jpg 1024w, https:\/\/arvori.md\/wp-content\/uploads\/2024\/02\/1-3-768x768.jpg 768w, https:\/\/arvori.md\/wp-content\/uploads\/2024\/02\/1-3.jpg 1500w\" sizes=\"auto, (max-width: 300px) 100vw, 300px\" \/>\t\t<\/a>\n\n\t\t\t\t\t<div class=\"hover-img\">\n\t\t\t\t<a href=\"https:\/\/arvori.md\/ru\/product\/lada-din-lemn-30-cm-x-45-cm-panglica-rosie\/\">\n\t\t\t\t\t<img loading=\"lazy\" decoding=\"async\" width=\"300\" height=\"400\" src=\"https:\/\/arvori.md\/wp-content\/uploads\/2024\/02\/lazir-93-scaled-300x400.jpg\" class=\"attachment-woocommerce_thumbnail size-woocommerce_thumbnail\" alt=\"\" srcset=\"https:\/\/arvori.md\/wp-content\/uploads\/2024\/02\/lazir-93-scaled-300x400.jpg 300w, https:\/\/arvori.md\/wp-content\/uploads\/2024\/02\/lazir-93-scaled-150x200.jpg 150w, https:\/\/arvori.md\/wp-content\/uploads\/2024\/02\/lazir-93-scaled-600x800.jpg 600w, https:\/\/arvori.md\/wp-content\/uploads\/2024\/02\/lazir-93-225x300.jpg 225w, https:\/\/arvori.md\/wp-content\/uploads\/2024\/02\/lazir-93-768x1024.jpg 768w, https:\/\/arvori.md\/wp-content\/uploads\/2024\/02\/lazir-93-1152x1536.jpg 1152w, https:\/\/arvori.md\/wp-content\/uploads\/2024\/02\/lazir-93-1536x2048.jpg 1536w, https:\/\/arvori.md\/wp-content\/uploads\/2024\/02\/lazir-93-scaled.jpg 1920w\" sizes=\"auto, (max-width: 300px) 100vw, 300px\" \/>\t\t\t\t<\/a>\n\t\t\t<\/div>\n\t\t\t\n\t\t<div class=\"wd-buttons wd-pos-r-t\">\n\t\t\t\t\t\t\t\t\t\t\t<div class=\"quick-view wd-action-btn wd-style-icon wd-quick-view-icon\">\n\t\t\t<a\n\t\t\t\thref=\"https:\/\/arvori.md\/ru\/product\/lada-din-lemn-30-cm-x-45-cm-panglica-rosie\/\"\n\t\t\t\tclass=\"open-quick-view quick-view-button\"\n\t\t\t\trel=\"nofollow\"\n\t\t\t\tdata-id=\"370\"\n\t\t\t\t>Quick view<\/a>\n\t\t<\/div>\n\t\t\t\t\t\t\t\t<div class=\"wd-wishlist-btn wd-action-btn wd-style-icon wd-wishlist-icon\">\n\t\t\t\t<a class=\"\" href=\"https:\/\/arvori.md\/ru\/product\/lada-din-lemn-30-cm-x-45-cm-panglica-rosie\/\" data-key=\"483d58f7e3\" data-product-id=\"370\" rel=\"nofollow\" data-added-text=\"Browse Wishlist\">\n\t\t\t\t\t<span>Add to wishlist<\/span>\n\t\t\t\t<\/a>\n\t\t\t<\/div>\n\t\t\t\t<\/div>\n\t<\/div>\n\n\t\n\t\n\t<h3 class=\"wd-entities-title\"><a href=\"https:\/\/arvori.md\/ru\/product\/lada-din-lemn-30-cm-x-45-cm-panglica-rosie\/\">\u042f\u0449\u0438\u043a \u0434\u0435\u0440\u0435\u0432\u044f\u043d\u043d\u044b\u0439 30 \u0441\u043c \u0445 45 \u0441\u043c (\u043a\u0440\u0430\u0441\u043d\u0430\u044f \u043b\u0435\u043d\u0442\u0430)<\/a><\/h3>\n\t\t\t<div class=\"wd-product-cats\">\n\t\t\t<a href=\"https:\/\/arvori.md\/ru\/product-category\/produse-din-lemn\/\" rel=\"tag\">\u0418\u0437\u0434\u0435\u043b\u0438\u044f \u0438\u0437 \u0434\u0435\u0440\u0435\u0432\u0430<\/a>, <a href=\"https:\/\/arvori.md\/ru\/product-category\/produse-din-lemn\/ladite-din-lemn\/\" rel=\"tag\">\u0414\u0435\u0440\u0435\u0432\u044f\u043d\u043d\u044b\u0435 \u044f\u0449\u0438\u043a\u0438<\/a>\t\t<\/div>\n\t\t\t\t<div class=\"wd-product-sku\">\n\t\t\t<span class=\"wd-label\">\n\t\t\t\tSKU:\t\t\t<\/span>\n\t\t\t<span>\n\t\t\t\tL-004R\t\t\t<\/span>\n\t\t<\/div>\n\t\t\t\t\n\t\n\t<span class=\"price\"><span class=\"woocommerce-Price-amount amount\"><bdi>105&nbsp;<span class=\"woocommerce-Price-currencySymbol\">MDL<\/span><\/bdi><\/span><\/span>\n\n\t<div class=\"wd-add-btn wd-add-btn-replace\">\n\t\t\n\t\t<a href=\"\/ru\/wp-json\/wp\/v2\/pages\/383?add-to-cart=370\" data-quantity=\"1\" class=\"button product_type_simple add_to_cart_button ajax_add_to_cart add-to-cart-loop\" data-product_id=\"370\" data-product_sku=\"L-004R\" aria-label=\"\u0414\u043e\u0431\u0430\u0432\u0438\u0442\u044c \u0432 \u043a\u043e\u0440\u0437\u0438\u043d\u0443 \u201cLad\u0103 din lemn 30 cm x 45 cm (panglic\u0103 ro\u0219ie)\u201d\" rel=\"nofollow\" data-success_message=\"\u00abLad\u0103 din lemn 30 cm x 45 cm (panglic\u0103 ro\u0219ie)\u00bb \u0434\u043e\u0431\u0430\u0432\u043b\u0435\u043d \u0432 \u0432\u0430\u0448\u0443 \u043a\u043e\u0440\u0437\u0438\u043d\u0443\" role=\"button\" data-no-translation-aria-label=\"\" data-no-translation-data-success_message=\"\"><span data-no-translation=\"\" data-trp-gettext=\"\">\u0412 \u043a\u043e\u0440\u0437\u0438\u043d\u0443<\/span><\/a>\t<\/div>\n\n\t\n\t\n\t\t<\/div>\n<\/div>\n<div class=\"product-grid-item product wd-hover-standard  col-lg-3 col-md-3 col-6 type-product post-366 status-publish last instock product_cat-ladite-din-lemn product_cat-produse-din-lemn has-post-thumbnail shipping-taxable purchasable product-type-simple\" data-loop=\"7\" data-id=\"366\">\n\t\n\t\n<div class=\"product-wrapper\">\n\t<div class=\"product-element-top wd-quick-shop\">\n\t\t<a href=\"https:\/\/arvori.md\/ru\/product\/lada-din-lemn-30-cm-x-45-cm-panglica-albastra\/\" class=\"product-image-link\">\n\t\t\t<img loading=\"lazy\" decoding=\"async\" width=\"300\" height=\"300\" src=\"https:\/\/arvori.md\/wp-content\/uploads\/2024\/02\/poza-principala-1-1-300x300.jpg\" class=\"attachment-woocommerce_thumbnail size-woocommerce_thumbnail\" alt=\"\" srcset=\"https:\/\/arvori.md\/wp-content\/uploads\/2024\/02\/poza-principala-1-1-300x300.jpg 300w, https:\/\/arvori.md\/wp-content\/uploads\/2024\/02\/poza-principala-1-1-150x150.jpg 150w, https:\/\/arvori.md\/wp-content\/uploads\/2024\/02\/poza-principala-1-1-600x600.jpg 600w, https:\/\/arvori.md\/wp-content\/uploads\/2024\/02\/poza-principala-1-1-1024x1024.jpg 1024w, https:\/\/arvori.md\/wp-content\/uploads\/2024\/02\/poza-principala-1-1-768x768.jpg 768w, https:\/\/arvori.md\/wp-content\/uploads\/2024\/02\/poza-principala-1-1.jpg 1500w\" sizes=\"auto, (max-width: 300px) 100vw, 300px\" \/>\t\t<\/a>\n\n\t\t\t\t\t<div class=\"hover-img\">\n\t\t\t\t<a href=\"https:\/\/arvori.md\/ru\/product\/lada-din-lemn-30-cm-x-45-cm-panglica-albastra\/\">\n\t\t\t\t\t<img loading=\"lazy\" decoding=\"async\" width=\"300\" height=\"400\" src=\"https:\/\/arvori.md\/wp-content\/uploads\/2024\/02\/lazir-98-scaled-300x400.jpg\" class=\"attachment-woocommerce_thumbnail size-woocommerce_thumbnail\" alt=\"\" srcset=\"https:\/\/arvori.md\/wp-content\/uploads\/2024\/02\/lazir-98-scaled-300x400.jpg 300w, https:\/\/arvori.md\/wp-content\/uploads\/2024\/02\/lazir-98-scaled-150x200.jpg 150w, https:\/\/arvori.md\/wp-content\/uploads\/2024\/02\/lazir-98-scaled-600x800.jpg 600w, https:\/\/arvori.md\/wp-content\/uploads\/2024\/02\/lazir-98-225x300.jpg 225w, https:\/\/arvori.md\/wp-content\/uploads\/2024\/02\/lazir-98-768x1024.jpg 768w, https:\/\/arvori.md\/wp-content\/uploads\/2024\/02\/lazir-98-1152x1536.jpg 1152w, https:\/\/arvori.md\/wp-content\/uploads\/2024\/02\/lazir-98-1536x2048.jpg 1536w, https:\/\/arvori.md\/wp-content\/uploads\/2024\/02\/lazir-98-scaled.jpg 1920w\" sizes=\"auto, (max-width: 300px) 100vw, 300px\" \/>\t\t\t\t<\/a>\n\t\t\t<\/div>\n\t\t\t\n\t\t<div class=\"wd-buttons wd-pos-r-t\">\n\t\t\t\t\t\t\t\t\t\t\t<div class=\"quick-view wd-action-btn wd-style-icon wd-quick-view-icon\">\n\t\t\t<a\n\t\t\t\thref=\"https:\/\/arvori.md\/ru\/product\/lada-din-lemn-30-cm-x-45-cm-panglica-albastra\/\"\n\t\t\t\tclass=\"open-quick-view quick-view-button\"\n\t\t\t\trel=\"nofollow\"\n\t\t\t\tdata-id=\"366\"\n\t\t\t\t>Quick view<\/a>\n\t\t<\/div>\n\t\t\t\t\t\t\t\t<div class=\"wd-wishlist-btn wd-action-btn wd-style-icon wd-wishlist-icon\">\n\t\t\t\t<a class=\"\" href=\"https:\/\/arvori.md\/ru\/product\/lada-din-lemn-30-cm-x-45-cm-panglica-albastra\/\" data-key=\"483d58f7e3\" data-product-id=\"366\" rel=\"nofollow\" data-added-text=\"Browse Wishlist\">\n\t\t\t\t\t<span>Add to wishlist<\/span>\n\t\t\t\t<\/a>\n\t\t\t<\/div>\n\t\t\t\t<\/div>\n\t<\/div>\n\n\t\n\t\n\t<h3 class=\"wd-entities-title\"><a href=\"https:\/\/arvori.md\/ru\/product\/lada-din-lemn-30-cm-x-45-cm-panglica-albastra\/\">\u042f\u0449\u0438\u043a \u0434\u0435\u0440\u0435\u0432\u044f\u043d\u043d\u044b\u0439 30 \u0441\u043c \u0445 45 \u0441\u043c (\u0441\u0438\u043d\u044f\u044f \u043b\u0435\u043d\u0442\u0430)<\/a><\/h3>\n\t\t\t<div class=\"wd-product-cats\">\n\t\t\t<a href=\"https:\/\/arvori.md\/ru\/product-category\/produse-din-lemn\/\" rel=\"tag\">\u0418\u0437\u0434\u0435\u043b\u0438\u044f \u0438\u0437 \u0434\u0435\u0440\u0435\u0432\u0430<\/a>, <a href=\"https:\/\/arvori.md\/ru\/product-category\/produse-din-lemn\/ladite-din-lemn\/\" rel=\"tag\">\u0414\u0435\u0440\u0435\u0432\u044f\u043d\u043d\u044b\u0435 \u044f\u0449\u0438\u043a\u0438<\/a>\t\t<\/div>\n\t\t\t\t<div class=\"wd-product-sku\">\n\t\t\t<span class=\"wd-label\">\n\t\t\t\tSKU:\t\t\t<\/span>\n\t\t\t<span>\n\t\t\t\tL-004A\t\t\t<\/span>\n\t\t<\/div>\n\t\t\t\t\n\t\n\t<span class=\"price\"><span class=\"woocommerce-Price-amount amount\"><bdi>105&nbsp;<span class=\"woocommerce-Price-currencySymbol\">MDL<\/span><\/bdi><\/span><\/span>\n\n\t<div class=\"wd-add-btn wd-add-btn-replace\">\n\t\t\n\t\t<a href=\"\/ru\/wp-json\/wp\/v2\/pages\/383?add-to-cart=366\" data-quantity=\"1\" class=\"button product_type_simple add_to_cart_button ajax_add_to_cart add-to-cart-loop\" data-product_id=\"366\" data-product_sku=\"L-004A\" aria-label=\"\u0414\u043e\u0431\u0430\u0432\u0438\u0442\u044c \u0432 \u043a\u043e\u0440\u0437\u0438\u043d\u0443 \u201cLad\u0103 din lemn 30 cm x 45 cm (panglic\u0103 albastr\u0103)\u201d\" rel=\"nofollow\" data-success_message=\"\u00abLad\u0103 din lemn 30 cm x 45 cm (panglic\u0103 albastr\u0103)\u00bb \u0434\u043e\u0431\u0430\u0432\u043b\u0435\u043d \u0432 \u0432\u0430\u0448\u0443 \u043a\u043e\u0440\u0437\u0438\u043d\u0443\" role=\"button\" data-no-translation-aria-label=\"\" data-no-translation-data-success_message=\"\"><span data-no-translation=\"\" data-trp-gettext=\"\">\u0412 \u043a\u043e\u0440\u0437\u0438\u043d\u0443<\/span><\/a>\t<\/div>\n\n\t\n\t\n\t\t<\/div>\n<\/div>\n<div class=\"product-grid-item product wd-hover-standard  col-lg-3 col-md-3 col-6 last  type-product post-365 status-publish first instock product_cat-ladite-din-lemn product_cat-produse-din-lemn has-post-thumbnail shipping-taxable purchasable product-type-simple\" data-loop=\"8\" data-id=\"365\">\n\t\n\t\n<div class=\"product-wrapper\">\n\t<div class=\"product-element-top wd-quick-shop\">\n\t\t<a href=\"https:\/\/arvori.md\/ru\/product\/lada-din-lemn-30-cm-x-35-cm-panglica-rosie-in-stil-etnic\/\" class=\"product-image-link\">\n\t\t\t<img loading=\"lazy\" decoding=\"async\" width=\"300\" height=\"300\" src=\"https:\/\/arvori.md\/wp-content\/uploads\/2024\/02\/1-300x300.jpg\" class=\"attachment-woocommerce_thumbnail size-woocommerce_thumbnail\" alt=\"\" srcset=\"https:\/\/arvori.md\/wp-content\/uploads\/2024\/02\/1-300x300.jpg 300w, https:\/\/arvori.md\/wp-content\/uploads\/2024\/02\/1-150x150.jpg 150w, https:\/\/arvori.md\/wp-content\/uploads\/2024\/02\/1-600x600.jpg 600w, https:\/\/arvori.md\/wp-content\/uploads\/2024\/02\/1-1024x1024.jpg 1024w, https:\/\/arvori.md\/wp-content\/uploads\/2024\/02\/1-768x768.jpg 768w, https:\/\/arvori.md\/wp-content\/uploads\/2024\/02\/1.jpg 1500w\" sizes=\"auto, (max-width: 300px) 100vw, 300px\" \/>\t\t<\/a>\n\n\t\t\t\t\t<div class=\"hover-img\">\n\t\t\t\t<a href=\"https:\/\/arvori.md\/ru\/product\/lada-din-lemn-30-cm-x-35-cm-panglica-rosie-in-stil-etnic\/\">\n\t\t\t\t\t<img loading=\"lazy\" decoding=\"async\" width=\"300\" height=\"400\" src=\"https:\/\/arvori.md\/wp-content\/uploads\/2024\/02\/lazir-80-scaled-300x400.jpg\" class=\"attachment-woocommerce_thumbnail size-woocommerce_thumbnail\" alt=\"\" srcset=\"https:\/\/arvori.md\/wp-content\/uploads\/2024\/02\/lazir-80-scaled-300x400.jpg 300w, https:\/\/arvori.md\/wp-content\/uploads\/2024\/02\/lazir-80-scaled-150x200.jpg 150w, https:\/\/arvori.md\/wp-content\/uploads\/2024\/02\/lazir-80-scaled-600x800.jpg 600w, https:\/\/arvori.md\/wp-content\/uploads\/2024\/02\/lazir-80-225x300.jpg 225w, https:\/\/arvori.md\/wp-content\/uploads\/2024\/02\/lazir-80-768x1024.jpg 768w, https:\/\/arvori.md\/wp-content\/uploads\/2024\/02\/lazir-80-1152x1536.jpg 1152w, https:\/\/arvori.md\/wp-content\/uploads\/2024\/02\/lazir-80-1536x2048.jpg 1536w, https:\/\/arvori.md\/wp-content\/uploads\/2024\/02\/lazir-80-scaled.jpg 1920w\" sizes=\"auto, (max-width: 300px) 100vw, 300px\" \/>\t\t\t\t<\/a>\n\t\t\t<\/div>\n\t\t\t\n\t\t<div class=\"wd-buttons wd-pos-r-t\">\n\t\t\t\t\t\t\t\t\t\t\t<div class=\"quick-view wd-action-btn wd-style-icon wd-quick-view-icon\">\n\t\t\t<a\n\t\t\t\thref=\"https:\/\/arvori.md\/ru\/product\/lada-din-lemn-30-cm-x-35-cm-panglica-rosie-in-stil-etnic\/\"\n\t\t\t\tclass=\"open-quick-view quick-view-button\"\n\t\t\t\trel=\"nofollow\"\n\t\t\t\tdata-id=\"365\"\n\t\t\t\t>Quick view<\/a>\n\t\t<\/div>\n\t\t\t\t\t\t\t\t<div class=\"wd-wishlist-btn wd-action-btn wd-style-icon wd-wishlist-icon\">\n\t\t\t\t<a class=\"\" href=\"https:\/\/arvori.md\/ru\/product\/lada-din-lemn-30-cm-x-35-cm-panglica-rosie-in-stil-etnic\/\" data-key=\"483d58f7e3\" data-product-id=\"365\" rel=\"nofollow\" data-added-text=\"Browse Wishlist\">\n\t\t\t\t\t<span>Add to wishlist<\/span>\n\t\t\t\t<\/a>\n\t\t\t<\/div>\n\t\t\t\t<\/div>\n\t<\/div>\n\n\t\n\t\n\t<h3 class=\"wd-entities-title\"><a href=\"https:\/\/arvori.md\/ru\/product\/lada-din-lemn-30-cm-x-35-cm-panglica-rosie-in-stil-etnic\/\">\u0414\u0435\u0440\u0435\u0432\u044f\u043d\u043d\u044b\u0439 \u044f\u0449\u0438\u043a 30 \u0441\u043c \u0445 35 \u0441\u043c (\u043a\u0440\u0430\u0441\u043d\u0430\u044f \u043b\u0435\u043d\u0442\u0430 \u0432 \u044d\u0442\u043d\u0438\u0447\u0435\u0441\u043a\u043e\u043c \u0441\u0442\u0438\u043b\u0435)<\/a><\/h3>\n\t\t\t<div class=\"wd-product-cats\">\n\t\t\t<a href=\"https:\/\/arvori.md\/ru\/product-category\/produse-din-lemn\/\" rel=\"tag\">\u0418\u0437\u0434\u0435\u043b\u0438\u044f \u0438\u0437 \u0434\u0435\u0440\u0435\u0432\u0430<\/a>, <a href=\"https:\/\/arvori.md\/ru\/product-category\/produse-din-lemn\/ladite-din-lemn\/\" rel=\"tag\">\u0414\u0435\u0440\u0435\u0432\u044f\u043d\u043d\u044b\u0435 \u044f\u0449\u0438\u043a\u0438<\/a>\t\t<\/div>\n\t\t\t\t<div class=\"wd-product-sku\">\n\t\t\t<span class=\"wd-label\">\n\t\t\t\tSKU:\t\t\t<\/span>\n\t\t\t<span>\n\t\t\t\tL-003ER\t\t\t<\/span>\n\t\t<\/div>\n\t\t\t\t\n\t\n\t<span class=\"price\"><span class=\"woocommerce-Price-amount amount\"><bdi>100&nbsp;<span class=\"woocommerce-Price-currencySymbol\">MDL<\/span><\/bdi><\/span><\/span>\n\n\t<div class=\"wd-add-btn wd-add-btn-replace\">\n\t\t\n\t\t<a href=\"\/ru\/wp-json\/wp\/v2\/pages\/383?add-to-cart=365\" data-quantity=\"1\" class=\"button product_type_simple add_to_cart_button ajax_add_to_cart add-to-cart-loop\" data-product_id=\"365\" data-product_sku=\"L-003ER\" aria-label=\"\u0414\u043e\u0431\u0430\u0432\u0438\u0442\u044c \u0432 \u043a\u043e\u0440\u0437\u0438\u043d\u0443 \u201cLad\u0103 din lemn 30 cm x 35 cm (panglic\u0103 ro\u0219ie \u00een stil etnic)\u201d\" rel=\"nofollow\" data-success_message=\"\u00abLad\u0103 din lemn 30 cm x 35 cm (panglic\u0103 ro\u0219ie \u00een stil etnic)\u00bb \u0434\u043e\u0431\u0430\u0432\u043b\u0435\u043d \u0432 \u0432\u0430\u0448\u0443 \u043a\u043e\u0440\u0437\u0438\u043d\u0443\" role=\"button\" data-no-translation-aria-label=\"\" data-no-translation-data-success_message=\"\"><span data-no-translation=\"\" data-trp-gettext=\"\">\u0412 \u043a\u043e\u0440\u0437\u0438\u043d\u0443<\/span><\/a>\t<\/div>\n\n\t\n\t\n\t\t<\/div>\n<\/div>\n<div class=\"product-grid-item product wd-hover-standard  col-lg-3 col-md-3 col-6 first  type-product post-360 status-publish instock product_cat-ladite-din-lemn product_cat-produse-din-lemn has-post-thumbnail shipping-taxable purchasable product-type-simple\" data-loop=\"9\" data-id=\"360\">\n\t\n\t\n<div class=\"product-wrapper\">\n\t<div class=\"product-element-top wd-quick-shop\">\n\t\t<a href=\"https:\/\/arvori.md\/ru\/product\/lada-din-lemn-30-cm-x-35-cm-panglica-albastra-in-stil-etnic\/\" class=\"product-image-link\">\n\t\t\t<img loading=\"lazy\" decoding=\"async\" width=\"300\" height=\"300\" src=\"https:\/\/arvori.md\/wp-content\/uploads\/2024\/02\/poza-principala-23-300x300.jpg\" class=\"attachment-woocommerce_thumbnail size-woocommerce_thumbnail\" alt=\"\" srcset=\"https:\/\/arvori.md\/wp-content\/uploads\/2024\/02\/poza-principala-23-300x300.jpg 300w, https:\/\/arvori.md\/wp-content\/uploads\/2024\/02\/poza-principala-23-150x150.jpg 150w, https:\/\/arvori.md\/wp-content\/uploads\/2024\/02\/poza-principala-23-600x600.jpg 600w, https:\/\/arvori.md\/wp-content\/uploads\/2024\/02\/poza-principala-23-1024x1024.jpg 1024w, https:\/\/arvori.md\/wp-content\/uploads\/2024\/02\/poza-principala-23-768x768.jpg 768w, https:\/\/arvori.md\/wp-content\/uploads\/2024\/02\/poza-principala-23.jpg 1500w\" sizes=\"auto, (max-width: 300px) 100vw, 300px\" \/>\t\t<\/a>\n\n\t\t\t\t\t<div class=\"hover-img\">\n\t\t\t\t<a href=\"https:\/\/arvori.md\/ru\/product\/lada-din-lemn-30-cm-x-35-cm-panglica-albastra-in-stil-etnic\/\">\n\t\t\t\t\t<img loading=\"lazy\" decoding=\"async\" width=\"300\" height=\"400\" src=\"https:\/\/arvori.md\/wp-content\/uploads\/2024\/02\/lazi-11-scaled-300x400.jpg\" class=\"attachment-woocommerce_thumbnail size-woocommerce_thumbnail\" alt=\"\" srcset=\"https:\/\/arvori.md\/wp-content\/uploads\/2024\/02\/lazi-11-scaled-300x400.jpg 300w, https:\/\/arvori.md\/wp-content\/uploads\/2024\/02\/lazi-11-scaled-150x200.jpg 150w, https:\/\/arvori.md\/wp-content\/uploads\/2024\/02\/lazi-11-scaled-600x800.jpg 600w, https:\/\/arvori.md\/wp-content\/uploads\/2024\/02\/lazi-11-225x300.jpg 225w, https:\/\/arvori.md\/wp-content\/uploads\/2024\/02\/lazi-11-768x1024.jpg 768w, https:\/\/arvori.md\/wp-content\/uploads\/2024\/02\/lazi-11-1152x1536.jpg 1152w, https:\/\/arvori.md\/wp-content\/uploads\/2024\/02\/lazi-11-1536x2048.jpg 1536w, https:\/\/arvori.md\/wp-content\/uploads\/2024\/02\/lazi-11-scaled.jpg 1920w\" sizes=\"auto, (max-width: 300px) 100vw, 300px\" \/>\t\t\t\t<\/a>\n\t\t\t<\/div>\n\t\t\t\n\t\t<div class=\"wd-buttons wd-pos-r-t\">\n\t\t\t\t\t\t\t\t\t\t\t<div class=\"quick-view wd-action-btn wd-style-icon wd-quick-view-icon\">\n\t\t\t<a\n\t\t\t\thref=\"https:\/\/arvori.md\/ru\/product\/lada-din-lemn-30-cm-x-35-cm-panglica-albastra-in-stil-etnic\/\"\n\t\t\t\tclass=\"open-quick-view quick-view-button\"\n\t\t\t\trel=\"nofollow\"\n\t\t\t\tdata-id=\"360\"\n\t\t\t\t>Quick view<\/a>\n\t\t<\/div>\n\t\t\t\t\t\t\t\t<div class=\"wd-wishlist-btn wd-action-btn wd-style-icon wd-wishlist-icon\">\n\t\t\t\t<a class=\"\" href=\"https:\/\/arvori.md\/ru\/product\/lada-din-lemn-30-cm-x-35-cm-panglica-albastra-in-stil-etnic\/\" data-key=\"483d58f7e3\" data-product-id=\"360\" rel=\"nofollow\" data-added-text=\"Browse Wishlist\">\n\t\t\t\t\t<span>Add to wishlist<\/span>\n\t\t\t\t<\/a>\n\t\t\t<\/div>\n\t\t\t\t<\/div>\n\t<\/div>\n\n\t\n\t\n\t<h3 class=\"wd-entities-title\"><a href=\"https:\/\/arvori.md\/ru\/product\/lada-din-lemn-30-cm-x-35-cm-panglica-albastra-in-stil-etnic\/\">\u0414\u0435\u0440\u0435\u0432\u044f\u043d\u043d\u044b\u0439 \u044f\u0449\u0438\u043a 30\u0441\u043c \u0445 35\u0441\u043c (\u042d\u0442\u043d\u0438\u0447\u0435\u0441\u043a\u0438\u0439 \u0441\u0442\u0438\u043b\u044c \u0441 \u0441\u0438\u043d\u0435\u0439 \u043b\u0435\u043d\u0442\u043e\u0439)<\/a><\/h3>\n\t\t\t<div class=\"wd-product-cats\">\n\t\t\t<a href=\"https:\/\/arvori.md\/ru\/product-category\/produse-din-lemn\/\" rel=\"tag\">\u0418\u0437\u0434\u0435\u043b\u0438\u044f \u0438\u0437 \u0434\u0435\u0440\u0435\u0432\u0430<\/a>, <a href=\"https:\/\/arvori.md\/ru\/product-category\/produse-din-lemn\/ladite-din-lemn\/\" rel=\"tag\">\u0414\u0435\u0440\u0435\u0432\u044f\u043d\u043d\u044b\u0435 \u044f\u0449\u0438\u043a\u0438<\/a>\t\t<\/div>\n\t\t\t\t<div class=\"wd-product-sku\">\n\t\t\t<span class=\"wd-label\">\n\t\t\t\tSKU:\t\t\t<\/span>\n\t\t\t<span>\n\t\t\t\tL-003EA\t\t\t<\/span>\n\t\t<\/div>\n\t\t\t\t\n\t\n\t<span class=\"price\"><span class=\"woocommerce-Price-amount amount\"><bdi>100&nbsp;<span class=\"woocommerce-Price-currencySymbol\">MDL<\/span><\/bdi><\/span><\/span>\n\n\t<div class=\"wd-add-btn wd-add-btn-replace\">\n\t\t\n\t\t<a href=\"\/ru\/wp-json\/wp\/v2\/pages\/383?add-to-cart=360\" data-quantity=\"1\" class=\"button product_type_simple add_to_cart_button ajax_add_to_cart add-to-cart-loop\" data-product_id=\"360\" data-product_sku=\"L-003EA\" aria-label=\"\u0414\u043e\u0431\u0430\u0432\u0438\u0442\u044c \u0432 \u043a\u043e\u0440\u0437\u0438\u043d\u0443 \u201cLad\u0103 din lemn 30 cm x 35 cm (panglic\u0103 albastr\u0103 \u00een stil etnic)\u201d\" rel=\"nofollow\" data-success_message=\"\u00abLad\u0103 din lemn 30 cm x 35 cm (panglic\u0103 albastr\u0103 \u00een stil etnic)\u00bb \u0434\u043e\u0431\u0430\u0432\u043b\u0435\u043d \u0432 \u0432\u0430\u0448\u0443 \u043a\u043e\u0440\u0437\u0438\u043d\u0443\" role=\"button\" data-no-translation-aria-label=\"\" data-no-translation-data-success_message=\"\"><span data-no-translation=\"\" data-trp-gettext=\"\">\u0412 \u043a\u043e\u0440\u0437\u0438\u043d\u0443<\/span><\/a>\t<\/div>\n\n\t\n\t\n\t\t<\/div>\n<\/div>\n<div class=\"product-grid-item product wd-hover-standard  col-lg-3 col-md-3 col-6 type-product post-359 status-publish instock product_cat-ladite-din-lemn product_cat-produse-din-lemn has-post-thumbnail shipping-taxable purchasable product-type-simple\" data-loop=\"10\" data-id=\"359\">\n\t\n\t\n<div class=\"product-wrapper\">\n\t<div class=\"product-element-top wd-quick-shop\">\n\t\t<a href=\"https:\/\/arvori.md\/ru\/product\/lada-din-lemn-30-cm-x-35-cm-panglica-rosie\/\" class=\"product-image-link\">\n\t\t\t<img loading=\"lazy\" decoding=\"async\" width=\"300\" height=\"300\" src=\"https:\/\/arvori.md\/wp-content\/uploads\/2024\/02\/1-3-300x300.jpg\" class=\"attachment-woocommerce_thumbnail size-woocommerce_thumbnail\" alt=\"\" srcset=\"https:\/\/arvori.md\/wp-content\/uploads\/2024\/02\/1-3-300x300.jpg 300w, https:\/\/arvori.md\/wp-content\/uploads\/2024\/02\/1-3-150x150.jpg 150w, https:\/\/arvori.md\/wp-content\/uploads\/2024\/02\/1-3-600x600.jpg 600w, https:\/\/arvori.md\/wp-content\/uploads\/2024\/02\/1-3-1024x1024.jpg 1024w, https:\/\/arvori.md\/wp-content\/uploads\/2024\/02\/1-3-768x768.jpg 768w, https:\/\/arvori.md\/wp-content\/uploads\/2024\/02\/1-3.jpg 1500w\" sizes=\"auto, (max-width: 300px) 100vw, 300px\" \/>\t\t<\/a>\n\n\t\t\t\t\t<div class=\"hover-img\">\n\t\t\t\t<a href=\"https:\/\/arvori.md\/ru\/product\/lada-din-lemn-30-cm-x-35-cm-panglica-rosie\/\">\n\t\t\t\t\t<img loading=\"lazy\" decoding=\"async\" width=\"300\" height=\"400\" src=\"https:\/\/arvori.md\/wp-content\/uploads\/2024\/02\/lazir-73-scaled-300x400.jpg\" class=\"attachment-woocommerce_thumbnail size-woocommerce_thumbnail\" alt=\"\" srcset=\"https:\/\/arvori.md\/wp-content\/uploads\/2024\/02\/lazir-73-scaled-300x400.jpg 300w, https:\/\/arvori.md\/wp-content\/uploads\/2024\/02\/lazir-73-scaled-150x200.jpg 150w, https:\/\/arvori.md\/wp-content\/uploads\/2024\/02\/lazir-73-scaled-600x800.jpg 600w, https:\/\/arvori.md\/wp-content\/uploads\/2024\/02\/lazir-73-225x300.jpg 225w, https:\/\/arvori.md\/wp-content\/uploads\/2024\/02\/lazir-73-768x1024.jpg 768w, https:\/\/arvori.md\/wp-content\/uploads\/2024\/02\/lazir-73-1152x1536.jpg 1152w, https:\/\/arvori.md\/wp-content\/uploads\/2024\/02\/lazir-73-1536x2048.jpg 1536w, https:\/\/arvori.md\/wp-content\/uploads\/2024\/02\/lazir-73-scaled.jpg 1920w\" sizes=\"auto, (max-width: 300px) 100vw, 300px\" \/>\t\t\t\t<\/a>\n\t\t\t<\/div>\n\t\t\t\n\t\t<div class=\"wd-buttons wd-pos-r-t\">\n\t\t\t\t\t\t\t\t\t\t\t<div class=\"quick-view wd-action-btn wd-style-icon wd-quick-view-icon\">\n\t\t\t<a\n\t\t\t\thref=\"https:\/\/arvori.md\/ru\/product\/lada-din-lemn-30-cm-x-35-cm-panglica-rosie\/\"\n\t\t\t\tclass=\"open-quick-view quick-view-button\"\n\t\t\t\trel=\"nofollow\"\n\t\t\t\tdata-id=\"359\"\n\t\t\t\t>Quick view<\/a>\n\t\t<\/div>\n\t\t\t\t\t\t\t\t<div class=\"wd-wishlist-btn wd-action-btn wd-style-icon wd-wishlist-icon\">\n\t\t\t\t<a class=\"\" href=\"https:\/\/arvori.md\/ru\/product\/lada-din-lemn-30-cm-x-35-cm-panglica-rosie\/\" data-key=\"483d58f7e3\" data-product-id=\"359\" rel=\"nofollow\" data-added-text=\"Browse Wishlist\">\n\t\t\t\t\t<span>Add to wishlist<\/span>\n\t\t\t\t<\/a>\n\t\t\t<\/div>\n\t\t\t\t<\/div>\n\t<\/div>\n\n\t\n\t\n\t<h3 class=\"wd-entities-title\"><a href=\"https:\/\/arvori.md\/ru\/product\/lada-din-lemn-30-cm-x-35-cm-panglica-rosie\/\">\u042f\u0449\u0438\u043a \u0434\u0435\u0440\u0435\u0432\u044f\u043d\u043d\u044b\u0439 30 \u0441\u043c \u0445 35 \u0441\u043c (\u043a\u0440\u0430\u0441\u043d\u0430\u044f \u043b\u0435\u043d\u0442\u0430)<\/a><\/h3>\n\t\t\t<div class=\"wd-product-cats\">\n\t\t\t<a href=\"https:\/\/arvori.md\/ru\/product-category\/produse-din-lemn\/\" rel=\"tag\">\u0418\u0437\u0434\u0435\u043b\u0438\u044f \u0438\u0437 \u0434\u0435\u0440\u0435\u0432\u0430<\/a>, <a href=\"https:\/\/arvori.md\/ru\/product-category\/produse-din-lemn\/ladite-din-lemn\/\" rel=\"tag\">\u0414\u0435\u0440\u0435\u0432\u044f\u043d\u043d\u044b\u0435 \u044f\u0449\u0438\u043a\u0438<\/a>\t\t<\/div>\n\t\t\t\t<div class=\"wd-product-sku\">\n\t\t\t<span class=\"wd-label\">\n\t\t\t\tSKU:\t\t\t<\/span>\n\t\t\t<span>\n\t\t\t\tL-003R\t\t\t<\/span>\n\t\t<\/div>\n\t\t\t\t\n\t\n\t<span class=\"price\"><span class=\"woocommerce-Price-amount amount\"><bdi>100&nbsp;<span class=\"woocommerce-Price-currencySymbol\">MDL<\/span><\/bdi><\/span><\/span>\n\n\t<div class=\"wd-add-btn wd-add-btn-replace\">\n\t\t\n\t\t<a href=\"\/ru\/wp-json\/wp\/v2\/pages\/383?add-to-cart=359\" data-quantity=\"1\" class=\"button product_type_simple add_to_cart_button ajax_add_to_cart add-to-cart-loop\" data-product_id=\"359\" data-product_sku=\"L-003R\" aria-label=\"\u0414\u043e\u0431\u0430\u0432\u0438\u0442\u044c \u0432 \u043a\u043e\u0440\u0437\u0438\u043d\u0443 \u201cLad\u0103 din lemn 30 cm x 35 cm (panglic\u0103 ro\u0219ie)\u201d\" rel=\"nofollow\" data-success_message=\"\u00abLad\u0103 din lemn 30 cm x 35 cm (panglic\u0103 ro\u0219ie)\u00bb \u0434\u043e\u0431\u0430\u0432\u043b\u0435\u043d \u0432 \u0432\u0430\u0448\u0443 \u043a\u043e\u0440\u0437\u0438\u043d\u0443\" role=\"button\" data-no-translation-aria-label=\"\" data-no-translation-data-success_message=\"\"><span data-no-translation=\"\" data-trp-gettext=\"\">\u0412 \u043a\u043e\u0440\u0437\u0438\u043d\u0443<\/span><\/a>\t<\/div>\n\n\t\n\t\n\t\t<\/div>\n<\/div>\n<div class=\"product-grid-item product wd-hover-standard  col-lg-3 col-md-3 col-6 type-product post-358 status-publish last instock product_cat-ladite-din-lemn product_cat-produse-din-lemn has-post-thumbnail shipping-taxable purchasable product-type-simple\" data-loop=\"11\" data-id=\"358\">\n\t\n\t\n<div class=\"product-wrapper\">\n\t<div class=\"product-element-top wd-quick-shop\">\n\t\t<a href=\"https:\/\/arvori.md\/ru\/product\/lada-din-lemn-30-cm-x-35-cm-panglica-albastra\/\" class=\"product-image-link\">\n\t\t\t<img loading=\"lazy\" decoding=\"async\" width=\"300\" height=\"300\" src=\"https:\/\/arvori.md\/wp-content\/uploads\/2024\/02\/lazi-16-1-300x300.jpg\" class=\"attachment-woocommerce_thumbnail size-woocommerce_thumbnail\" alt=\"\" srcset=\"https:\/\/arvori.md\/wp-content\/uploads\/2024\/02\/lazi-16-1-300x300.jpg 300w, https:\/\/arvori.md\/wp-content\/uploads\/2024\/02\/lazi-16-1-150x150.jpg 150w, https:\/\/arvori.md\/wp-content\/uploads\/2024\/02\/lazi-16-1-600x600.jpg 600w, https:\/\/arvori.md\/wp-content\/uploads\/2024\/02\/lazi-16-1-1024x1024.jpg 1024w, https:\/\/arvori.md\/wp-content\/uploads\/2024\/02\/lazi-16-1-768x768.jpg 768w, https:\/\/arvori.md\/wp-content\/uploads\/2024\/02\/lazi-16-1.jpg 1500w\" sizes=\"auto, (max-width: 300px) 100vw, 300px\" \/>\t\t<\/a>\n\n\t\t\t\t\t<div class=\"hover-img\">\n\t\t\t\t<a href=\"https:\/\/arvori.md\/ru\/product\/lada-din-lemn-30-cm-x-35-cm-panglica-albastra\/\">\n\t\t\t\t\t<img loading=\"lazy\" decoding=\"async\" width=\"300\" height=\"300\" src=\"https:\/\/arvori.md\/wp-content\/uploads\/2024\/02\/poza-principala-13-300x300.jpg\" class=\"attachment-woocommerce_thumbnail size-woocommerce_thumbnail\" alt=\"\" srcset=\"https:\/\/arvori.md\/wp-content\/uploads\/2024\/02\/poza-principala-13-300x300.jpg 300w, https:\/\/arvori.md\/wp-content\/uploads\/2024\/02\/poza-principala-13-150x150.jpg 150w, https:\/\/arvori.md\/wp-content\/uploads\/2024\/02\/poza-principala-13-600x600.jpg 600w, https:\/\/arvori.md\/wp-content\/uploads\/2024\/02\/poza-principala-13-1024x1024.jpg 1024w, https:\/\/arvori.md\/wp-content\/uploads\/2024\/02\/poza-principala-13-768x768.jpg 768w, https:\/\/arvori.md\/wp-content\/uploads\/2024\/02\/poza-principala-13.jpg 1500w\" sizes=\"auto, (max-width: 300px) 100vw, 300px\" \/>\t\t\t\t<\/a>\n\t\t\t<\/div>\n\t\t\t\n\t\t<div class=\"wd-buttons wd-pos-r-t\">\n\t\t\t\t\t\t\t\t\t\t\t<div class=\"quick-view wd-action-btn wd-style-icon wd-quick-view-icon\">\n\t\t\t<a\n\t\t\t\thref=\"https:\/\/arvori.md\/ru\/product\/lada-din-lemn-30-cm-x-35-cm-panglica-albastra\/\"\n\t\t\t\tclass=\"open-quick-view quick-view-button\"\n\t\t\t\trel=\"nofollow\"\n\t\t\t\tdata-id=\"358\"\n\t\t\t\t>Quick view<\/a>\n\t\t<\/div>\n\t\t\t\t\t\t\t\t<div class=\"wd-wishlist-btn wd-action-btn wd-style-icon wd-wishlist-icon\">\n\t\t\t\t<a class=\"\" href=\"https:\/\/arvori.md\/ru\/product\/lada-din-lemn-30-cm-x-35-cm-panglica-albastra\/\" data-key=\"483d58f7e3\" data-product-id=\"358\" rel=\"nofollow\" data-added-text=\"Browse Wishlist\">\n\t\t\t\t\t<span>Add to wishlist<\/span>\n\t\t\t\t<\/a>\n\t\t\t<\/div>\n\t\t\t\t<\/div>\n\t<\/div>\n\n\t\n\t\n\t<h3 class=\"wd-entities-title\"><a href=\"https:\/\/arvori.md\/ru\/product\/lada-din-lemn-30-cm-x-35-cm-panglica-albastra\/\">\u042f\u0449\u0438\u043a \u0434\u0435\u0440\u0435\u0432\u044f\u043d\u043d\u044b\u0439 30 \u0441\u043c \u0445 35 \u0441\u043c (\u0441\u0438\u043d\u044f\u044f \u043b\u0435\u043d\u0442\u0430)<\/a><\/h3>\n\t\t\t<div class=\"wd-product-cats\">\n\t\t\t<a href=\"https:\/\/arvori.md\/ru\/product-category\/produse-din-lemn\/\" rel=\"tag\">\u0418\u0437\u0434\u0435\u043b\u0438\u044f \u0438\u0437 \u0434\u0435\u0440\u0435\u0432\u0430<\/a>, <a href=\"https:\/\/arvori.md\/ru\/product-category\/produse-din-lemn\/ladite-din-lemn\/\" rel=\"tag\">\u0414\u0435\u0440\u0435\u0432\u044f\u043d\u043d\u044b\u0435 \u044f\u0449\u0438\u043a\u0438<\/a>\t\t<\/div>\n\t\t\t\t<div class=\"wd-product-sku\">\n\t\t\t<span class=\"wd-label\">\n\t\t\t\tSKU:\t\t\t<\/span>\n\t\t\t<span>\n\t\t\t\tL-003A\t\t\t<\/span>\n\t\t<\/div>\n\t\t\t\t\n\t\n\t<span class=\"price\"><span class=\"woocommerce-Price-amount amount\"><bdi>100&nbsp;<span class=\"woocommerce-Price-currencySymbol\">MDL<\/span><\/bdi><\/span><\/span>\n\n\t<div class=\"wd-add-btn wd-add-btn-replace\">\n\t\t\n\t\t<a href=\"\/ru\/wp-json\/wp\/v2\/pages\/383?add-to-cart=358\" data-quantity=\"1\" class=\"button product_type_simple add_to_cart_button ajax_add_to_cart add-to-cart-loop\" data-product_id=\"358\" data-product_sku=\"L-003A\" aria-label=\"\u0414\u043e\u0431\u0430\u0432\u0438\u0442\u044c \u0432 \u043a\u043e\u0440\u0437\u0438\u043d\u0443 \u201cLad\u0103 din lemn 30 cm x 35 cm (panglic\u0103 albastr\u0103)\u201d\" rel=\"nofollow\" data-success_message=\"\u00abLad\u0103 din lemn 30 cm x 35 cm (panglic\u0103 albastr\u0103)\u00bb \u0434\u043e\u0431\u0430\u0432\u043b\u0435\u043d \u0432 \u0432\u0430\u0448\u0443 \u043a\u043e\u0440\u0437\u0438\u043d\u0443\" role=\"button\" data-no-translation-aria-label=\"\" data-no-translation-data-success_message=\"\"><span data-no-translation=\"\" data-trp-gettext=\"\">\u0412 \u043a\u043e\u0440\u0437\u0438\u043d\u0443<\/span><\/a>\t<\/div>\n\n\t\n\t\n\t\t<\/div>\n<\/div>\n<div class=\"product-grid-item product wd-hover-standard  col-lg-3 col-md-3 col-6 last  type-product post-353 status-publish first instock product_cat-ladite-din-lemn product_cat-produse-din-lemn has-post-thumbnail shipping-taxable purchasable product-type-simple\" data-loop=\"12\" data-id=\"353\">\n\t\n\t\n<div class=\"product-wrapper\">\n\t<div class=\"product-element-top wd-quick-shop\">\n\t\t<a href=\"https:\/\/arvori.md\/ru\/product\/lada-din-lemn-30-cm-x-30-cm-panglica-rosie-in-stil-etnic\/\" class=\"product-image-link\">\n\t\t\t<img loading=\"lazy\" decoding=\"async\" width=\"300\" height=\"300\" src=\"https:\/\/arvori.md\/wp-content\/uploads\/2024\/02\/1-300x300.jpg\" class=\"attachment-woocommerce_thumbnail size-woocommerce_thumbnail\" alt=\"\" srcset=\"https:\/\/arvori.md\/wp-content\/uploads\/2024\/02\/1-300x300.jpg 300w, https:\/\/arvori.md\/wp-content\/uploads\/2024\/02\/1-150x150.jpg 150w, https:\/\/arvori.md\/wp-content\/uploads\/2024\/02\/1-600x600.jpg 600w, https:\/\/arvori.md\/wp-content\/uploads\/2024\/02\/1-1024x1024.jpg 1024w, https:\/\/arvori.md\/wp-content\/uploads\/2024\/02\/1-768x768.jpg 768w, https:\/\/arvori.md\/wp-content\/uploads\/2024\/02\/1.jpg 1500w\" sizes=\"auto, (max-width: 300px) 100vw, 300px\" \/>\t\t<\/a>\n\n\t\t\t\t\t<div class=\"hover-img\">\n\t\t\t\t<a href=\"https:\/\/arvori.md\/ru\/product\/lada-din-lemn-30-cm-x-30-cm-panglica-rosie-in-stil-etnic\/\">\n\t\t\t\t\t<img loading=\"lazy\" decoding=\"async\" width=\"300\" height=\"400\" src=\"https:\/\/arvori.md\/wp-content\/uploads\/2024\/02\/lazir-80-scaled-300x400.jpg\" class=\"attachment-woocommerce_thumbnail size-woocommerce_thumbnail\" alt=\"\" srcset=\"https:\/\/arvori.md\/wp-content\/uploads\/2024\/02\/lazir-80-scaled-300x400.jpg 300w, https:\/\/arvori.md\/wp-content\/uploads\/2024\/02\/lazir-80-scaled-150x200.jpg 150w, https:\/\/arvori.md\/wp-content\/uploads\/2024\/02\/lazir-80-scaled-600x800.jpg 600w, https:\/\/arvori.md\/wp-content\/uploads\/2024\/02\/lazir-80-225x300.jpg 225w, https:\/\/arvori.md\/wp-content\/uploads\/2024\/02\/lazir-80-768x1024.jpg 768w, https:\/\/arvori.md\/wp-content\/uploads\/2024\/02\/lazir-80-1152x1536.jpg 1152w, https:\/\/arvori.md\/wp-content\/uploads\/2024\/02\/lazir-80-1536x2048.jpg 1536w, https:\/\/arvori.md\/wp-content\/uploads\/2024\/02\/lazir-80-scaled.jpg 1920w\" sizes=\"auto, (max-width: 300px) 100vw, 300px\" \/>\t\t\t\t<\/a>\n\t\t\t<\/div>\n\t\t\t\n\t\t<div class=\"wd-buttons wd-pos-r-t\">\n\t\t\t\t\t\t\t\t\t\t\t<div class=\"quick-view wd-action-btn wd-style-icon wd-quick-view-icon\">\n\t\t\t<a\n\t\t\t\thref=\"https:\/\/arvori.md\/ru\/product\/lada-din-lemn-30-cm-x-30-cm-panglica-rosie-in-stil-etnic\/\"\n\t\t\t\tclass=\"open-quick-view quick-view-button\"\n\t\t\t\trel=\"nofollow\"\n\t\t\t\tdata-id=\"353\"\n\t\t\t\t>Quick view<\/a>\n\t\t<\/div>\n\t\t\t\t\t\t\t\t<div class=\"wd-wishlist-btn wd-action-btn wd-style-icon wd-wishlist-icon\">\n\t\t\t\t<a class=\"\" href=\"https:\/\/arvori.md\/ru\/product\/lada-din-lemn-30-cm-x-30-cm-panglica-rosie-in-stil-etnic\/\" data-key=\"483d58f7e3\" data-product-id=\"353\" rel=\"nofollow\" data-added-text=\"Browse Wishlist\">\n\t\t\t\t\t<span>Add to wishlist<\/span>\n\t\t\t\t<\/a>\n\t\t\t<\/div>\n\t\t\t\t<\/div>\n\t<\/div>\n\n\t\n\t\n\t<h3 class=\"wd-entities-title\"><a href=\"https:\/\/arvori.md\/ru\/product\/lada-din-lemn-30-cm-x-30-cm-panglica-rosie-in-stil-etnic\/\">\u042f\u0449\u0438\u043a \u0434\u0435\u0440\u0435\u0432\u044f\u043d\u043d\u044b\u0439 30 \u0441\u043c \u0445 30 \u0441\u043c (\u043a\u0440\u0430\u0441\u043d\u0430\u044f \u043b\u0435\u043d\u0442\u0430 \u0432 \u044d\u0442\u043d\u0438\u0447\u0435\u0441\u043a\u043e\u043c \u0441\u0442\u0438\u043b\u0435)<\/a><\/h3>\n\t\t\t<div class=\"wd-product-cats\">\n\t\t\t<a href=\"https:\/\/arvori.md\/ru\/product-category\/produse-din-lemn\/\" rel=\"tag\">\u0418\u0437\u0434\u0435\u043b\u0438\u044f \u0438\u0437 \u0434\u0435\u0440\u0435\u0432\u0430<\/a>, <a href=\"https:\/\/arvori.md\/ru\/product-category\/produse-din-lemn\/ladite-din-lemn\/\" rel=\"tag\">\u0414\u0435\u0440\u0435\u0432\u044f\u043d\u043d\u044b\u0435 \u044f\u0449\u0438\u043a\u0438<\/a>\t\t<\/div>\n\t\t\t\t<div class=\"wd-product-sku\">\n\t\t\t<span class=\"wd-label\">\n\t\t\t\tSKU:\t\t\t<\/span>\n\t\t\t<span>\n\t\t\t\tL-002ER\t\t\t<\/span>\n\t\t<\/div>\n\t\t\t\t\n\t\n\t<span class=\"price\"><span class=\"woocommerce-Price-amount amount\"><bdi>95&nbsp;<span class=\"woocommerce-Price-currencySymbol\">MDL<\/span><\/bdi><\/span><\/span>\n\n\t<div class=\"wd-add-btn wd-add-btn-replace\">\n\t\t\n\t\t<a href=\"\/ru\/wp-json\/wp\/v2\/pages\/383?add-to-cart=353\" data-quantity=\"1\" class=\"button product_type_simple add_to_cart_button ajax_add_to_cart add-to-cart-loop\" data-product_id=\"353\" data-product_sku=\"L-002ER\" aria-label=\"\u0414\u043e\u0431\u0430\u0432\u0438\u0442\u044c \u0432 \u043a\u043e\u0440\u0437\u0438\u043d\u0443 \u201cLad\u0103 din lemn 30 cm x 30 cm (panglic\u0103 ro\u0219ie \u00een stil etnic)\u201d\" rel=\"nofollow\" data-success_message=\"\u00abLad\u0103 din lemn 30 cm x 30 cm (panglic\u0103 ro\u0219ie \u00een stil etnic)\u00bb \u0434\u043e\u0431\u0430\u0432\u043b\u0435\u043d \u0432 \u0432\u0430\u0448\u0443 \u043a\u043e\u0440\u0437\u0438\u043d\u0443\" role=\"button\" data-no-translation-aria-label=\"\" data-no-translation-data-success_message=\"\"><span data-no-translation=\"\" data-trp-gettext=\"\">\u0412 \u043a\u043e\u0440\u0437\u0438\u043d\u0443<\/span><\/a>\t<\/div>\n\n\t\n\t\n\t\t<\/div>\n<\/div>\n\t\t\t<\/div>\n\t\t\t<\/div><\/div><\/div><\/div><\/div><div class=\"vc_row wpb_row vc_row-fluid\"><div class=\"wpb_column vc_column_container vc_col-sm-12 vc_hidden-lg vc_hidden-md vc_hidden-sm vc_hidden-xs wd-rs-65c638e74f74d\"><div class=\"vc_column-inner\"><div class=\"wpb_wrapper\">\n\t\t<div id=\"wd-65c4a11416b50\" class=\"title-wrapper wd-wpb set-mb-s reset-last-child  wd-rs-65c4a11416b50 wd-title-color-default wd-title-style-bordered text-left  wd-underline-colored\">\n\t\t\t\n\t\t\t<div class=\"liner-continer\">\n\t\t\t\t<h4 class=\"woodmart-title-container title  wd-font-weight- wd-fontsize-m\" >Pasul 2 - Alege platoul din lemn<\/h4>\n\t\t\t\t\t\t\t<\/div>\n\t\t\t\n\t\t\t\n\t\t\t\n\t\t<\/div>\n\t\t\n\t\t\t\t\t<div class=\"wd-products-element wd-rs-65c4a1414df63\">\n\t\t\t\n\t\t\n\t\t\t\t\t<div class=\"products elements-grid align-items-start row wd-products-holder  wd-spacing-20 grid-columns-4 pagination- align-items-start\" data-paged=\"1\" data-atts=\"{&quot;element_title&quot;:&quot;&quot;,&quot;post_type&quot;:&quot;product&quot;,&quot;layout&quot;:&quot;grid&quot;,&quot;include&quot;:&quot;&quot;,&quot;custom_query&quot;:&quot;&quot;,&quot;taxonomies&quot;:&quot;29&quot;,&quot;pagination&quot;:&quot;&quot;,&quot;items_per_page&quot;:12,&quot;product_hover&quot;:&quot;inherit&quot;,&quot;spacing&quot;:&quot;20&quot;,&quot;columns&quot;:4,&quot;columns_tablet&quot;:&quot;auto&quot;,&quot;columns_mobile&quot;:&quot;auto&quot;,&quot;sale_countdown&quot;:&quot;0&quot;,&quot;stretch_product_desktop&quot;:0,&quot;stretch_product_tablet&quot;:0,&quot;stretch_product_mobile&quot;:0,&quot;stock_progress_bar&quot;:&quot;0&quot;,&quot;highlighted_products&quot;:&quot;0&quot;,&quot;products_bordered_grid&quot;:&quot;0&quot;,&quot;products_bordered_grid_style&quot;:&quot;outside&quot;,&quot;products_with_background&quot;:&quot;0&quot;,&quot;products_shadow&quot;:&quot;0&quot;,&quot;products_color_scheme&quot;:&quot;default&quot;,&quot;product_quantity&quot;:0,&quot;grid_gallery&quot;:&quot;&quot;,&quot;grid_gallery_control&quot;:&quot;&quot;,&quot;grid_gallery_enable_arrows&quot;:&quot;&quot;,&quot;offset&quot;:&quot;&quot;,&quot;orderby&quot;:&quot;&quot;,&quot;query_type&quot;:&quot;OR&quot;,&quot;order&quot;:&quot;&quot;,&quot;meta_key&quot;:&quot;&quot;,&quot;exclude&quot;:&quot;&quot;,&quot;class&quot;:&quot;&quot;,&quot;ajax_page&quot;:&quot;&quot;,&quot;speed&quot;:&quot;5000&quot;,&quot;slides_per_view&quot;:&quot;4&quot;,&quot;slides_per_view_tablet&quot;:&quot;auto&quot;,&quot;slides_per_view_mobile&quot;:&quot;auto&quot;,&quot;wrap&quot;:&quot;&quot;,&quot;autoplay&quot;:&quot;no&quot;,&quot;center_mode&quot;:&quot;no&quot;,&quot;hide_pagination_control&quot;:&quot;&quot;,&quot;hide_prev_next_buttons&quot;:&quot;&quot;,&quot;scroll_per_page&quot;:&quot;yes&quot;,&quot;img_size&quot;:&quot;woocommerce_thumbnail&quot;,&quot;force_not_ajax&quot;:&quot;no&quot;,&quot;products_masonry&quot;:&quot;0&quot;,&quot;products_different_sizes&quot;:&quot;0&quot;,&quot;lazy_loading&quot;:&quot;no&quot;,&quot;scroll_carousel_init&quot;:&quot;no&quot;,&quot;el_class&quot;:&quot;&quot;,&quot;shop_tools&quot;:&quot;no&quot;,&quot;query_post_type&quot;:&quot;product&quot;,&quot;hide_out_of_stock&quot;:&quot;no&quot;,&quot;css&quot;:&quot;&quot;,&quot;woodmart_css_id&quot;:&quot;65c4a1414df63&quot;,&quot;ajax_recently_viewed&quot;:&quot;no&quot;,&quot;is_wishlist&quot;:&quot;&quot;}\" data-source=\"shortcode\" data-columns=\"4\" data-grid-gallery=\"\">\n\t\t\t<div class=\"product-grid-item product wd-hover-standard  col-lg-3 col-md-3 col-6 first  type-product post-120 status-publish instock product_cat-platouri-din-lemn product_cat-produse-din-lemn has-post-thumbnail shipping-taxable purchasable product-type-simple\" data-loop=\"1\" data-id=\"120\">\n\t\n\t\n<div class=\"product-wrapper\">\n\t<div class=\"product-element-top wd-quick-shop\">\n\t\t<a href=\"https:\/\/arvori.md\/ru\/product\/platou-din-lemn-spic-de-grau\/\" class=\"product-image-link\">\n\t\t\t<img loading=\"lazy\" decoding=\"async\" width=\"300\" height=\"300\" src=\"https:\/\/arvori.md\/wp-content\/uploads\/2023\/12\/C-015-poza-principala-300x300.jpg\" class=\"attachment-woocommerce_thumbnail size-woocommerce_thumbnail\" alt=\"\" srcset=\"https:\/\/arvori.md\/wp-content\/uploads\/2023\/12\/C-015-poza-principala-300x300.jpg 300w, https:\/\/arvori.md\/wp-content\/uploads\/2023\/12\/C-015-poza-principala-150x150.jpg 150w, https:\/\/arvori.md\/wp-content\/uploads\/2023\/12\/C-015-poza-principala-600x600.jpg 600w, https:\/\/arvori.md\/wp-content\/uploads\/2023\/12\/C-015-poza-principala-1024x1024.jpg 1024w, https:\/\/arvori.md\/wp-content\/uploads\/2023\/12\/C-015-poza-principala-768x768.jpg 768w, https:\/\/arvori.md\/wp-content\/uploads\/2023\/12\/C-015-poza-principala.jpg 1500w\" sizes=\"auto, (max-width: 300px) 100vw, 300px\" \/>\t\t<\/a>\n\n\t\t\t\t\t<div class=\"hover-img\">\n\t\t\t\t<a href=\"https:\/\/arvori.md\/ru\/product\/platou-din-lemn-spic-de-grau\/\">\n\t\t\t\t\t<img loading=\"lazy\" decoding=\"async\" width=\"300\" height=\"300\" src=\"https:\/\/arvori.md\/wp-content\/uploads\/2023\/12\/C-015-B-300x300.jpg\" class=\"attachment-woocommerce_thumbnail size-woocommerce_thumbnail\" alt=\"\" srcset=\"https:\/\/arvori.md\/wp-content\/uploads\/2023\/12\/C-015-B-300x300.jpg 300w, https:\/\/arvori.md\/wp-content\/uploads\/2023\/12\/C-015-B-150x150.jpg 150w, https:\/\/arvori.md\/wp-content\/uploads\/2023\/12\/C-015-B-600x600.jpg 600w, https:\/\/arvori.md\/wp-content\/uploads\/2023\/12\/C-015-B-1024x1024.jpg 1024w, https:\/\/arvori.md\/wp-content\/uploads\/2023\/12\/C-015-B-768x768.jpg 768w, https:\/\/arvori.md\/wp-content\/uploads\/2023\/12\/C-015-B.jpg 1500w\" sizes=\"auto, (max-width: 300px) 100vw, 300px\" \/>\t\t\t\t<\/a>\n\t\t\t<\/div>\n\t\t\t\n\t\t<div class=\"wd-buttons wd-pos-r-t\">\n\t\t\t\t\t\t\t\t\t\t\t<div class=\"quick-view wd-action-btn wd-style-icon wd-quick-view-icon\">\n\t\t\t<a\n\t\t\t\thref=\"https:\/\/arvori.md\/ru\/product\/platou-din-lemn-spic-de-grau\/\"\n\t\t\t\tclass=\"open-quick-view quick-view-button\"\n\t\t\t\trel=\"nofollow\"\n\t\t\t\tdata-id=\"120\"\n\t\t\t\t>Quick view<\/a>\n\t\t<\/div>\n\t\t\t\t\t\t\t\t<div class=\"wd-wishlist-btn wd-action-btn wd-style-icon wd-wishlist-icon\">\n\t\t\t\t<a class=\"\" href=\"https:\/\/arvori.md\/ru\/product\/platou-din-lemn-spic-de-grau\/\" data-key=\"483d58f7e3\" data-product-id=\"120\" rel=\"nofollow\" data-added-text=\"Browse Wishlist\">\n\t\t\t\t\t<span>Add to wishlist<\/span>\n\t\t\t\t<\/a>\n\t\t\t<\/div>\n\t\t\t\t<\/div>\n\t<\/div>\n\n\t\n\t\n\t<h3 class=\"wd-entities-title\"><a href=\"https:\/\/arvori.md\/ru\/product\/platou-din-lemn-spic-de-grau\/\">\u0414\u0435\u0440\u0435\u0432\u044f\u043d\u043d\u044b\u0439 \u043f\u043e\u0434\u043d\u043e\u0441 \"\u041a\u043e\u043b\u043e\u0441\"<\/a><\/h3>\n\t\t\t<div class=\"wd-product-cats\">\n\t\t\t<a href=\"https:\/\/arvori.md\/ru\/product-category\/produse-din-lemn\/\" rel=\"tag\">\u0418\u0437\u0434\u0435\u043b\u0438\u044f \u0438\u0437 \u0434\u0435\u0440\u0435\u0432\u0430<\/a>, <a href=\"https:\/\/arvori.md\/ru\/product-category\/produse-din-lemn\/platouri-din-lemn\/\" rel=\"tag\">\u0414\u0435\u0440\u0435\u0432\u044f\u043d\u043d\u044b\u0435 \u043f\u043e\u0434\u043d\u043e\u0441\u044b<\/a>\t\t<\/div>\n\t\t\t\t<div class=\"wd-product-sku\">\n\t\t\t<span class=\"wd-label\">\n\t\t\t\tSKU:\t\t\t<\/span>\n\t\t\t<span>\n\t\t\t\tC-015\t\t\t<\/span>\n\t\t<\/div>\n\t\t\t\t\n\t\n\t<span class=\"price\"><span class=\"woocommerce-Price-amount amount\"><bdi>360&nbsp;<span class=\"woocommerce-Price-currencySymbol\">MDL<\/span><\/bdi><\/span><\/span>\n\n\t<div class=\"wd-add-btn wd-add-btn-replace\">\n\t\t\n\t\t<a href=\"\/ru\/wp-json\/wp\/v2\/pages\/383?add-to-cart=120\" data-quantity=\"1\" class=\"button product_type_simple add_to_cart_button ajax_add_to_cart add-to-cart-loop\" data-product_id=\"120\" data-product_sku=\"C-015\" aria-label=\"\u0414\u043e\u0431\u0430\u0432\u0438\u0442\u044c \u0432 \u043a\u043e\u0440\u0437\u0438\u043d\u0443 \u201cPlatou din lemn \u201dSpic de gr\u00e2u\u201d\u201d\" rel=\"nofollow\" data-success_message=\"\u00abPlatou din lemn \u201dSpic de gr\u00e2u\u201d\u00bb \u0434\u043e\u0431\u0430\u0432\u043b\u0435\u043d \u0432 \u0432\u0430\u0448\u0443 \u043a\u043e\u0440\u0437\u0438\u043d\u0443\" role=\"button\" data-no-translation-aria-label=\"\" data-no-translation-data-success_message=\"\"><span data-no-translation=\"\" data-trp-gettext=\"\">\u0412 \u043a\u043e\u0440\u0437\u0438\u043d\u0443<\/span><\/a>\t<\/div>\n\n\t\n\t\n\t\t<\/div>\n<\/div>\n<div class=\"product-grid-item product wd-hover-standard  col-lg-3 col-md-3 col-6 type-product post-108 status-publish instock product_cat-platouri-din-lemn product_cat-produse-din-lemn has-post-thumbnail shipping-taxable purchasable product-type-simple\" data-loop=\"2\" data-id=\"108\">\n\t\n\t\n<div class=\"product-wrapper\">\n\t<div class=\"product-element-top wd-quick-shop\">\n\t\t<a href=\"https:\/\/arvori.md\/ru\/product\/platou-din-lemn-oval-cu-3-compartimente\/\" class=\"product-image-link\">\n\t\t\t<img loading=\"lazy\" decoding=\"async\" width=\"300\" height=\"300\" src=\"https:\/\/arvori.md\/wp-content\/uploads\/2023\/12\/C-012-poza-principala-300x300.jpg\" class=\"attachment-woocommerce_thumbnail size-woocommerce_thumbnail\" alt=\"\" srcset=\"https:\/\/arvori.md\/wp-content\/uploads\/2023\/12\/C-012-poza-principala-300x300.jpg 300w, https:\/\/arvori.md\/wp-content\/uploads\/2023\/12\/C-012-poza-principala-150x150.jpg 150w, https:\/\/arvori.md\/wp-content\/uploads\/2023\/12\/C-012-poza-principala-600x600.jpg 600w, https:\/\/arvori.md\/wp-content\/uploads\/2023\/12\/C-012-poza-principala-1024x1024.jpg 1024w, https:\/\/arvori.md\/wp-content\/uploads\/2023\/12\/C-012-poza-principala-768x768.jpg 768w, https:\/\/arvori.md\/wp-content\/uploads\/2023\/12\/C-012-poza-principala.jpg 1500w\" sizes=\"auto, (max-width: 300px) 100vw, 300px\" \/>\t\t<\/a>\n\n\t\t\t\t\t<div class=\"hover-img\">\n\t\t\t\t<a href=\"https:\/\/arvori.md\/ru\/product\/platou-din-lemn-oval-cu-3-compartimente\/\">\n\t\t\t\t\t<img loading=\"lazy\" decoding=\"async\" width=\"300\" height=\"300\" src=\"https:\/\/arvori.md\/wp-content\/uploads\/2023\/12\/C-012A-300x300.jpg\" class=\"attachment-woocommerce_thumbnail size-woocommerce_thumbnail\" alt=\"\" srcset=\"https:\/\/arvori.md\/wp-content\/uploads\/2023\/12\/C-012A-300x300.jpg 300w, https:\/\/arvori.md\/wp-content\/uploads\/2023\/12\/C-012A-150x150.jpg 150w, https:\/\/arvori.md\/wp-content\/uploads\/2023\/12\/C-012A-600x600.jpg 600w, https:\/\/arvori.md\/wp-content\/uploads\/2023\/12\/C-012A-1024x1024.jpg 1024w, https:\/\/arvori.md\/wp-content\/uploads\/2023\/12\/C-012A-768x768.jpg 768w, https:\/\/arvori.md\/wp-content\/uploads\/2023\/12\/C-012A.jpg 1500w\" sizes=\"auto, (max-width: 300px) 100vw, 300px\" \/>\t\t\t\t<\/a>\n\t\t\t<\/div>\n\t\t\t\n\t\t<div class=\"wd-buttons wd-pos-r-t\">\n\t\t\t\t\t\t\t\t\t\t\t<div class=\"quick-view wd-action-btn wd-style-icon wd-quick-view-icon\">\n\t\t\t<a\n\t\t\t\thref=\"https:\/\/arvori.md\/ru\/product\/platou-din-lemn-oval-cu-3-compartimente\/\"\n\t\t\t\tclass=\"open-quick-view quick-view-button\"\n\t\t\t\trel=\"nofollow\"\n\t\t\t\tdata-id=\"108\"\n\t\t\t\t>Quick view<\/a>\n\t\t<\/div>\n\t\t\t\t\t\t\t\t<div class=\"wd-wishlist-btn wd-action-btn wd-style-icon wd-wishlist-icon\">\n\t\t\t\t<a class=\"\" href=\"https:\/\/arvori.md\/ru\/product\/platou-din-lemn-oval-cu-3-compartimente\/\" data-key=\"483d58f7e3\" data-product-id=\"108\" rel=\"nofollow\" data-added-text=\"Browse Wishlist\">\n\t\t\t\t\t<span>Add to wishlist<\/span>\n\t\t\t\t<\/a>\n\t\t\t<\/div>\n\t\t\t\t<\/div>\n\t<\/div>\n\n\t\n\t\n\t<h3 class=\"wd-entities-title\"><a href=\"https:\/\/arvori.md\/ru\/product\/platou-din-lemn-oval-cu-3-compartimente\/\">\u0414\u0435\u0440\u0435\u0432\u044f\u043d\u043d\u044b\u0439 \u043f\u043e\u0434\u043d\u043e\u0441 \"\u041e\u0432\u0430\u043b\u044c\u043d\u044b\u0439\" \u0441 3 \u043e\u0442\u0434\u0435\u043b\u0435\u043d\u0438\u044f\u043c\u0438.<\/a><\/h3>\n\t\t\t<div class=\"wd-product-cats\">\n\t\t\t<a href=\"https:\/\/arvori.md\/ru\/product-category\/produse-din-lemn\/\" rel=\"tag\">\u0418\u0437\u0434\u0435\u043b\u0438\u044f \u0438\u0437 \u0434\u0435\u0440\u0435\u0432\u0430<\/a>, <a href=\"https:\/\/arvori.md\/ru\/product-category\/produse-din-lemn\/platouri-din-lemn\/\" rel=\"tag\">\u0414\u0435\u0440\u0435\u0432\u044f\u043d\u043d\u044b\u0435 \u043f\u043e\u0434\u043d\u043e\u0441\u044b<\/a>\t\t<\/div>\n\t\t\t\t<div class=\"wd-product-sku\">\n\t\t\t<span class=\"wd-label\">\n\t\t\t\tSKU:\t\t\t<\/span>\n\t\t\t<span>\n\t\t\t\tC-012\t\t\t<\/span>\n\t\t<\/div>\n\t\t\t\t\n\t\n\t<span class=\"price\"><span class=\"woocommerce-Price-amount amount\"><bdi>210&nbsp;<span class=\"woocommerce-Price-currencySymbol\">MDL<\/span><\/bdi><\/span><\/span>\n\n\t<div class=\"wd-add-btn wd-add-btn-replace\">\n\t\t\n\t\t<a href=\"\/ru\/wp-json\/wp\/v2\/pages\/383?add-to-cart=108\" data-quantity=\"1\" class=\"button product_type_simple add_to_cart_button ajax_add_to_cart add-to-cart-loop\" data-product_id=\"108\" data-product_sku=\"C-012\" aria-label=\"\u0414\u043e\u0431\u0430\u0432\u0438\u0442\u044c \u0432 \u043a\u043e\u0440\u0437\u0438\u043d\u0443 \u201cPlatou din lemn \u201dOval\u201d cu 3 compartimente\u201d\" rel=\"nofollow\" data-success_message=\"\u00abPlatou din lemn \u201dOval\u201d cu 3 compartimente\u00bb \u0434\u043e\u0431\u0430\u0432\u043b\u0435\u043d \u0432 \u0432\u0430\u0448\u0443 \u043a\u043e\u0440\u0437\u0438\u043d\u0443\" role=\"button\" data-no-translation-aria-label=\"\" data-no-translation-data-success_message=\"\"><span data-no-translation=\"\" data-trp-gettext=\"\">\u0412 \u043a\u043e\u0440\u0437\u0438\u043d\u0443<\/span><\/a>\t<\/div>\n\n\t\n\t\n\t\t<\/div>\n<\/div>\n<div class=\"product-grid-item product wd-hover-standard  col-lg-3 col-md-3 col-6 type-product post-704 status-publish last instock product_cat-platouri-din-lemn product_cat-produse-din-lemn has-post-thumbnail shipping-taxable purchasable product-type-simple\" data-loop=\"3\" data-id=\"704\">\n\t\n\t\n<div class=\"product-wrapper\">\n\t<div class=\"product-element-top wd-quick-shop\">\n\t\t<a href=\"https:\/\/arvori.md\/ru\/product\/platou-din-lemn-inima\/\" class=\"product-image-link\">\n\t\t\t<img loading=\"lazy\" decoding=\"async\" width=\"300\" height=\"225\" src=\"https:\/\/arvori.md\/wp-content\/uploads\/2024\/07\/Poza-principala-7-300x225.jpg\" class=\"attachment-woocommerce_thumbnail size-woocommerce_thumbnail\" alt=\"\" srcset=\"https:\/\/arvori.md\/wp-content\/uploads\/2024\/07\/Poza-principala-7-300x225.jpg 300w, https:\/\/arvori.md\/wp-content\/uploads\/2024\/07\/Poza-principala-7-1024x768.jpg 1024w, https:\/\/arvori.md\/wp-content\/uploads\/2024\/07\/Poza-principala-7-768x576.jpg 768w, https:\/\/arvori.md\/wp-content\/uploads\/2024\/07\/Poza-principala-7-1536x1152.jpg 1536w, https:\/\/arvori.md\/wp-content\/uploads\/2024\/07\/Poza-principala-7-2048x1536.jpg 2048w, https:\/\/arvori.md\/wp-content\/uploads\/2024\/07\/Poza-principala-7-16x12.jpg 16w, https:\/\/arvori.md\/wp-content\/uploads\/2024\/07\/Poza-principala-7-600x450.jpg 600w, https:\/\/arvori.md\/wp-content\/uploads\/2024\/07\/Poza-principala-7-150x113.jpg 150w\" sizes=\"auto, (max-width: 300px) 100vw, 300px\" \/>\t\t<\/a>\n\n\t\t\t\t\t<div class=\"hover-img\">\n\t\t\t\t<a href=\"https:\/\/arvori.md\/ru\/product\/platou-din-lemn-inima\/\">\n\t\t\t\t\t<img loading=\"lazy\" decoding=\"async\" width=\"300\" height=\"225\" src=\"https:\/\/arvori.md\/wp-content\/uploads\/2024\/07\/\u041a\u043e\u043f\u0438\u044f-1a436128-51ca-4e71-8388-ecf212189556-300x225.jpg\" class=\"attachment-woocommerce_thumbnail size-woocommerce_thumbnail\" alt=\"\" srcset=\"https:\/\/arvori.md\/wp-content\/uploads\/2024\/07\/\u041a\u043e\u043f\u0438\u044f-1a436128-51ca-4e71-8388-ecf212189556-300x225.jpg 300w, https:\/\/arvori.md\/wp-content\/uploads\/2024\/07\/\u041a\u043e\u043f\u0438\u044f-1a436128-51ca-4e71-8388-ecf212189556-1024x768.jpg 1024w, https:\/\/arvori.md\/wp-content\/uploads\/2024\/07\/\u041a\u043e\u043f\u0438\u044f-1a436128-51ca-4e71-8388-ecf212189556-768x576.jpg 768w, https:\/\/arvori.md\/wp-content\/uploads\/2024\/07\/\u041a\u043e\u043f\u0438\u044f-1a436128-51ca-4e71-8388-ecf212189556-1536x1152.jpg 1536w, https:\/\/arvori.md\/wp-content\/uploads\/2024\/07\/\u041a\u043e\u043f\u0438\u044f-1a436128-51ca-4e71-8388-ecf212189556-2048x1536.jpg 2048w, https:\/\/arvori.md\/wp-content\/uploads\/2024\/07\/\u041a\u043e\u043f\u0438\u044f-1a436128-51ca-4e71-8388-ecf212189556-16x12.jpg 16w, https:\/\/arvori.md\/wp-content\/uploads\/2024\/07\/\u041a\u043e\u043f\u0438\u044f-1a436128-51ca-4e71-8388-ecf212189556-600x450.jpg 600w, https:\/\/arvori.md\/wp-content\/uploads\/2024\/07\/\u041a\u043e\u043f\u0438\u044f-1a436128-51ca-4e71-8388-ecf212189556-150x113.jpg 150w\" sizes=\"auto, (max-width: 300px) 100vw, 300px\" \/>\t\t\t\t<\/a>\n\t\t\t<\/div>\n\t\t\t\n\t\t<div class=\"wd-buttons wd-pos-r-t\">\n\t\t\t\t\t\t\t\t\t\t\t<div class=\"quick-view wd-action-btn wd-style-icon wd-quick-view-icon\">\n\t\t\t<a\n\t\t\t\thref=\"https:\/\/arvori.md\/ru\/product\/platou-din-lemn-inima\/\"\n\t\t\t\tclass=\"open-quick-view quick-view-button\"\n\t\t\t\trel=\"nofollow\"\n\t\t\t\tdata-id=\"704\"\n\t\t\t\t>Quick view<\/a>\n\t\t<\/div>\n\t\t\t\t\t\t\t\t<div class=\"wd-wishlist-btn wd-action-btn wd-style-icon wd-wishlist-icon\">\n\t\t\t\t<a class=\"\" href=\"https:\/\/arvori.md\/ru\/product\/platou-din-lemn-inima\/\" data-key=\"483d58f7e3\" data-product-id=\"704\" rel=\"nofollow\" data-added-text=\"Browse Wishlist\">\n\t\t\t\t\t<span>Add to wishlist<\/span>\n\t\t\t\t<\/a>\n\t\t\t<\/div>\n\t\t\t\t<\/div>\n\t<\/div>\n\n\t\n\t\n\t<h3 class=\"wd-entities-title\"><a href=\"https:\/\/arvori.md\/ru\/product\/platou-din-lemn-inima\/\">Platou din lemn &#8222;Inima&#8221;<\/a><\/h3>\n\t\t\t<div class=\"wd-product-cats\">\n\t\t\t<a href=\"https:\/\/arvori.md\/ru\/product-category\/produse-din-lemn\/\" rel=\"tag\">\u0418\u0437\u0434\u0435\u043b\u0438\u044f \u0438\u0437 \u0434\u0435\u0440\u0435\u0432\u0430<\/a>, <a href=\"https:\/\/arvori.md\/ru\/product-category\/produse-din-lemn\/platouri-din-lemn\/\" rel=\"tag\">\u0414\u0435\u0440\u0435\u0432\u044f\u043d\u043d\u044b\u0435 \u043f\u043e\u0434\u043d\u043e\u0441\u044b<\/a>\t\t<\/div>\n\t\t\t\t\n\t\n\t<span class=\"price\"><span class=\"woocommerce-Price-amount amount\"><bdi>190&nbsp;<span class=\"woocommerce-Price-currencySymbol\">MDL<\/span><\/bdi><\/span><\/span>\n\n\t<div class=\"wd-add-btn wd-add-btn-replace\">\n\t\t\n\t\t<a href=\"\/ru\/wp-json\/wp\/v2\/pages\/383?add-to-cart=704\" data-quantity=\"1\" class=\"button product_type_simple add_to_cart_button ajax_add_to_cart add-to-cart-loop\" data-product_id=\"704\" data-product_sku=\"\" aria-label=\"\u0414\u043e\u0431\u0430\u0432\u0438\u0442\u044c \u0432 \u043a\u043e\u0440\u0437\u0438\u043d\u0443 \u201cPlatou din lemn &quot;Inima&quot;\u201d\" rel=\"nofollow\" data-success_message=\"\u00abPlatou din lemn &quot;Inima&quot;\u00bb \u0434\u043e\u0431\u0430\u0432\u043b\u0435\u043d \u0432 \u0432\u0430\u0448\u0443 \u043a\u043e\u0440\u0437\u0438\u043d\u0443\" role=\"button\" data-no-translation-aria-label=\"\" data-no-translation-data-success_message=\"\"><span data-no-translation=\"\" data-trp-gettext=\"\">\u0412 \u043a\u043e\u0440\u0437\u0438\u043d\u0443<\/span><\/a>\t<\/div>\n\n\t\n\t\n\t\t<\/div>\n<\/div>\n<div class=\"product-grid-item product wd-hover-standard  col-lg-3 col-md-3 col-6 last  type-product post-113 status-publish first instock product_cat-platouri-din-lemn product_cat-produse-din-lemn has-post-thumbnail shipping-taxable purchasable product-type-simple\" data-loop=\"4\" data-id=\"113\">\n\t\n\t\n<div class=\"product-wrapper\">\n\t<div class=\"product-element-top wd-quick-shop\">\n\t\t<a href=\"https:\/\/arvori.md\/ru\/product\/platou-rotund-din-lemn-cu-compartiment-pentru-bol\/\" class=\"product-image-link\">\n\t\t\t<img loading=\"lazy\" decoding=\"async\" width=\"300\" height=\"300\" src=\"https:\/\/arvori.md\/wp-content\/uploads\/2023\/12\/C-013-poza-principala-300x300.jpg\" class=\"attachment-woocommerce_thumbnail size-woocommerce_thumbnail\" alt=\"\" srcset=\"https:\/\/arvori.md\/wp-content\/uploads\/2023\/12\/C-013-poza-principala-300x300.jpg 300w, https:\/\/arvori.md\/wp-content\/uploads\/2023\/12\/C-013-poza-principala-150x150.jpg 150w, https:\/\/arvori.md\/wp-content\/uploads\/2023\/12\/C-013-poza-principala-600x600.jpg 600w, https:\/\/arvori.md\/wp-content\/uploads\/2023\/12\/C-013-poza-principala-1024x1024.jpg 1024w, https:\/\/arvori.md\/wp-content\/uploads\/2023\/12\/C-013-poza-principala-768x768.jpg 768w, https:\/\/arvori.md\/wp-content\/uploads\/2023\/12\/C-013-poza-principala.jpg 1500w\" sizes=\"auto, (max-width: 300px) 100vw, 300px\" \/>\t\t<\/a>\n\n\t\t\t\t\t<div class=\"hover-img\">\n\t\t\t\t<a href=\"https:\/\/arvori.md\/ru\/product\/platou-rotund-din-lemn-cu-compartiment-pentru-bol\/\">\n\t\t\t\t\t<img loading=\"lazy\" decoding=\"async\" width=\"300\" height=\"300\" src=\"https:\/\/arvori.md\/wp-content\/uploads\/2023\/12\/C-013-300x300.jpg\" class=\"attachment-woocommerce_thumbnail size-woocommerce_thumbnail\" alt=\"\" srcset=\"https:\/\/arvori.md\/wp-content\/uploads\/2023\/12\/C-013-300x300.jpg 300w, https:\/\/arvori.md\/wp-content\/uploads\/2023\/12\/C-013-150x150.jpg 150w, https:\/\/arvori.md\/wp-content\/uploads\/2023\/12\/C-013-600x600.jpg 600w, https:\/\/arvori.md\/wp-content\/uploads\/2023\/12\/C-013-1024x1024.jpg 1024w, https:\/\/arvori.md\/wp-content\/uploads\/2023\/12\/C-013-768x768.jpg 768w, https:\/\/arvori.md\/wp-content\/uploads\/2023\/12\/C-013.jpg 1500w\" sizes=\"auto, (max-width: 300px) 100vw, 300px\" \/>\t\t\t\t<\/a>\n\t\t\t<\/div>\n\t\t\t\n\t\t<div class=\"wd-buttons wd-pos-r-t\">\n\t\t\t\t\t\t\t\t\t\t\t<div class=\"quick-view wd-action-btn wd-style-icon wd-quick-view-icon\">\n\t\t\t<a\n\t\t\t\thref=\"https:\/\/arvori.md\/ru\/product\/platou-rotund-din-lemn-cu-compartiment-pentru-bol\/\"\n\t\t\t\tclass=\"open-quick-view quick-view-button\"\n\t\t\t\trel=\"nofollow\"\n\t\t\t\tdata-id=\"113\"\n\t\t\t\t>Quick view<\/a>\n\t\t<\/div>\n\t\t\t\t\t\t\t\t<div class=\"wd-wishlist-btn wd-action-btn wd-style-icon wd-wishlist-icon\">\n\t\t\t\t<a class=\"\" href=\"https:\/\/arvori.md\/ru\/product\/platou-rotund-din-lemn-cu-compartiment-pentru-bol\/\" data-key=\"483d58f7e3\" data-product-id=\"113\" rel=\"nofollow\" data-added-text=\"Browse Wishlist\">\n\t\t\t\t\t<span>Add to wishlist<\/span>\n\t\t\t\t<\/a>\n\t\t\t<\/div>\n\t\t\t\t<\/div>\n\t<\/div>\n\n\t\n\t\n\t<h3 class=\"wd-entities-title\"><a href=\"https:\/\/arvori.md\/ru\/product\/platou-rotund-din-lemn-cu-compartiment-pentru-bol\/\">Platou din lemn \u201dRotund\u201d cu compartiment pentru bol<\/a><\/h3>\n\t\t\t<div class=\"wd-product-cats\">\n\t\t\t<a href=\"https:\/\/arvori.md\/ru\/product-category\/produse-din-lemn\/\" rel=\"tag\">\u0418\u0437\u0434\u0435\u043b\u0438\u044f \u0438\u0437 \u0434\u0435\u0440\u0435\u0432\u0430<\/a>, <a href=\"https:\/\/arvori.md\/ru\/product-category\/produse-din-lemn\/platouri-din-lemn\/\" rel=\"tag\">\u0414\u0435\u0440\u0435\u0432\u044f\u043d\u043d\u044b\u0435 \u043f\u043e\u0434\u043d\u043e\u0441\u044b<\/a>\t\t<\/div>\n\t\t\t\t<div class=\"wd-product-sku\">\n\t\t\t<span class=\"wd-label\">\n\t\t\t\tSKU:\t\t\t<\/span>\n\t\t\t<span>\n\t\t\t\tC-013\t\t\t<\/span>\n\t\t<\/div>\n\t\t\t\t\n\t\n\t<span class=\"price\"><span class=\"woocommerce-Price-amount amount\"><bdi>230&nbsp;<span class=\"woocommerce-Price-currencySymbol\">MDL<\/span><\/bdi><\/span><\/span>\n\n\t<div class=\"wd-add-btn wd-add-btn-replace\">\n\t\t\n\t\t<a href=\"\/ru\/wp-json\/wp\/v2\/pages\/383?add-to-cart=113\" data-quantity=\"1\" class=\"button product_type_simple add_to_cart_button ajax_add_to_cart add-to-cart-loop\" data-product_id=\"113\" data-product_sku=\"C-013\" aria-label=\"\u0414\u043e\u0431\u0430\u0432\u0438\u0442\u044c \u0432 \u043a\u043e\u0440\u0437\u0438\u043d\u0443 \u201cPlatou din lemn \u201dRotund\u201d cu compartiment pentru bol\u201d\" rel=\"nofollow\" data-success_message=\"\u00abPlatou din lemn \u201dRotund\u201d cu compartiment pentru bol\u00bb \u0434\u043e\u0431\u0430\u0432\u043b\u0435\u043d \u0432 \u0432\u0430\u0448\u0443 \u043a\u043e\u0440\u0437\u0438\u043d\u0443\" role=\"button\" data-no-translation-aria-label=\"\" data-no-translation-data-success_message=\"\"><span data-no-translation=\"\" data-trp-gettext=\"\">\u0412 \u043a\u043e\u0440\u0437\u0438\u043d\u0443<\/span><\/a>\t<\/div>\n\n\t\n\t\n\t\t<\/div>\n<\/div>\n<div class=\"product-grid-item product wd-hover-standard  col-lg-3 col-md-3 col-6 first  type-product post-70 status-publish instock product_cat-platouri-din-lemn product_cat-produse-din-lemn has-post-thumbnail shipping-taxable purchasable product-type-simple\" data-loop=\"5\" data-id=\"70\">\n\t\n\t\n<div class=\"product-wrapper\">\n\t<div class=\"product-element-top wd-quick-shop\">\n\t\t<a href=\"https:\/\/arvori.md\/ru\/product\/platou-din-lemn-peste-cu-compartimente\/\" class=\"product-image-link\">\n\t\t\t<img loading=\"lazy\" decoding=\"async\" width=\"300\" height=\"300\" src=\"https:\/\/arvori.md\/wp-content\/uploads\/2023\/12\/C-001-poza-principala-300x300.jpg\" class=\"attachment-woocommerce_thumbnail size-woocommerce_thumbnail\" alt=\"\" srcset=\"https:\/\/arvori.md\/wp-content\/uploads\/2023\/12\/C-001-poza-principala-300x300.jpg 300w, https:\/\/arvori.md\/wp-content\/uploads\/2023\/12\/C-001-poza-principala-150x150.jpg 150w, https:\/\/arvori.md\/wp-content\/uploads\/2023\/12\/C-001-poza-principala-600x600.jpg 600w, https:\/\/arvori.md\/wp-content\/uploads\/2023\/12\/C-001-poza-principala-1024x1024.jpg 1024w, https:\/\/arvori.md\/wp-content\/uploads\/2023\/12\/C-001-poza-principala-768x768.jpg 768w, https:\/\/arvori.md\/wp-content\/uploads\/2023\/12\/C-001-poza-principala.jpg 1500w\" sizes=\"auto, (max-width: 300px) 100vw, 300px\" \/>\t\t<\/a>\n\n\t\t\t\t\t<div class=\"hover-img\">\n\t\t\t\t<a href=\"https:\/\/arvori.md\/ru\/product\/platou-din-lemn-peste-cu-compartimente\/\">\n\t\t\t\t\t<img loading=\"lazy\" decoding=\"async\" width=\"300\" height=\"300\" src=\"https:\/\/arvori.md\/wp-content\/uploads\/2023\/12\/C-001-300x300.jpg\" class=\"attachment-woocommerce_thumbnail size-woocommerce_thumbnail\" alt=\"\" srcset=\"https:\/\/arvori.md\/wp-content\/uploads\/2023\/12\/C-001-300x300.jpg 300w, https:\/\/arvori.md\/wp-content\/uploads\/2023\/12\/C-001-150x150.jpg 150w, https:\/\/arvori.md\/wp-content\/uploads\/2023\/12\/C-001-600x600.jpg 600w, https:\/\/arvori.md\/wp-content\/uploads\/2023\/12\/C-001-1024x1024.jpg 1024w, https:\/\/arvori.md\/wp-content\/uploads\/2023\/12\/C-001-768x768.jpg 768w, https:\/\/arvori.md\/wp-content\/uploads\/2023\/12\/C-001.jpg 1500w\" sizes=\"auto, (max-width: 300px) 100vw, 300px\" \/>\t\t\t\t<\/a>\n\t\t\t<\/div>\n\t\t\t\n\t\t<div class=\"wd-buttons wd-pos-r-t\">\n\t\t\t\t\t\t\t\t\t\t\t<div class=\"quick-view wd-action-btn wd-style-icon wd-quick-view-icon\">\n\t\t\t<a\n\t\t\t\thref=\"https:\/\/arvori.md\/ru\/product\/platou-din-lemn-peste-cu-compartimente\/\"\n\t\t\t\tclass=\"open-quick-view quick-view-button\"\n\t\t\t\trel=\"nofollow\"\n\t\t\t\tdata-id=\"70\"\n\t\t\t\t>Quick view<\/a>\n\t\t<\/div>\n\t\t\t\t\t\t\t\t<div class=\"wd-wishlist-btn wd-action-btn wd-style-icon wd-wishlist-icon\">\n\t\t\t\t<a class=\"\" href=\"https:\/\/arvori.md\/ru\/product\/platou-din-lemn-peste-cu-compartimente\/\" data-key=\"483d58f7e3\" data-product-id=\"70\" rel=\"nofollow\" data-added-text=\"Browse Wishlist\">\n\t\t\t\t\t<span>Add to wishlist<\/span>\n\t\t\t\t<\/a>\n\t\t\t<\/div>\n\t\t\t\t<\/div>\n\t<\/div>\n\n\t\n\t\n\t<h3 class=\"wd-entities-title\"><a href=\"https:\/\/arvori.md\/ru\/product\/platou-din-lemn-peste-cu-compartimente\/\">Platou din lemn \u201dPe\u0219te\u201d cu compartimente<\/a><\/h3>\n\t\t\t<div class=\"wd-product-cats\">\n\t\t\t<a href=\"https:\/\/arvori.md\/ru\/product-category\/produse-din-lemn\/\" rel=\"tag\">\u0418\u0437\u0434\u0435\u043b\u0438\u044f \u0438\u0437 \u0434\u0435\u0440\u0435\u0432\u0430<\/a>, <a href=\"https:\/\/arvori.md\/ru\/product-category\/produse-din-lemn\/platouri-din-lemn\/\" rel=\"tag\">\u0414\u0435\u0440\u0435\u0432\u044f\u043d\u043d\u044b\u0435 \u043f\u043e\u0434\u043d\u043e\u0441\u044b<\/a>\t\t<\/div>\n\t\t\t\t<div class=\"wd-product-sku\">\n\t\t\t<span class=\"wd-label\">\n\t\t\t\tSKU:\t\t\t<\/span>\n\t\t\t<span>\n\t\t\t\tC-001\t\t\t<\/span>\n\t\t<\/div>\n\t\t\t\t\n\t\n\t<span class=\"price\"><span class=\"woocommerce-Price-amount amount\"><bdi>360&nbsp;<span class=\"woocommerce-Price-currencySymbol\">MDL<\/span><\/bdi><\/span><\/span>\n\n\t<div class=\"wd-add-btn wd-add-btn-replace\">\n\t\t\n\t\t<a href=\"\/ru\/wp-json\/wp\/v2\/pages\/383?add-to-cart=70\" data-quantity=\"1\" class=\"button product_type_simple add_to_cart_button ajax_add_to_cart add-to-cart-loop\" data-product_id=\"70\" data-product_sku=\"C-001\" aria-label=\"\u0414\u043e\u0431\u0430\u0432\u0438\u0442\u044c \u0432 \u043a\u043e\u0440\u0437\u0438\u043d\u0443 \u201cPlatou din lemn \u201dPe\u0219te\u201d cu compartimente\u201d\" rel=\"nofollow\" data-success_message=\"\u00abPlatou din lemn \u201dPe\u0219te\u201d cu compartimente\u00bb \u0434\u043e\u0431\u0430\u0432\u043b\u0435\u043d \u0432 \u0432\u0430\u0448\u0443 \u043a\u043e\u0440\u0437\u0438\u043d\u0443\" role=\"button\" data-no-translation-aria-label=\"\" data-no-translation-data-success_message=\"\"><span data-no-translation=\"\" data-trp-gettext=\"\">\u0412 \u043a\u043e\u0440\u0437\u0438\u043d\u0443<\/span><\/a>\t<\/div>\n\n\t\n\t\n\t\t<\/div>\n<\/div>\n<div class=\"product-grid-item product wd-hover-standard  col-lg-3 col-md-3 col-6 type-product post-677 status-publish instock product_cat-platouri-din-lemn product_cat-produse-din-lemn has-post-thumbnail shipping-taxable purchasable product-type-simple\" data-loop=\"6\" data-id=\"677\">\n\t\n\t\n<div class=\"product-wrapper\">\n\t<div class=\"product-element-top wd-quick-shop\">\n\t\t<a href=\"https:\/\/arvori.md\/ru\/product\/platou-din-lemn-cu-compartiment-pentru-bol\/\" class=\"product-image-link\">\n\t\t\t<img loading=\"lazy\" decoding=\"async\" width=\"300\" height=\"300\" src=\"https:\/\/arvori.md\/wp-content\/uploads\/2024\/07\/Poza-principala-3-300x300.jpg\" class=\"attachment-woocommerce_thumbnail size-woocommerce_thumbnail\" alt=\"\" srcset=\"https:\/\/arvori.md\/wp-content\/uploads\/2024\/07\/Poza-principala-3-300x300.jpg 300w, https:\/\/arvori.md\/wp-content\/uploads\/2024\/07\/Poza-principala-3-1024x1024.jpg 1024w, https:\/\/arvori.md\/wp-content\/uploads\/2024\/07\/Poza-principala-3-150x150.jpg 150w, https:\/\/arvori.md\/wp-content\/uploads\/2024\/07\/Poza-principala-3-768x768.jpg 768w, https:\/\/arvori.md\/wp-content\/uploads\/2024\/07\/Poza-principala-3-1536x1536.jpg 1536w, https:\/\/arvori.md\/wp-content\/uploads\/2024\/07\/Poza-principala-3-2048x2048.jpg 2048w, https:\/\/arvori.md\/wp-content\/uploads\/2024\/07\/Poza-principala-3-12x12.jpg 12w, https:\/\/arvori.md\/wp-content\/uploads\/2024\/07\/Poza-principala-3-600x600.jpg 600w\" sizes=\"auto, (max-width: 300px) 100vw, 300px\" \/>\t\t<\/a>\n\n\t\t\t\t\t<div class=\"hover-img\">\n\t\t\t\t<a href=\"https:\/\/arvori.md\/ru\/product\/platou-din-lemn-cu-compartiment-pentru-bol\/\">\n\t\t\t\t\t<img loading=\"lazy\" decoding=\"async\" width=\"300\" height=\"300\" src=\"https:\/\/arvori.md\/wp-content\/uploads\/2024\/07\/\u041a\u043e\u043f\u0438\u044f-26f6f0fe-974c-4026-aaa1-2509f91bfd3a-300x300.jpg\" class=\"attachment-woocommerce_thumbnail size-woocommerce_thumbnail\" alt=\"\" srcset=\"https:\/\/arvori.md\/wp-content\/uploads\/2024\/07\/\u041a\u043e\u043f\u0438\u044f-26f6f0fe-974c-4026-aaa1-2509f91bfd3a-300x300.jpg 300w, https:\/\/arvori.md\/wp-content\/uploads\/2024\/07\/\u041a\u043e\u043f\u0438\u044f-26f6f0fe-974c-4026-aaa1-2509f91bfd3a-1024x1024.jpg 1024w, https:\/\/arvori.md\/wp-content\/uploads\/2024\/07\/\u041a\u043e\u043f\u0438\u044f-26f6f0fe-974c-4026-aaa1-2509f91bfd3a-150x150.jpg 150w, https:\/\/arvori.md\/wp-content\/uploads\/2024\/07\/\u041a\u043e\u043f\u0438\u044f-26f6f0fe-974c-4026-aaa1-2509f91bfd3a-768x768.jpg 768w, https:\/\/arvori.md\/wp-content\/uploads\/2024\/07\/\u041a\u043e\u043f\u0438\u044f-26f6f0fe-974c-4026-aaa1-2509f91bfd3a-1536x1536.jpg 1536w, https:\/\/arvori.md\/wp-content\/uploads\/2024\/07\/\u041a\u043e\u043f\u0438\u044f-26f6f0fe-974c-4026-aaa1-2509f91bfd3a-2048x2048.jpg 2048w, https:\/\/arvori.md\/wp-content\/uploads\/2024\/07\/\u041a\u043e\u043f\u0438\u044f-26f6f0fe-974c-4026-aaa1-2509f91bfd3a-12x12.jpg 12w, https:\/\/arvori.md\/wp-content\/uploads\/2024\/07\/\u041a\u043e\u043f\u0438\u044f-26f6f0fe-974c-4026-aaa1-2509f91bfd3a-600x600.jpg 600w\" sizes=\"auto, (max-width: 300px) 100vw, 300px\" \/>\t\t\t\t<\/a>\n\t\t\t<\/div>\n\t\t\t\n\t\t<div class=\"wd-buttons wd-pos-r-t\">\n\t\t\t\t\t\t\t\t\t\t\t<div class=\"quick-view wd-action-btn wd-style-icon wd-quick-view-icon\">\n\t\t\t<a\n\t\t\t\thref=\"https:\/\/arvori.md\/ru\/product\/platou-din-lemn-cu-compartiment-pentru-bol\/\"\n\t\t\t\tclass=\"open-quick-view quick-view-button\"\n\t\t\t\trel=\"nofollow\"\n\t\t\t\tdata-id=\"677\"\n\t\t\t\t>Quick view<\/a>\n\t\t<\/div>\n\t\t\t\t\t\t\t\t<div class=\"wd-wishlist-btn wd-action-btn wd-style-icon wd-wishlist-icon\">\n\t\t\t\t<a class=\"\" href=\"https:\/\/arvori.md\/ru\/product\/platou-din-lemn-cu-compartiment-pentru-bol\/\" data-key=\"483d58f7e3\" data-product-id=\"677\" rel=\"nofollow\" data-added-text=\"Browse Wishlist\">\n\t\t\t\t\t<span>Add to wishlist<\/span>\n\t\t\t\t<\/a>\n\t\t\t<\/div>\n\t\t\t\t<\/div>\n\t<\/div>\n\n\t\n\t\n\t<h3 class=\"wd-entities-title\"><a href=\"https:\/\/arvori.md\/ru\/product\/platou-din-lemn-cu-compartiment-pentru-bol\/\">Platou din lemn \u201dP\u0103trat\u201d cu compartiment pentru bol<\/a><\/h3>\n\t\t\t<div class=\"wd-product-cats\">\n\t\t\t<a href=\"https:\/\/arvori.md\/ru\/product-category\/produse-din-lemn\/\" rel=\"tag\">\u0418\u0437\u0434\u0435\u043b\u0438\u044f \u0438\u0437 \u0434\u0435\u0440\u0435\u0432\u0430<\/a>, <a href=\"https:\/\/arvori.md\/ru\/product-category\/produse-din-lemn\/platouri-din-lemn\/\" rel=\"tag\">\u0414\u0435\u0440\u0435\u0432\u044f\u043d\u043d\u044b\u0435 \u043f\u043e\u0434\u043d\u043e\u0441\u044b<\/a>\t\t<\/div>\n\t\t\t\t<div class=\"wd-product-sku\">\n\t\t\t<span class=\"wd-label\">\n\t\t\t\tSKU:\t\t\t<\/span>\n\t\t\t<span>\n\t\t\t\tC-091\t\t\t<\/span>\n\t\t<\/div>\n\t\t\t\t\n\t\n\t<span class=\"price\"><span class=\"woocommerce-Price-amount amount\"><bdi>230&nbsp;<span class=\"woocommerce-Price-currencySymbol\">MDL<\/span><\/bdi><\/span><\/span>\n\n\t<div class=\"wd-add-btn wd-add-btn-replace\">\n\t\t\n\t\t<a href=\"\/ru\/wp-json\/wp\/v2\/pages\/383?add-to-cart=677\" data-quantity=\"1\" class=\"button product_type_simple add_to_cart_button ajax_add_to_cart add-to-cart-loop\" data-product_id=\"677\" data-product_sku=\"C-091\" aria-label=\"\u0414\u043e\u0431\u0430\u0432\u0438\u0442\u044c \u0432 \u043a\u043e\u0440\u0437\u0438\u043d\u0443 \u201cPlatou din lemn \u201dP\u0103trat\u201d cu compartiment pentru bol\u201d\" rel=\"nofollow\" data-success_message=\"\u00abPlatou din lemn \u201dP\u0103trat\u201d cu compartiment pentru bol\u00bb \u0434\u043e\u0431\u0430\u0432\u043b\u0435\u043d \u0432 \u0432\u0430\u0448\u0443 \u043a\u043e\u0440\u0437\u0438\u043d\u0443\" role=\"button\" data-no-translation-aria-label=\"\" data-no-translation-data-success_message=\"\"><span data-no-translation=\"\" data-trp-gettext=\"\">\u0412 \u043a\u043e\u0440\u0437\u0438\u043d\u0443<\/span><\/a>\t<\/div>\n\n\t\n\t\n\t\t<\/div>\n<\/div>\n<div class=\"product-grid-item product wd-hover-standard  col-lg-3 col-md-3 col-6 type-product post-655 status-publish last instock product_cat-platouri-din-lemn product_cat-produse-din-lemn has-post-thumbnail shipping-taxable purchasable product-type-simple\" data-loop=\"7\" data-id=\"655\">\n\t\n\t\n<div class=\"product-wrapper\">\n\t<div class=\"product-element-top wd-quick-shop\">\n\t\t<a href=\"https:\/\/arvori.md\/ru\/product\/platou-din-lemn-rotund-cu-manere\/\" class=\"product-image-link\">\n\t\t\t<img loading=\"lazy\" decoding=\"async\" width=\"300\" height=\"300\" src=\"https:\/\/arvori.md\/wp-content\/uploads\/2024\/07\/Poza-principala-300x300.jpg\" class=\"attachment-woocommerce_thumbnail size-woocommerce_thumbnail\" alt=\"\" srcset=\"https:\/\/arvori.md\/wp-content\/uploads\/2024\/07\/Poza-principala-300x300.jpg 300w, https:\/\/arvori.md\/wp-content\/uploads\/2024\/07\/Poza-principala-1024x1024.jpg 1024w, https:\/\/arvori.md\/wp-content\/uploads\/2024\/07\/Poza-principala-150x150.jpg 150w, https:\/\/arvori.md\/wp-content\/uploads\/2024\/07\/Poza-principala-768x769.jpg 768w, https:\/\/arvori.md\/wp-content\/uploads\/2024\/07\/Poza-principala-1536x1536.jpg 1536w, https:\/\/arvori.md\/wp-content\/uploads\/2024\/07\/Poza-principala-2046x2048.jpg 2046w, https:\/\/arvori.md\/wp-content\/uploads\/2024\/07\/Poza-principala-12x12.jpg 12w, https:\/\/arvori.md\/wp-content\/uploads\/2024\/07\/Poza-principala-600x601.jpg 600w\" sizes=\"auto, (max-width: 300px) 100vw, 300px\" \/>\t\t<\/a>\n\n\t\t\t\t\t<div class=\"hover-img\">\n\t\t\t\t<a href=\"https:\/\/arvori.md\/ru\/product\/platou-din-lemn-rotund-cu-manere\/\">\n\t\t\t\t\t<img loading=\"lazy\" decoding=\"async\" width=\"300\" height=\"400\" src=\"https:\/\/arvori.md\/wp-content\/uploads\/2024\/07\/\u041a\u043e\u043f\u0438\u044f-5bc98a34-afc4-4623-a93f-55d22db1b4d6-300x400.jpg\" class=\"attachment-woocommerce_thumbnail size-woocommerce_thumbnail\" alt=\"\" srcset=\"https:\/\/arvori.md\/wp-content\/uploads\/2024\/07\/\u041a\u043e\u043f\u0438\u044f-5bc98a34-afc4-4623-a93f-55d22db1b4d6-300x400.jpg 300w, https:\/\/arvori.md\/wp-content\/uploads\/2024\/07\/\u041a\u043e\u043f\u0438\u044f-5bc98a34-afc4-4623-a93f-55d22db1b4d6-225x300.jpg 225w, https:\/\/arvori.md\/wp-content\/uploads\/2024\/07\/\u041a\u043e\u043f\u0438\u044f-5bc98a34-afc4-4623-a93f-55d22db1b4d6-768x1024.jpg 768w, https:\/\/arvori.md\/wp-content\/uploads\/2024\/07\/\u041a\u043e\u043f\u0438\u044f-5bc98a34-afc4-4623-a93f-55d22db1b4d6-1152x1536.jpg 1152w, https:\/\/arvori.md\/wp-content\/uploads\/2024\/07\/\u041a\u043e\u043f\u0438\u044f-5bc98a34-afc4-4623-a93f-55d22db1b4d6-1536x2048.jpg 1536w, https:\/\/arvori.md\/wp-content\/uploads\/2024\/07\/\u041a\u043e\u043f\u0438\u044f-5bc98a34-afc4-4623-a93f-55d22db1b4d6-9x12.jpg 9w, https:\/\/arvori.md\/wp-content\/uploads\/2024\/07\/\u041a\u043e\u043f\u0438\u044f-5bc98a34-afc4-4623-a93f-55d22db1b4d6-600x800.jpg 600w, https:\/\/arvori.md\/wp-content\/uploads\/2024\/07\/\u041a\u043e\u043f\u0438\u044f-5bc98a34-afc4-4623-a93f-55d22db1b4d6-150x200.jpg 150w, https:\/\/arvori.md\/wp-content\/uploads\/2024\/07\/\u041a\u043e\u043f\u0438\u044f-5bc98a34-afc4-4623-a93f-55d22db1b4d6-scaled.jpg 1920w\" sizes=\"auto, (max-width: 300px) 100vw, 300px\" \/>\t\t\t\t<\/a>\n\t\t\t<\/div>\n\t\t\t\n\t\t<div class=\"wd-buttons wd-pos-r-t\">\n\t\t\t\t\t\t\t\t\t\t\t<div class=\"quick-view wd-action-btn wd-style-icon wd-quick-view-icon\">\n\t\t\t<a\n\t\t\t\thref=\"https:\/\/arvori.md\/ru\/product\/platou-din-lemn-rotund-cu-manere\/\"\n\t\t\t\tclass=\"open-quick-view quick-view-button\"\n\t\t\t\trel=\"nofollow\"\n\t\t\t\tdata-id=\"655\"\n\t\t\t\t>Quick view<\/a>\n\t\t<\/div>\n\t\t\t\t\t\t\t\t<div class=\"wd-wishlist-btn wd-action-btn wd-style-icon wd-wishlist-icon\">\n\t\t\t\t<a class=\"\" href=\"https:\/\/arvori.md\/ru\/product\/platou-din-lemn-rotund-cu-manere\/\" data-key=\"483d58f7e3\" data-product-id=\"655\" rel=\"nofollow\" data-added-text=\"Browse Wishlist\">\n\t\t\t\t\t<span>Add to wishlist<\/span>\n\t\t\t\t<\/a>\n\t\t\t<\/div>\n\t\t\t\t<\/div>\n\t<\/div>\n\n\t\n\t\n\t<h3 class=\"wd-entities-title\"><a href=\"https:\/\/arvori.md\/ru\/product\/platou-din-lemn-rotund-cu-manere\/\">Platou din lemn \u201dRotund\u201d cu m\u00e2nere<\/a><\/h3>\n\t\t\t<div class=\"wd-product-cats\">\n\t\t\t<a href=\"https:\/\/arvori.md\/ru\/product-category\/produse-din-lemn\/\" rel=\"tag\">\u0418\u0437\u0434\u0435\u043b\u0438\u044f \u0438\u0437 \u0434\u0435\u0440\u0435\u0432\u0430<\/a>, <a href=\"https:\/\/arvori.md\/ru\/product-category\/produse-din-lemn\/platouri-din-lemn\/\" rel=\"tag\">\u0414\u0435\u0440\u0435\u0432\u044f\u043d\u043d\u044b\u0435 \u043f\u043e\u0434\u043d\u043e\u0441\u044b<\/a>\t\t<\/div>\n\t\t\t\t<div class=\"wd-product-sku\">\n\t\t\t<span class=\"wd-label\">\n\t\t\t\tSKU:\t\t\t<\/span>\n\t\t\t<span>\n\t\t\t\tC-081\t\t\t<\/span>\n\t\t<\/div>\n\t\t\t\t\n\t\n\t<span class=\"price\"><span class=\"woocommerce-Price-amount amount\"><bdi>360&nbsp;<span class=\"woocommerce-Price-currencySymbol\">MDL<\/span><\/bdi><\/span><\/span>\n\n\t<div class=\"wd-add-btn wd-add-btn-replace\">\n\t\t\n\t\t<a href=\"\/ru\/wp-json\/wp\/v2\/pages\/383?add-to-cart=655\" data-quantity=\"1\" class=\"button product_type_simple add_to_cart_button ajax_add_to_cart add-to-cart-loop\" data-product_id=\"655\" data-product_sku=\"C-081\" aria-label=\"\u0414\u043e\u0431\u0430\u0432\u0438\u0442\u044c \u0432 \u043a\u043e\u0440\u0437\u0438\u043d\u0443 \u201cPlatou din lemn \u201dRotund\u201d cu m\u00e2nere\u201d\" rel=\"nofollow\" data-success_message=\"\u00abPlatou din lemn \u201dRotund\u201d cu m\u00e2nere\u00bb \u0434\u043e\u0431\u0430\u0432\u043b\u0435\u043d \u0432 \u0432\u0430\u0448\u0443 \u043a\u043e\u0440\u0437\u0438\u043d\u0443\" role=\"button\" data-no-translation-aria-label=\"\" data-no-translation-data-success_message=\"\"><span data-no-translation=\"\" data-trp-gettext=\"\">\u0412 \u043a\u043e\u0440\u0437\u0438\u043d\u0443<\/span><\/a>\t<\/div>\n\n\t\n\t\n\t\t<\/div>\n<\/div>\n<div class=\"product-grid-item product wd-hover-standard  col-lg-3 col-md-3 col-6 last  type-product post-616 status-publish first instock product_cat-platouri-din-lemn product_cat-produse-din-lemn has-post-thumbnail shipping-taxable purchasable product-type-simple\" data-loop=\"8\" data-id=\"616\">\n\t\n\t\n<div class=\"product-wrapper\">\n\t<div class=\"product-element-top wd-quick-shop\">\n\t\t<a href=\"https:\/\/arvori.md\/ru\/product\/platou-din-lemn-patrat-cu-4-compartimente-5\/\" class=\"product-image-link\">\n\t\t\t<img loading=\"lazy\" decoding=\"async\" width=\"300\" height=\"400\" src=\"https:\/\/arvori.md\/wp-content\/uploads\/2024\/04\/IMG_2188-1-300x400.jpg\" class=\"attachment-woocommerce_thumbnail size-woocommerce_thumbnail\" alt=\"\" srcset=\"https:\/\/arvori.md\/wp-content\/uploads\/2024\/04\/IMG_2188-1-300x400.jpg 300w, https:\/\/arvori.md\/wp-content\/uploads\/2024\/04\/IMG_2188-1-225x300.jpg 225w, https:\/\/arvori.md\/wp-content\/uploads\/2024\/04\/IMG_2188-1-768x1024.jpg 768w, https:\/\/arvori.md\/wp-content\/uploads\/2024\/04\/IMG_2188-1-1152x1536.jpg 1152w, https:\/\/arvori.md\/wp-content\/uploads\/2024\/04\/IMG_2188-1-9x12.jpg 9w, https:\/\/arvori.md\/wp-content\/uploads\/2024\/04\/IMG_2188-1-600x800.jpg 600w, https:\/\/arvori.md\/wp-content\/uploads\/2024\/04\/IMG_2188-1-150x200.jpg 150w, https:\/\/arvori.md\/wp-content\/uploads\/2024\/04\/IMG_2188-1.jpg 1536w\" sizes=\"auto, (max-width: 300px) 100vw, 300px\" \/>\t\t<\/a>\n\n\t\t\t\t\t<div class=\"hover-img\">\n\t\t\t\t<a href=\"https:\/\/arvori.md\/ru\/product\/platou-din-lemn-patrat-cu-4-compartimente-5\/\">\n\t\t\t\t\t<img loading=\"lazy\" decoding=\"async\" width=\"300\" height=\"400\" src=\"https:\/\/arvori.md\/wp-content\/uploads\/2024\/04\/Poza-principala-6-1-300x400.jpg\" class=\"attachment-woocommerce_thumbnail size-woocommerce_thumbnail\" alt=\"\" srcset=\"https:\/\/arvori.md\/wp-content\/uploads\/2024\/04\/Poza-principala-6-1-300x400.jpg 300w, https:\/\/arvori.md\/wp-content\/uploads\/2024\/04\/Poza-principala-6-1-225x300.jpg 225w, https:\/\/arvori.md\/wp-content\/uploads\/2024\/04\/Poza-principala-6-1-768x1024.jpg 768w, https:\/\/arvori.md\/wp-content\/uploads\/2024\/04\/Poza-principala-6-1-1152x1536.jpg 1152w, https:\/\/arvori.md\/wp-content\/uploads\/2024\/04\/Poza-principala-6-1-9x12.jpg 9w, https:\/\/arvori.md\/wp-content\/uploads\/2024\/04\/Poza-principala-6-1-600x800.jpg 600w, https:\/\/arvori.md\/wp-content\/uploads\/2024\/04\/Poza-principala-6-1-150x200.jpg 150w, https:\/\/arvori.md\/wp-content\/uploads\/2024\/04\/Poza-principala-6-1.jpg 1536w\" sizes=\"auto, (max-width: 300px) 100vw, 300px\" \/>\t\t\t\t<\/a>\n\t\t\t<\/div>\n\t\t\t\n\t\t<div class=\"wd-buttons wd-pos-r-t\">\n\t\t\t\t\t\t\t\t\t\t\t<div class=\"quick-view wd-action-btn wd-style-icon wd-quick-view-icon\">\n\t\t\t<a\n\t\t\t\thref=\"https:\/\/arvori.md\/ru\/product\/platou-din-lemn-patrat-cu-4-compartimente-5\/\"\n\t\t\t\tclass=\"open-quick-view quick-view-button\"\n\t\t\t\trel=\"nofollow\"\n\t\t\t\tdata-id=\"616\"\n\t\t\t\t>Quick view<\/a>\n\t\t<\/div>\n\t\t\t\t\t\t\t\t<div class=\"wd-wishlist-btn wd-action-btn wd-style-icon wd-wishlist-icon\">\n\t\t\t\t<a class=\"\" href=\"https:\/\/arvori.md\/ru\/product\/platou-din-lemn-patrat-cu-4-compartimente-5\/\" data-key=\"483d58f7e3\" data-product-id=\"616\" rel=\"nofollow\" data-added-text=\"Browse Wishlist\">\n\t\t\t\t\t<span>Add to wishlist<\/span>\n\t\t\t\t<\/a>\n\t\t\t<\/div>\n\t\t\t\t<\/div>\n\t<\/div>\n\n\t\n\t\n\t<h3 class=\"wd-entities-title\"><a href=\"https:\/\/arvori.md\/ru\/product\/platou-din-lemn-patrat-cu-4-compartimente-5\/\">Platou din lemn \u201dDreptunghi\u201d cu 4 compartimente<\/a><\/h3>\n\t\t\t<div class=\"wd-product-cats\">\n\t\t\t<a href=\"https:\/\/arvori.md\/ru\/product-category\/produse-din-lemn\/\" rel=\"tag\">\u0418\u0437\u0434\u0435\u043b\u0438\u044f \u0438\u0437 \u0434\u0435\u0440\u0435\u0432\u0430<\/a>, <a href=\"https:\/\/arvori.md\/ru\/product-category\/produse-din-lemn\/platouri-din-lemn\/\" rel=\"tag\">\u0414\u0435\u0440\u0435\u0432\u044f\u043d\u043d\u044b\u0435 \u043f\u043e\u0434\u043d\u043e\u0441\u044b<\/a>\t\t<\/div>\n\t\t\t\t<div class=\"wd-product-sku\">\n\t\t\t<span class=\"wd-label\">\n\t\t\t\tSKU:\t\t\t<\/span>\n\t\t\t<span>\n\t\t\t\tC-074\t\t\t<\/span>\n\t\t<\/div>\n\t\t\t\t\n\t\n\t<span class=\"price\"><span class=\"woocommerce-Price-amount amount\"><bdi>230&nbsp;<span class=\"woocommerce-Price-currencySymbol\">MDL<\/span><\/bdi><\/span><\/span>\n\n\t<div class=\"wd-add-btn wd-add-btn-replace\">\n\t\t\n\t\t<a href=\"\/ru\/wp-json\/wp\/v2\/pages\/383?add-to-cart=616\" data-quantity=\"1\" class=\"button product_type_simple add_to_cart_button ajax_add_to_cart add-to-cart-loop\" data-product_id=\"616\" data-product_sku=\"C-074\" aria-label=\"\u0414\u043e\u0431\u0430\u0432\u0438\u0442\u044c \u0432 \u043a\u043e\u0440\u0437\u0438\u043d\u0443 \u201cPlatou din lemn \u201dDreptunghi\u201d cu 4 compartimente\u201d\" rel=\"nofollow\" data-success_message=\"\u00abPlatou din lemn \u201dDreptunghi\u201d cu 4 compartimente\u00bb \u0434\u043e\u0431\u0430\u0432\u043b\u0435\u043d \u0432 \u0432\u0430\u0448\u0443 \u043a\u043e\u0440\u0437\u0438\u043d\u0443\" role=\"button\" data-no-translation-aria-label=\"\" data-no-translation-data-success_message=\"\"><span data-no-translation=\"\" data-trp-gettext=\"\">\u0412 \u043a\u043e\u0440\u0437\u0438\u043d\u0443<\/span><\/a>\t<\/div>\n\n\t\n\t\n\t\t<\/div>\n<\/div>\n<div class=\"product-grid-item product wd-hover-standard  col-lg-3 col-md-3 col-6 first  type-product post-517 status-publish instock product_cat-platouri-din-lemn product_cat-produse-din-lemn has-post-thumbnail purchasable product-type-simple\" data-loop=\"9\" data-id=\"517\">\n\t\n\t\n<div class=\"product-wrapper\">\n\t<div class=\"product-element-top wd-quick-shop\">\n\t\t<a href=\"https:\/\/arvori.md\/ru\/product\/platou-din-lemn-patrat-cu-4-compartimente-3\/\" class=\"product-image-link\">\n\t\t\t<img loading=\"lazy\" decoding=\"async\" width=\"300\" height=\"400\" src=\"https:\/\/arvori.md\/wp-content\/uploads\/2024\/04\/Poza-principala-7-300x400.jpg\" class=\"attachment-woocommerce_thumbnail size-woocommerce_thumbnail\" alt=\"\" srcset=\"https:\/\/arvori.md\/wp-content\/uploads\/2024\/04\/Poza-principala-7-300x400.jpg 300w, https:\/\/arvori.md\/wp-content\/uploads\/2024\/04\/Poza-principala-7-225x300.jpg 225w, https:\/\/arvori.md\/wp-content\/uploads\/2024\/04\/Poza-principala-7-768x1024.jpg 768w, https:\/\/arvori.md\/wp-content\/uploads\/2024\/04\/Poza-principala-7-1152x1536.jpg 1152w, https:\/\/arvori.md\/wp-content\/uploads\/2024\/04\/Poza-principala-7-9x12.jpg 9w, https:\/\/arvori.md\/wp-content\/uploads\/2024\/04\/Poza-principala-7-600x800.jpg 600w, https:\/\/arvori.md\/wp-content\/uploads\/2024\/04\/Poza-principala-7-150x200.jpg 150w, https:\/\/arvori.md\/wp-content\/uploads\/2024\/04\/Poza-principala-7.jpg 1536w\" sizes=\"auto, (max-width: 300px) 100vw, 300px\" \/>\t\t<\/a>\n\n\t\t\t\t\t<div class=\"hover-img\">\n\t\t\t\t<a href=\"https:\/\/arvori.md\/ru\/product\/platou-din-lemn-patrat-cu-4-compartimente-3\/\">\n\t\t\t\t\t<img loading=\"lazy\" decoding=\"async\" width=\"300\" height=\"400\" src=\"https:\/\/arvori.md\/wp-content\/uploads\/2024\/04\/IMG_2433-300x400.jpg\" class=\"attachment-woocommerce_thumbnail size-woocommerce_thumbnail\" alt=\"\" srcset=\"https:\/\/arvori.md\/wp-content\/uploads\/2024\/04\/IMG_2433-300x400.jpg 300w, https:\/\/arvori.md\/wp-content\/uploads\/2024\/04\/IMG_2433-225x300.jpg 225w, https:\/\/arvori.md\/wp-content\/uploads\/2024\/04\/IMG_2433-768x1024.jpg 768w, https:\/\/arvori.md\/wp-content\/uploads\/2024\/04\/IMG_2433-1152x1536.jpg 1152w, https:\/\/arvori.md\/wp-content\/uploads\/2024\/04\/IMG_2433-9x12.jpg 9w, https:\/\/arvori.md\/wp-content\/uploads\/2024\/04\/IMG_2433-600x800.jpg 600w, https:\/\/arvori.md\/wp-content\/uploads\/2024\/04\/IMG_2433-150x200.jpg 150w, https:\/\/arvori.md\/wp-content\/uploads\/2024\/04\/IMG_2433.jpg 1536w\" sizes=\"auto, (max-width: 300px) 100vw, 300px\" \/>\t\t\t\t<\/a>\n\t\t\t<\/div>\n\t\t\t\n\t\t<div class=\"wd-buttons wd-pos-r-t\">\n\t\t\t\t\t\t\t\t\t\t\t<div class=\"quick-view wd-action-btn wd-style-icon wd-quick-view-icon\">\n\t\t\t<a\n\t\t\t\thref=\"https:\/\/arvori.md\/ru\/product\/platou-din-lemn-patrat-cu-4-compartimente-3\/\"\n\t\t\t\tclass=\"open-quick-view quick-view-button\"\n\t\t\t\trel=\"nofollow\"\n\t\t\t\tdata-id=\"517\"\n\t\t\t\t>Quick view<\/a>\n\t\t<\/div>\n\t\t\t\t\t\t\t\t<div class=\"wd-wishlist-btn wd-action-btn wd-style-icon wd-wishlist-icon\">\n\t\t\t\t<a class=\"\" href=\"https:\/\/arvori.md\/ru\/product\/platou-din-lemn-patrat-cu-4-compartimente-3\/\" data-key=\"483d58f7e3\" data-product-id=\"517\" rel=\"nofollow\" data-added-text=\"Browse Wishlist\">\n\t\t\t\t\t<span>Add to wishlist<\/span>\n\t\t\t\t<\/a>\n\t\t\t<\/div>\n\t\t\t\t<\/div>\n\t<\/div>\n\n\t\n\t\n\t<h3 class=\"wd-entities-title\"><a href=\"https:\/\/arvori.md\/ru\/product\/platou-din-lemn-patrat-cu-4-compartimente-3\/\">Platou din lemn \u201dR\u0103s\u0103rit\u201d<\/a><\/h3>\n\t\t\t<div class=\"wd-product-cats\">\n\t\t\t<a href=\"https:\/\/arvori.md\/ru\/product-category\/produse-din-lemn\/\" rel=\"tag\">\u0418\u0437\u0434\u0435\u043b\u0438\u044f \u0438\u0437 \u0434\u0435\u0440\u0435\u0432\u0430<\/a>, <a href=\"https:\/\/arvori.md\/ru\/product-category\/produse-din-lemn\/platouri-din-lemn\/\" rel=\"tag\">\u0414\u0435\u0440\u0435\u0432\u044f\u043d\u043d\u044b\u0435 \u043f\u043e\u0434\u043d\u043e\u0441\u044b<\/a>\t\t<\/div>\n\t\t\t\t<div class=\"wd-product-sku\">\n\t\t\t<span class=\"wd-label\">\n\t\t\t\tSKU:\t\t\t<\/span>\n\t\t\t<span>\n\t\t\t\tC-044\t\t\t<\/span>\n\t\t<\/div>\n\t\t\t\t\n\t\n\t<span class=\"price\"><span class=\"woocommerce-Price-amount amount\"><bdi>230&nbsp;<span class=\"woocommerce-Price-currencySymbol\">MDL<\/span><\/bdi><\/span><\/span>\n\n\t<div class=\"wd-add-btn wd-add-btn-replace\">\n\t\t\n\t\t<a href=\"\/ru\/wp-json\/wp\/v2\/pages\/383?add-to-cart=517\" data-quantity=\"1\" class=\"button product_type_simple add_to_cart_button ajax_add_to_cart add-to-cart-loop\" data-product_id=\"517\" data-product_sku=\"C-044\" aria-label=\"\u0414\u043e\u0431\u0430\u0432\u0438\u0442\u044c \u0432 \u043a\u043e\u0440\u0437\u0438\u043d\u0443 \u201cPlatou din lemn \u201dR\u0103s\u0103rit\u201d\u201d\" rel=\"nofollow\" data-success_message=\"\u00abPlatou din lemn \u201dR\u0103s\u0103rit\u201d\u00bb \u0434\u043e\u0431\u0430\u0432\u043b\u0435\u043d \u0432 \u0432\u0430\u0448\u0443 \u043a\u043e\u0440\u0437\u0438\u043d\u0443\" role=\"button\" data-no-translation-aria-label=\"\" data-no-translation-data-success_message=\"\"><span data-no-translation=\"\" data-trp-gettext=\"\">\u0412 \u043a\u043e\u0440\u0437\u0438\u043d\u0443<\/span><\/a>\t<\/div>\n\n\t\n\t\n\t\t<\/div>\n<\/div>\n<div class=\"product-grid-item product wd-hover-standard  col-lg-3 col-md-3 col-6 type-product post-516 status-publish instock product_cat-platouri-din-lemn product_cat-produse-din-lemn has-post-thumbnail purchasable product-type-simple\" data-loop=\"10\" data-id=\"516\">\n\t\n\t\n<div class=\"product-wrapper\">\n\t<div class=\"product-element-top wd-quick-shop\">\n\t\t<a href=\"https:\/\/arvori.md\/ru\/product\/platou-din-lemn-patrat-cu-miner\/\" class=\"product-image-link\">\n\t\t\t<img loading=\"lazy\" decoding=\"async\" width=\"300\" height=\"400\" src=\"https:\/\/arvori.md\/wp-content\/uploads\/2024\/04\/Poza-principala-6-300x400.jpg\" class=\"attachment-woocommerce_thumbnail size-woocommerce_thumbnail\" alt=\"\" srcset=\"https:\/\/arvori.md\/wp-content\/uploads\/2024\/04\/Poza-principala-6-300x400.jpg 300w, https:\/\/arvori.md\/wp-content\/uploads\/2024\/04\/Poza-principala-6-225x300.jpg 225w, https:\/\/arvori.md\/wp-content\/uploads\/2024\/04\/Poza-principala-6-768x1024.jpg 768w, https:\/\/arvori.md\/wp-content\/uploads\/2024\/04\/Poza-principala-6-1152x1536.jpg 1152w, https:\/\/arvori.md\/wp-content\/uploads\/2024\/04\/Poza-principala-6-9x12.jpg 9w, https:\/\/arvori.md\/wp-content\/uploads\/2024\/04\/Poza-principala-6-600x800.jpg 600w, https:\/\/arvori.md\/wp-content\/uploads\/2024\/04\/Poza-principala-6-150x200.jpg 150w, https:\/\/arvori.md\/wp-content\/uploads\/2024\/04\/Poza-principala-6.jpg 1536w\" sizes=\"auto, (max-width: 300px) 100vw, 300px\" \/>\t\t<\/a>\n\n\t\t\t\t\t<div class=\"hover-img\">\n\t\t\t\t<a href=\"https:\/\/arvori.md\/ru\/product\/platou-din-lemn-patrat-cu-miner\/\">\n\t\t\t\t\t<img loading=\"lazy\" decoding=\"async\" width=\"300\" height=\"400\" src=\"https:\/\/arvori.md\/wp-content\/uploads\/2024\/04\/IMG_2012-1-300x400.jpg\" class=\"attachment-woocommerce_thumbnail size-woocommerce_thumbnail\" alt=\"\" srcset=\"https:\/\/arvori.md\/wp-content\/uploads\/2024\/04\/IMG_2012-1-300x400.jpg 300w, https:\/\/arvori.md\/wp-content\/uploads\/2024\/04\/IMG_2012-1-225x300.jpg 225w, https:\/\/arvori.md\/wp-content\/uploads\/2024\/04\/IMG_2012-1-768x1024.jpg 768w, https:\/\/arvori.md\/wp-content\/uploads\/2024\/04\/IMG_2012-1-1152x1536.jpg 1152w, https:\/\/arvori.md\/wp-content\/uploads\/2024\/04\/IMG_2012-1-9x12.jpg 9w, https:\/\/arvori.md\/wp-content\/uploads\/2024\/04\/IMG_2012-1-600x800.jpg 600w, https:\/\/arvori.md\/wp-content\/uploads\/2024\/04\/IMG_2012-1-150x200.jpg 150w, https:\/\/arvori.md\/wp-content\/uploads\/2024\/04\/IMG_2012-1.jpg 1536w\" sizes=\"auto, (max-width: 300px) 100vw, 300px\" \/>\t\t\t\t<\/a>\n\t\t\t<\/div>\n\t\t\t\n\t\t<div class=\"wd-buttons wd-pos-r-t\">\n\t\t\t\t\t\t\t\t\t\t\t<div class=\"quick-view wd-action-btn wd-style-icon wd-quick-view-icon\">\n\t\t\t<a\n\t\t\t\thref=\"https:\/\/arvori.md\/ru\/product\/platou-din-lemn-patrat-cu-miner\/\"\n\t\t\t\tclass=\"open-quick-view quick-view-button\"\n\t\t\t\trel=\"nofollow\"\n\t\t\t\tdata-id=\"516\"\n\t\t\t\t>Quick view<\/a>\n\t\t<\/div>\n\t\t\t\t\t\t\t\t<div class=\"wd-wishlist-btn wd-action-btn wd-style-icon wd-wishlist-icon\">\n\t\t\t\t<a class=\"\" href=\"https:\/\/arvori.md\/ru\/product\/platou-din-lemn-patrat-cu-miner\/\" data-key=\"483d58f7e3\" data-product-id=\"516\" rel=\"nofollow\" data-added-text=\"Browse Wishlist\">\n\t\t\t\t\t<span>Add to wishlist<\/span>\n\t\t\t\t<\/a>\n\t\t\t<\/div>\n\t\t\t\t<\/div>\n\t<\/div>\n\n\t\n\t\n\t<h3 class=\"wd-entities-title\"><a href=\"https:\/\/arvori.md\/ru\/product\/platou-din-lemn-patrat-cu-miner\/\">Platou din lemn \u201dP\u0103trat\u201d cu m\u00e2ner<\/a><\/h3>\n\t\t\t<div class=\"wd-product-cats\">\n\t\t\t<a href=\"https:\/\/arvori.md\/ru\/product-category\/produse-din-lemn\/\" rel=\"tag\">\u0418\u0437\u0434\u0435\u043b\u0438\u044f \u0438\u0437 \u0434\u0435\u0440\u0435\u0432\u0430<\/a>, <a href=\"https:\/\/arvori.md\/ru\/product-category\/produse-din-lemn\/platouri-din-lemn\/\" rel=\"tag\">\u0414\u0435\u0440\u0435\u0432\u044f\u043d\u043d\u044b\u0435 \u043f\u043e\u0434\u043d\u043e\u0441\u044b<\/a>\t\t<\/div>\n\t\t\t\t<div class=\"wd-product-sku\">\n\t\t\t<span class=\"wd-label\">\n\t\t\t\tSKU:\t\t\t<\/span>\n\t\t\t<span>\n\t\t\t\tC-050\t\t\t<\/span>\n\t\t<\/div>\n\t\t\t\t\n\t\n\t<span class=\"price\"><span class=\"woocommerce-Price-amount amount\"><bdi>210&nbsp;<span class=\"woocommerce-Price-currencySymbol\">MDL<\/span><\/bdi><\/span><\/span>\n\n\t<div class=\"wd-add-btn wd-add-btn-replace\">\n\t\t\n\t\t<a href=\"\/ru\/wp-json\/wp\/v2\/pages\/383?add-to-cart=516\" data-quantity=\"1\" class=\"button product_type_simple add_to_cart_button ajax_add_to_cart add-to-cart-loop\" data-product_id=\"516\" data-product_sku=\"C-050\" aria-label=\"\u0414\u043e\u0431\u0430\u0432\u0438\u0442\u044c \u0432 \u043a\u043e\u0440\u0437\u0438\u043d\u0443 \u201cPlatou din lemn \u201dP\u0103trat\u201d cu m\u00e2ner\u201d\" rel=\"nofollow\" data-success_message=\"\u00abPlatou din lemn \u201dP\u0103trat\u201d cu m\u00e2ner\u00bb \u0434\u043e\u0431\u0430\u0432\u043b\u0435\u043d \u0432 \u0432\u0430\u0448\u0443 \u043a\u043e\u0440\u0437\u0438\u043d\u0443\" role=\"button\" data-no-translation-aria-label=\"\" data-no-translation-data-success_message=\"\"><span data-no-translation=\"\" data-trp-gettext=\"\">\u0412 \u043a\u043e\u0440\u0437\u0438\u043d\u0443<\/span><\/a>\t<\/div>\n\n\t\n\t\n\t\t<\/div>\n<\/div>\n<div class=\"product-grid-item product wd-hover-standard  col-lg-3 col-md-3 col-6 type-product post-683 status-publish last instock product_cat-platouri-din-lemn product_cat-produse-din-lemn has-post-thumbnail shipping-taxable purchasable product-type-simple\" data-loop=\"11\" data-id=\"683\">\n\t\n\t\n<div class=\"product-wrapper\">\n\t<div class=\"product-element-top wd-quick-shop\">\n\t\t<a href=\"https:\/\/arvori.md\/ru\/product\/platou-din-lemn-dreptunghiular-cu-4-compartimente\/\" class=\"product-image-link\">\n\t\t\t<img loading=\"lazy\" decoding=\"async\" width=\"300\" height=\"190\" src=\"https:\/\/arvori.md\/wp-content\/uploads\/2024\/07\/Poza-principala-4-300x190.jpg\" class=\"attachment-woocommerce_thumbnail size-woocommerce_thumbnail\" alt=\"\" srcset=\"https:\/\/arvori.md\/wp-content\/uploads\/2024\/07\/Poza-principala-4-300x190.jpg 300w, https:\/\/arvori.md\/wp-content\/uploads\/2024\/07\/Poza-principala-4-1024x650.jpg 1024w, https:\/\/arvori.md\/wp-content\/uploads\/2024\/07\/Poza-principala-4-768x488.jpg 768w, https:\/\/arvori.md\/wp-content\/uploads\/2024\/07\/Poza-principala-4-1536x975.jpg 1536w, https:\/\/arvori.md\/wp-content\/uploads\/2024\/07\/Poza-principala-4-2048x1300.jpg 2048w, https:\/\/arvori.md\/wp-content\/uploads\/2024\/07\/Poza-principala-4-18x12.jpg 18w, https:\/\/arvori.md\/wp-content\/uploads\/2024\/07\/Poza-principala-4-600x381.jpg 600w, https:\/\/arvori.md\/wp-content\/uploads\/2024\/07\/Poza-principala-4-150x95.jpg 150w\" sizes=\"auto, (max-width: 300px) 100vw, 300px\" \/>\t\t<\/a>\n\n\t\t\t\t\t<div class=\"hover-img\">\n\t\t\t\t<a href=\"https:\/\/arvori.md\/ru\/product\/platou-din-lemn-dreptunghiular-cu-4-compartimente\/\">\n\t\t\t\t\t<img loading=\"lazy\" decoding=\"async\" width=\"300\" height=\"465\" src=\"https:\/\/arvori.md\/wp-content\/uploads\/2024\/07\/\u041a\u043e\u043f\u0438\u044f-ae716c7a-0f8d-4f1e-99be-bd7ec98ba96e-300x465.jpg\" class=\"attachment-woocommerce_thumbnail size-woocommerce_thumbnail\" alt=\"\" srcset=\"https:\/\/arvori.md\/wp-content\/uploads\/2024\/07\/\u041a\u043e\u043f\u0438\u044f-ae716c7a-0f8d-4f1e-99be-bd7ec98ba96e-300x465.jpg 300w, https:\/\/arvori.md\/wp-content\/uploads\/2024\/07\/\u041a\u043e\u043f\u0438\u044f-ae716c7a-0f8d-4f1e-99be-bd7ec98ba96e-194x300.jpg 194w, https:\/\/arvori.md\/wp-content\/uploads\/2024\/07\/\u041a\u043e\u043f\u0438\u044f-ae716c7a-0f8d-4f1e-99be-bd7ec98ba96e-661x1024.jpg 661w, https:\/\/arvori.md\/wp-content\/uploads\/2024\/07\/\u041a\u043e\u043f\u0438\u044f-ae716c7a-0f8d-4f1e-99be-bd7ec98ba96e-768x1190.jpg 768w, https:\/\/arvori.md\/wp-content\/uploads\/2024\/07\/\u041a\u043e\u043f\u0438\u044f-ae716c7a-0f8d-4f1e-99be-bd7ec98ba96e-991x1536.jpg 991w, https:\/\/arvori.md\/wp-content\/uploads\/2024\/07\/\u041a\u043e\u043f\u0438\u044f-ae716c7a-0f8d-4f1e-99be-bd7ec98ba96e-1322x2048.jpg 1322w, https:\/\/arvori.md\/wp-content\/uploads\/2024\/07\/\u041a\u043e\u043f\u0438\u044f-ae716c7a-0f8d-4f1e-99be-bd7ec98ba96e-8x12.jpg 8w, https:\/\/arvori.md\/wp-content\/uploads\/2024\/07\/\u041a\u043e\u043f\u0438\u044f-ae716c7a-0f8d-4f1e-99be-bd7ec98ba96e-600x930.jpg 600w, https:\/\/arvori.md\/wp-content\/uploads\/2024\/07\/\u041a\u043e\u043f\u0438\u044f-ae716c7a-0f8d-4f1e-99be-bd7ec98ba96e-150x232.jpg 150w, https:\/\/arvori.md\/wp-content\/uploads\/2024\/07\/\u041a\u043e\u043f\u0438\u044f-ae716c7a-0f8d-4f1e-99be-bd7ec98ba96e-scaled.jpg 1652w\" sizes=\"auto, (max-width: 300px) 100vw, 300px\" \/>\t\t\t\t<\/a>\n\t\t\t<\/div>\n\t\t\t\n\t\t<div class=\"wd-buttons wd-pos-r-t\">\n\t\t\t\t\t\t\t\t\t\t\t<div class=\"quick-view wd-action-btn wd-style-icon wd-quick-view-icon\">\n\t\t\t<a\n\t\t\t\thref=\"https:\/\/arvori.md\/ru\/product\/platou-din-lemn-dreptunghiular-cu-4-compartimente\/\"\n\t\t\t\tclass=\"open-quick-view quick-view-button\"\n\t\t\t\trel=\"nofollow\"\n\t\t\t\tdata-id=\"683\"\n\t\t\t\t>Quick view<\/a>\n\t\t<\/div>\n\t\t\t\t\t\t\t\t<div class=\"wd-wishlist-btn wd-action-btn wd-style-icon wd-wishlist-icon\">\n\t\t\t\t<a class=\"\" href=\"https:\/\/arvori.md\/ru\/product\/platou-din-lemn-dreptunghiular-cu-4-compartimente\/\" data-key=\"483d58f7e3\" data-product-id=\"683\" rel=\"nofollow\" data-added-text=\"Browse Wishlist\">\n\t\t\t\t\t<span>Add to wishlist<\/span>\n\t\t\t\t<\/a>\n\t\t\t<\/div>\n\t\t\t\t<\/div>\n\t<\/div>\n\n\t\n\t\n\t<h3 class=\"wd-entities-title\"><a href=\"https:\/\/arvori.md\/ru\/product\/platou-din-lemn-dreptunghiular-cu-4-compartimente\/\">Platou din lemn \u201dDreptunghi\u201d cu 4 compartimente<\/a><\/h3>\n\t\t\t<div class=\"wd-product-cats\">\n\t\t\t<a href=\"https:\/\/arvori.md\/ru\/product-category\/produse-din-lemn\/\" rel=\"tag\">\u0418\u0437\u0434\u0435\u043b\u0438\u044f \u0438\u0437 \u0434\u0435\u0440\u0435\u0432\u0430<\/a>, <a href=\"https:\/\/arvori.md\/ru\/product-category\/produse-din-lemn\/platouri-din-lemn\/\" rel=\"tag\">\u0414\u0435\u0440\u0435\u0432\u044f\u043d\u043d\u044b\u0435 \u043f\u043e\u0434\u043d\u043e\u0441\u044b<\/a>\t\t<\/div>\n\t\t\t\t<div class=\"wd-product-sku\">\n\t\t\t<span class=\"wd-label\">\n\t\t\t\tSKU:\t\t\t<\/span>\n\t\t\t<span>\n\t\t\t\tC-085\t\t\t<\/span>\n\t\t<\/div>\n\t\t\t\t\n\t\n\t<span class=\"price\"><span class=\"woocommerce-Price-amount amount\"><bdi>190&nbsp;<span class=\"woocommerce-Price-currencySymbol\">MDL<\/span><\/bdi><\/span><\/span>\n\n\t<div class=\"wd-add-btn wd-add-btn-replace\">\n\t\t\n\t\t<a href=\"\/ru\/wp-json\/wp\/v2\/pages\/383?add-to-cart=683\" data-quantity=\"1\" class=\"button product_type_simple add_to_cart_button ajax_add_to_cart add-to-cart-loop\" data-product_id=\"683\" data-product_sku=\"C-085\" aria-label=\"\u0414\u043e\u0431\u0430\u0432\u0438\u0442\u044c \u0432 \u043a\u043e\u0440\u0437\u0438\u043d\u0443 \u201cPlatou din lemn \u201dDreptunghi\u201d cu 4 compartimente\u201d\" rel=\"nofollow\" data-success_message=\"\u00abPlatou din lemn \u201dDreptunghi\u201d cu 4 compartimente\u00bb \u0434\u043e\u0431\u0430\u0432\u043b\u0435\u043d \u0432 \u0432\u0430\u0448\u0443 \u043a\u043e\u0440\u0437\u0438\u043d\u0443\" role=\"button\" data-no-translation-aria-label=\"\" data-no-translation-data-success_message=\"\"><span data-no-translation=\"\" data-trp-gettext=\"\">\u0412 \u043a\u043e\u0440\u0437\u0438\u043d\u0443<\/span><\/a>\t<\/div>\n\n\t\n\t\n\t\t<\/div>\n<\/div>\n<div class=\"product-grid-item product wd-hover-standard  col-lg-3 col-md-3 col-6 last  type-product post-73 status-publish first instock product_cat-platouri-din-lemn product_cat-produse-din-lemn has-post-thumbnail shipping-taxable purchasable product-type-simple\" data-loop=\"12\" data-id=\"73\">\n\t\n\t\n<div class=\"product-wrapper\">\n\t<div class=\"product-element-top wd-quick-shop\">\n\t\t<a href=\"https:\/\/arvori.md\/ru\/product\/platou-din-lemn-frunza-de-stejar\/\" class=\"product-image-link\">\n\t\t\t<img loading=\"lazy\" decoding=\"async\" width=\"300\" height=\"300\" src=\"https:\/\/arvori.md\/wp-content\/uploads\/2023\/12\/C-002-poza-principala-300x300.jpg\" class=\"attachment-woocommerce_thumbnail size-woocommerce_thumbnail\" alt=\"\" srcset=\"https:\/\/arvori.md\/wp-content\/uploads\/2023\/12\/C-002-poza-principala-300x300.jpg 300w, https:\/\/arvori.md\/wp-content\/uploads\/2023\/12\/C-002-poza-principala-150x150.jpg 150w, https:\/\/arvori.md\/wp-content\/uploads\/2023\/12\/C-002-poza-principala-600x600.jpg 600w, https:\/\/arvori.md\/wp-content\/uploads\/2023\/12\/C-002-poza-principala-1024x1024.jpg 1024w, https:\/\/arvori.md\/wp-content\/uploads\/2023\/12\/C-002-poza-principala-768x768.jpg 768w, https:\/\/arvori.md\/wp-content\/uploads\/2023\/12\/C-002-poza-principala.jpg 1500w\" sizes=\"auto, (max-width: 300px) 100vw, 300px\" \/>\t\t<\/a>\n\n\t\t\t\t\t<div class=\"hover-img\">\n\t\t\t\t<a href=\"https:\/\/arvori.md\/ru\/product\/platou-din-lemn-frunza-de-stejar\/\">\n\t\t\t\t\t<img loading=\"lazy\" decoding=\"async\" width=\"300\" height=\"300\" src=\"https:\/\/arvori.md\/wp-content\/uploads\/2023\/12\/C-002-300x300.jpg\" class=\"attachment-woocommerce_thumbnail size-woocommerce_thumbnail\" alt=\"\" srcset=\"https:\/\/arvori.md\/wp-content\/uploads\/2023\/12\/C-002-300x300.jpg 300w, https:\/\/arvori.md\/wp-content\/uploads\/2023\/12\/C-002-150x150.jpg 150w, https:\/\/arvori.md\/wp-content\/uploads\/2023\/12\/C-002-600x600.jpg 600w, https:\/\/arvori.md\/wp-content\/uploads\/2023\/12\/C-002-1024x1024.jpg 1024w, https:\/\/arvori.md\/wp-content\/uploads\/2023\/12\/C-002-768x768.jpg 768w, https:\/\/arvori.md\/wp-content\/uploads\/2023\/12\/C-002.jpg 1500w\" sizes=\"auto, (max-width: 300px) 100vw, 300px\" \/>\t\t\t\t<\/a>\n\t\t\t<\/div>\n\t\t\t\n\t\t<div class=\"wd-buttons wd-pos-r-t\">\n\t\t\t\t\t\t\t\t\t\t\t<div class=\"quick-view wd-action-btn wd-style-icon wd-quick-view-icon\">\n\t\t\t<a\n\t\t\t\thref=\"https:\/\/arvori.md\/ru\/product\/platou-din-lemn-frunza-de-stejar\/\"\n\t\t\t\tclass=\"open-quick-view quick-view-button\"\n\t\t\t\trel=\"nofollow\"\n\t\t\t\tdata-id=\"73\"\n\t\t\t\t>Quick view<\/a>\n\t\t<\/div>\n\t\t\t\t\t\t\t\t<div class=\"wd-wishlist-btn wd-action-btn wd-style-icon wd-wishlist-icon\">\n\t\t\t\t<a class=\"\" href=\"https:\/\/arvori.md\/ru\/product\/platou-din-lemn-frunza-de-stejar\/\" data-key=\"483d58f7e3\" data-product-id=\"73\" rel=\"nofollow\" data-added-text=\"Browse Wishlist\">\n\t\t\t\t\t<span>Add to wishlist<\/span>\n\t\t\t\t<\/a>\n\t\t\t<\/div>\n\t\t\t\t<\/div>\n\t<\/div>\n\n\t\n\t\n\t<h3 class=\"wd-entities-title\"><a href=\"https:\/\/arvori.md\/ru\/product\/platou-din-lemn-frunza-de-stejar\/\">\u0414\u0435\u0440\u0435\u0432\u044f\u043d\u043d\u044b\u0439 \u043f\u043e\u0434\u043d\u043e\u0441 \"\u0414\u0443\u0431\u043e\u0432\u044b\u0439 \u043b\u0438\u0441\u0442\"<\/a><\/h3>\n\t\t\t<div class=\"wd-product-cats\">\n\t\t\t<a href=\"https:\/\/arvori.md\/ru\/product-category\/produse-din-lemn\/\" rel=\"tag\">\u0418\u0437\u0434\u0435\u043b\u0438\u044f \u0438\u0437 \u0434\u0435\u0440\u0435\u0432\u0430<\/a>, <a href=\"https:\/\/arvori.md\/ru\/product-category\/produse-din-lemn\/platouri-din-lemn\/\" rel=\"tag\">\u0414\u0435\u0440\u0435\u0432\u044f\u043d\u043d\u044b\u0435 \u043f\u043e\u0434\u043d\u043e\u0441\u044b<\/a>\t\t<\/div>\n\t\t\t\t<div class=\"wd-product-sku\">\n\t\t\t<span class=\"wd-label\">\n\t\t\t\tSKU:\t\t\t<\/span>\n\t\t\t<span>\n\t\t\t\tC-002\t\t\t<\/span>\n\t\t<\/div>\n\t\t\t\t\n\t\n\t<span class=\"price\"><span class=\"woocommerce-Price-amount amount\"><bdi>360&nbsp;<span class=\"woocommerce-Price-currencySymbol\">MDL<\/span><\/bdi><\/span><\/span>\n\n\t<div class=\"wd-add-btn wd-add-btn-replace\">\n\t\t\n\t\t<a href=\"\/ru\/wp-json\/wp\/v2\/pages\/383?add-to-cart=73\" data-quantity=\"1\" class=\"button product_type_simple add_to_cart_button ajax_add_to_cart add-to-cart-loop\" data-product_id=\"73\" data-product_sku=\"C-002\" aria-label=\"\u0414\u043e\u0431\u0430\u0432\u0438\u0442\u044c \u0432 \u043a\u043e\u0440\u0437\u0438\u043d\u0443 \u201cPlatou din lemn \u201dFrunz\u0103 de stejar\u201d\u201d\" rel=\"nofollow\" data-success_message=\"\u00abPlatou din lemn \u201dFrunz\u0103 de stejar\u201d\u00bb \u0434\u043e\u0431\u0430\u0432\u043b\u0435\u043d \u0432 \u0432\u0430\u0448\u0443 \u043a\u043e\u0440\u0437\u0438\u043d\u0443\" role=\"button\" data-no-translation-aria-label=\"\" data-no-translation-data-success_message=\"\"><span data-no-translation=\"\" data-trp-gettext=\"\">\u0412 \u043a\u043e\u0440\u0437\u0438\u043d\u0443<\/span><\/a>\t<\/div>\n\n\t\n\t\n\t\t<\/div>\n<\/div>\n\t\t\t<\/div>\n\t\t\t<\/div><\/div><\/div><\/div><\/div><div class=\"vc_row wpb_row vc_row-fluid\"><div class=\"wpb_column vc_column_container vc_col-sm-12 vc_hidden-lg vc_hidden-md vc_hidden-sm vc_hidden-xs wd-rs-65c638faca3e3\"><div class=\"vc_column-inner\"><div class=\"wpb_wrapper\">\n\t\t<div id=\"wd-65c4a1bac63c3\" class=\"title-wrapper wd-wpb set-mb-s reset-last-child  wd-rs-65c4a1bac63c3 wd-title-color-default wd-title-style-bordered text-left  wd-underline-colored\">\n\t\t\t\n\t\t\t<div class=\"liner-continer\">\n\t\t\t\t<h4 class=\"woodmart-title-container title  wd-font-weight- wd-fontsize-m\" >Pasul 4 - Plaseaz\u0103 comanda<\/h4>\n\t\t\t\t\t\t\t<\/div>\n\t\t\t\n\t\t\t\n\t\t\t\n\t\t<\/div>\n\t\t\n\t\t<\/div><\/div><\/div><\/div><div class=\"vc_row wpb_row vc_row-fluid\"><div class=\"wpb_column vc_column_container vc_col-sm-12\"><div class=\"vc_column-inner\"><div class=\"wpb_wrapper\">\n\t\t<div id=\"wd-65c63942d9706\" class=\"title-wrapper wd-wpb set-mb-s reset-last-child  wd-rs-65c63942d9706 wd-title-color-primary wd-title-style-simple text-center  wd-underline-colored\">\n\t\t\t\n\t\t\t<div class=\"liner-continer\">\n\t\t\t\t<h4 class=\"woodmart-title-container title  wd-font-weight- wd-fontsize-l\" >Rubrica este \u00een elaborare.<\/h4>\n\t\t\t\t\t\t\t<\/div>\n\t\t\t\n\t\t\t\n\t\t\t\n\t\t<\/div>\n\t\t\n\t\t<\/div><\/div><\/div><\/div>\n<\/div>","protected":false},"excerpt":{"rendered":"Platourile noastre sunt fabricate din lemn tare de frasin, fiind tratate \u00een exclusivitate cu ulei mineral alimentar (f\u0103r\u0103 finisaj chimic),","protected":false},"author":1,"featured_media":0,"parent":0,"menu_order":0,"comment_status":"closed","ping_status":"closed","template":"","meta":{"footnotes":""},"class_list":["post-383","page","type-page","status-publish","hentry"],"_links":{"self":[{"href":"https:\/\/arvori.md\/ru\/wp-json\/wp\/v2\/pages\/383","targetHints":{"allow":["GET"]}}],"collection":[{"href":"https:\/\/arvori.md\/ru\/wp-json\/wp\/v2\/pages"}],"about":[{"href":"https:\/\/arvori.md\/ru\/wp-json\/wp\/v2\/types\/page"}],"author":[{"embeddable":true,"href":"https:\/\/arvori.md\/ru\/wp-json\/wp\/v2\/users\/1"}],"replies":[{"embeddable":true,"href":"https:\/\/arvori.md\/ru\/wp-json\/wp\/v2\/comments?post=383"}],"version-history":[{"count":8,"href":"https:\/\/arvori.md\/ru\/wp-json\/wp\/v2\/pages\/383\/revisions"}],"predecessor-version":[{"id":396,"href":"https:\/\/arvori.md\/ru\/wp-json\/wp\/v2\/pages\/383\/revisions\/396"}],"wp:attachment":[{"href":"https:\/\/arvori.md\/ru\/wp-json\/wp\/v2\/media?parent=383"}],"curies":[{"name":"wp","href":"https:\/\/api.w.org\/{rel}","templated":true}]}}